{"id":3207,"date":"2018-11-14T08:44:38","date_gmt":"2018-11-14T08:44:38","guid":{"rendered":"https:\/\/demo.gloriathemes.com\/eventchamp\/demo\/?page_id=28"},"modified":"2018-11-14T08:44:38","modified_gmt":"2018-11-14T08:44:38","slug":"listing-v1","status":"publish","type":"page","link":"https:\/\/events.spain.info\/en\/listing-v1\/","title":{"rendered":"Home &#8211; Listing v1"},"content":{"rendered":"<div data-vc-full-width=\"true\" data-vc-full-width-init=\"false\" data-vc-stretch-content=\"true\" class=\"vc_row wpb_row vc_row-fluid gt-background-position-initial gt-background-attachment-initial gt-overflow-hidden gt-text-default vc_row-no-padding vc_row-o-full-height vc_row-o-columns-middle vc_row-o-equal-height vc_row-o-content-middle vc_row-flex\"><div class=\"wpb_column vc_column_container vc_col-sm-12\"><div class=\"vc_column-inner\"><div class=\"wpb_wrapper\"><div class=\"gt-map gt-events-map\"><div id=\"event_map\" class=\"gt-map-inner\" style=\"height:100vh\"><\/div><ul data-zoom=\"5\" data-lat=\"46.8077152\" data-lng=\"7.1032556\" data-type=\"false\" data-scale=\"false\" data-zoom-control=\"true\" data-map-style=\"2\" data-street=\"true\" data-icon=\"https:\/\/events.spain.info\/wp-content\/themes\/eventchamp\/include\/assets\/img\/map-marker.png\" data-fullscreen=\"false\" data-first-info=\"false\" data-close-icon=\"https:\/\/events.spain.info\/wp-content\/themes\/eventchamp\/include\/assets\/img\/map-close.svg\" data-cluster-icon=\"https:\/\/events.spain.info\/wp-content\/themes\/eventchamp\/include\/assets\/img\/map-cluster\/m\"><li data-lat=\"\" data-lng=\"\" data-icon=\"https:\/\/events.spain.info\/wp-content\/themes\/eventchamp\/include\/assets\/img\/map-marker.png\"><div class=\"gt-map-popup-wrapper\"><div class=\"gt-map-popup\" style=\"background-image:url(https:\/\/events.spain.info\/wp-content\/uploads\/2026\/02\/2026-Presentaciones-mercado-Turquia_1920x1168-350x350.jpg);\"><a href=\"https:\/\/events.spain.info\/en\/event\/presentaciones-de-mercado-paises-del-golfo-persico-3\/\"><\/a><div class=\"gt-inner\"><ul class=\"gt-top-links\"><li class=\"gt-status\"><div class=\"gt-event-status\">Expired<\/div><\/li><\/ul><div class=\"gt-title\">Presentaciones de mercado: Turqu\u00eda<\/div><ul class=\"gt-bottom-links\"><li class=\"gt-category\"><svg xmlns=\"http:\/\/www.w3.org\/2000\/svg\" viewBox=\"0 0 24 24\" fill=\"none\" stroke=\"currentColor\" stroke-width=\"2\" stroke-linecap=\"round\" stroke-linejoin=\"round\"><path d=\"M22 19a2 2 0 0 1-2 2H4a2 2 0 0 1-2-2V5a2 2 0 0 1 2-2h5l2 3h9a2 2 0 0 1 2 2z\"><\/path><\/svg><ul><li class=\"gt-category-231\"><a href=\"https:\/\/events.spain.info\/en\/eventcat\/presentaciones\/?post_type=event\">Presentaciones<\/a><\/li><\/ul><\/li><li class=\"gt-location\"><svg xmlns=\"http:\/\/www.w3.org\/2000\/svg\" viewBox=\"0 0 24 24\" fill=\"none\" stroke=\"currentColor\" stroke-width=\"2\" stroke-linecap=\"round\" stroke-linejoin=\"round\"><path d=\"M21 10c0 7-9 13-9 13s-9-6-9-13a9 9 0 0 1 18 0z\"><\/path><circle cx=\"12\" cy=\"10\" r=\"3\"><\/circle><\/svg><ul><li class=\"gt-category-224\"><a href=\"https:\/\/events.spain.info\/en\/location\/evento-virtual\/?post_type=event\">Evento virtual<\/a><\/li><\/ul><\/li><li class=\"gt-date\"><svg xmlns=\"http:\/\/www.w3.org\/2000\/svg\" viewBox=\"0 0 24 24\" fill=\"none\" stroke=\"currentColor\" stroke-width=\"2\" stroke-linecap=\"round\" stroke-linejoin=\"round\"><rect x=\"3\" y=\"4\" width=\"18\" height=\"18\" rx=\"2\" ry=\"2\"><\/rect><line x1=\"16\" y1=\"2\" x2=\"16\" y2=\"6\"><\/line><line x1=\"8\" y1=\"2\" x2=\"8\" y2=\"6\"><\/line><line x1=\"3\" y1=\"10\" x2=\"21\" y2=\"10\"><\/line><\/svg><span>March 9th 2026<\/span><\/li><\/ul><\/div><\/div><\/div><\/li><li data-lat=\"\" data-lng=\"\" data-icon=\"https:\/\/events.spain.info\/wp-content\/themes\/eventchamp\/include\/assets\/img\/map-marker.png\"><div class=\"gt-map-popup-wrapper\"><div class=\"gt-map-popup\" style=\"background-image:url(https:\/\/events.spain.info\/wp-content\/uploads\/2026\/02\/2026-Presentaciones-mercado-Golfo-Persico_1920x1168-350x350.jpg);\"><a href=\"https:\/\/events.spain.info\/en\/event\/presentaciones-de-mercado-paises-del-golfo-persico-2\/\"><\/a><div class=\"gt-inner\"><ul class=\"gt-top-links\"><li class=\"gt-status\"><div class=\"gt-event-status\">Expired<\/div><\/li><\/ul><div class=\"gt-title\">Presentaciones de mercado: Pa\u00edses del Golfo P\u00e9rsico<\/div><ul class=\"gt-bottom-links\"><li class=\"gt-category\"><svg xmlns=\"http:\/\/www.w3.org\/2000\/svg\" viewBox=\"0 0 24 24\" fill=\"none\" stroke=\"currentColor\" stroke-width=\"2\" stroke-linecap=\"round\" stroke-linejoin=\"round\"><path d=\"M22 19a2 2 0 0 1-2 2H4a2 2 0 0 1-2-2V5a2 2 0 0 1 2-2h5l2 3h9a2 2 0 0 1 2 2z\"><\/path><\/svg><ul><li class=\"gt-category-231\"><a href=\"https:\/\/events.spain.info\/en\/eventcat\/presentaciones\/?post_type=event\">Presentaciones<\/a><\/li><\/ul><\/li><li class=\"gt-location\"><svg xmlns=\"http:\/\/www.w3.org\/2000\/svg\" viewBox=\"0 0 24 24\" fill=\"none\" stroke=\"currentColor\" stroke-width=\"2\" stroke-linecap=\"round\" stroke-linejoin=\"round\"><path d=\"M21 10c0 7-9 13-9 13s-9-6-9-13a9 9 0 0 1 18 0z\"><\/path><circle cx=\"12\" cy=\"10\" r=\"3\"><\/circle><\/svg><ul><li class=\"gt-category-224\"><a href=\"https:\/\/events.spain.info\/en\/location\/evento-virtual\/?post_type=event\">Evento virtual<\/a><\/li><\/ul><\/li><li class=\"gt-date\"><svg xmlns=\"http:\/\/www.w3.org\/2000\/svg\" viewBox=\"0 0 24 24\" fill=\"none\" stroke=\"currentColor\" stroke-width=\"2\" stroke-linecap=\"round\" stroke-linejoin=\"round\"><rect x=\"3\" y=\"4\" width=\"18\" height=\"18\" rx=\"2\" ry=\"2\"><\/rect><line x1=\"16\" y1=\"2\" x2=\"16\" y2=\"6\"><\/line><line x1=\"8\" y1=\"2\" x2=\"8\" y2=\"6\"><\/line><line x1=\"3\" y1=\"10\" x2=\"21\" y2=\"10\"><\/line><\/svg><span>April 22nd 2026<\/span><\/li><\/ul><\/div><\/div><\/div><\/li><li data-lat=\"\" data-lng=\"\" data-icon=\"https:\/\/events.spain.info\/wp-content\/themes\/eventchamp\/include\/assets\/img\/map-marker.png\"><div class=\"gt-map-popup-wrapper\"><div class=\"gt-map-popup\" style=\"background-image:url(https:\/\/events.spain.info\/wp-content\/uploads\/2026\/02\/2026-Presentaciones-mercado-Irlanda_1920x1168-1-350x350.jpg);\"><a href=\"https:\/\/events.spain.info\/en\/event\/presentaciones-de-mercado-irlanda\/\"><\/a><div class=\"gt-inner\"><ul class=\"gt-top-links\"><li class=\"gt-status\"><div class=\"gt-event-status\">Expired<\/div><\/li><\/ul><div class=\"gt-title\">Presentaciones de mercado: Irlanda<\/div><ul class=\"gt-bottom-links\"><li class=\"gt-category\"><svg xmlns=\"http:\/\/www.w3.org\/2000\/svg\" viewBox=\"0 0 24 24\" fill=\"none\" stroke=\"currentColor\" stroke-width=\"2\" stroke-linecap=\"round\" stroke-linejoin=\"round\"><path d=\"M22 19a2 2 0 0 1-2 2H4a2 2 0 0 1-2-2V5a2 2 0 0 1 2-2h5l2 3h9a2 2 0 0 1 2 2z\"><\/path><\/svg><ul><li class=\"gt-category-231\"><a href=\"https:\/\/events.spain.info\/en\/eventcat\/presentaciones\/?post_type=event\">Presentaciones<\/a><\/li><\/ul><\/li><li class=\"gt-location\"><svg xmlns=\"http:\/\/www.w3.org\/2000\/svg\" viewBox=\"0 0 24 24\" fill=\"none\" stroke=\"currentColor\" stroke-width=\"2\" stroke-linecap=\"round\" stroke-linejoin=\"round\"><path d=\"M21 10c0 7-9 13-9 13s-9-6-9-13a9 9 0 0 1 18 0z\"><\/path><circle cx=\"12\" cy=\"10\" r=\"3\"><\/circle><\/svg><ul><li class=\"gt-category-224\"><a href=\"https:\/\/events.spain.info\/en\/location\/evento-virtual\/?post_type=event\">Evento virtual<\/a><\/li><\/ul><\/li><li class=\"gt-date\"><svg xmlns=\"http:\/\/www.w3.org\/2000\/svg\" viewBox=\"0 0 24 24\" fill=\"none\" stroke=\"currentColor\" stroke-width=\"2\" stroke-linecap=\"round\" stroke-linejoin=\"round\"><rect x=\"3\" y=\"4\" width=\"18\" height=\"18\" rx=\"2\" ry=\"2\"><\/rect><line x1=\"16\" y1=\"2\" x2=\"16\" y2=\"6\"><\/line><line x1=\"8\" y1=\"2\" x2=\"8\" y2=\"6\"><\/line><line x1=\"3\" y1=\"10\" x2=\"21\" y2=\"10\"><\/line><\/svg><span>April 15th 2026<\/span><\/li><\/ul><\/div><\/div><\/div><\/li><li data-lat=\"\" data-lng=\"\" data-icon=\"https:\/\/events.spain.info\/wp-content\/themes\/eventchamp\/include\/assets\/img\/map-marker.png\"><div class=\"gt-map-popup-wrapper\"><div class=\"gt-map-popup\" style=\"background-image:url(https:\/\/events.spain.info\/wp-content\/uploads\/2026\/02\/2026-Presentaciones-mercado-Italia_1920x1168-350x350.jpg);\"><a href=\"https:\/\/events.spain.info\/en\/event\/presentaciones-de-mercado-italia-3\/\"><\/a><div class=\"gt-inner\"><ul class=\"gt-top-links\"><li class=\"gt-status\"><div class=\"gt-event-status\">Expired<\/div><\/li><\/ul><div class=\"gt-title\">Presentaciones de mercado: Italia<\/div><ul class=\"gt-bottom-links\"><li class=\"gt-category\"><svg xmlns=\"http:\/\/www.w3.org\/2000\/svg\" viewBox=\"0 0 24 24\" fill=\"none\" stroke=\"currentColor\" stroke-width=\"2\" stroke-linecap=\"round\" stroke-linejoin=\"round\"><path d=\"M22 19a2 2 0 0 1-2 2H4a2 2 0 0 1-2-2V5a2 2 0 0 1 2-2h5l2 3h9a2 2 0 0 1 2 2z\"><\/path><\/svg><ul><li class=\"gt-category-231\"><a href=\"https:\/\/events.spain.info\/en\/eventcat\/presentaciones\/?post_type=event\">Presentaciones<\/a><\/li><\/ul><\/li><li class=\"gt-location\"><svg xmlns=\"http:\/\/www.w3.org\/2000\/svg\" viewBox=\"0 0 24 24\" fill=\"none\" stroke=\"currentColor\" stroke-width=\"2\" stroke-linecap=\"round\" stroke-linejoin=\"round\"><path d=\"M21 10c0 7-9 13-9 13s-9-6-9-13a9 9 0 0 1 18 0z\"><\/path><circle cx=\"12\" cy=\"10\" r=\"3\"><\/circle><\/svg><ul><li class=\"gt-category-224\"><a href=\"https:\/\/events.spain.info\/en\/location\/evento-virtual\/?post_type=event\">Evento virtual<\/a><\/li><\/ul><\/li><li class=\"gt-date\"><svg xmlns=\"http:\/\/www.w3.org\/2000\/svg\" viewBox=\"0 0 24 24\" fill=\"none\" stroke=\"currentColor\" stroke-width=\"2\" stroke-linecap=\"round\" stroke-linejoin=\"round\"><rect x=\"3\" y=\"4\" width=\"18\" height=\"18\" rx=\"2\" ry=\"2\"><\/rect><line x1=\"16\" y1=\"2\" x2=\"16\" y2=\"6\"><\/line><line x1=\"8\" y1=\"2\" x2=\"8\" y2=\"6\"><\/line><line x1=\"3\" y1=\"10\" x2=\"21\" y2=\"10\"><\/line><\/svg><span>April 8th 2026<\/span><\/li><\/ul><\/div><\/div><\/div><\/li><li data-lat=\"40.467896\" data-lng=\"-3.617333\" data-icon=\"https:\/\/events.spain.info\/wp-content\/themes\/eventchamp\/include\/assets\/img\/map-marker.png\"><div class=\"gt-map-popup-wrapper\"><div class=\"gt-map-popup\" style=\"background-image:url(https:\/\/events.spain.info\/wp-content\/uploads\/2026\/01\/fitur26-350x350.jpg);\"><a href=\"https:\/\/events.spain.info\/en\/event\/reuniones-con-las-consejerias-de-turismo-en-el-exterior-en-fitur-2026\/\"><\/a><div class=\"gt-inner\"><ul class=\"gt-top-links\"><li class=\"gt-status\"><div class=\"gt-event-status\">Expired<\/div><\/li><\/ul><div class=\"gt-title\">Reuniones con las Consejer\u00edas de Turismo en el Exterior en FITUR 2026<\/div><ul class=\"gt-bottom-links\"><li class=\"gt-category\"><svg xmlns=\"http:\/\/www.w3.org\/2000\/svg\" viewBox=\"0 0 24 24\" fill=\"none\" stroke=\"currentColor\" stroke-width=\"2\" stroke-linecap=\"round\" stroke-linejoin=\"round\"><path d=\"M22 19a2 2 0 0 1-2 2H4a2 2 0 0 1-2-2V5a2 2 0 0 1 2-2h5l2 3h9a2 2 0 0 1 2 2z\"><\/path><\/svg><ul><li class=\"gt-category-234\"><a href=\"https:\/\/events.spain.info\/en\/eventcat\/workshops-reuniones-b2b\/?post_type=event\">Workshops\/Reuniones B2B<\/a><\/li><\/ul><\/li><li class=\"gt-location\"><svg xmlns=\"http:\/\/www.w3.org\/2000\/svg\" viewBox=\"0 0 24 24\" fill=\"none\" stroke=\"currentColor\" stroke-width=\"2\" stroke-linecap=\"round\" stroke-linejoin=\"round\"><path d=\"M21 10c0 7-9 13-9 13s-9-6-9-13a9 9 0 0 1 18 0z\"><\/path><circle cx=\"12\" cy=\"10\" r=\"3\"><\/circle><\/svg><ul><li class=\"gt-category-137\"><a href=\"https:\/\/events.spain.info\/en\/location\/madrid\/?post_type=event\">Madrid<\/a><\/li><li class=\"gt-category-283\"><a href=\"https:\/\/events.spain.info\/en\/location\/recinto-ferial-ifema-madrid-sala-retiro-en-la-entreplanta-de-los-pabellones-8-y-10\/?post_type=event\">RECINTO FERIAL IFEMA MADRID. Sala Retiro: en la entreplanta de los pabellones 8 y 10<\/a><\/li><\/ul><\/li><li class=\"gt-date\"><svg xmlns=\"http:\/\/www.w3.org\/2000\/svg\" viewBox=\"0 0 24 24\" fill=\"none\" stroke=\"currentColor\" stroke-width=\"2\" stroke-linecap=\"round\" stroke-linejoin=\"round\"><rect x=\"3\" y=\"4\" width=\"18\" height=\"18\" rx=\"2\" ry=\"2\"><\/rect><line x1=\"16\" y1=\"2\" x2=\"16\" y2=\"6\"><\/line><line x1=\"8\" y1=\"2\" x2=\"8\" y2=\"6\"><\/line><line x1=\"3\" y1=\"10\" x2=\"21\" y2=\"10\"><\/line><\/svg><span>January 21st 2026<\/span><\/li><\/ul><\/div><\/div><\/div><\/li><li data-lat=\"\" data-lng=\"\" data-icon=\"https:\/\/events.spain.info\/wp-content\/themes\/eventchamp\/include\/assets\/img\/map-marker.png\"><div class=\"gt-map-popup-wrapper\"><div class=\"gt-map-popup\" style=\"background-image:url(https:\/\/events.spain.info\/wp-content\/uploads\/2026\/01\/Presentaciones-mercado-Australia-y-NZ_1920x1168-350x350.jpg);\"><a href=\"https:\/\/events.spain.info\/en\/event\/presentaciones-de-mercado-australia-y-nueva-zelanda-2\/\"><\/a><div class=\"gt-inner\"><ul class=\"gt-top-links\"><li class=\"gt-status\"><div class=\"gt-event-status\">Expired<\/div><\/li><\/ul><div class=\"gt-title\">Presentaciones de mercado: Australia y Nueva Zelanda<\/div><ul class=\"gt-bottom-links\"><li class=\"gt-category\"><svg xmlns=\"http:\/\/www.w3.org\/2000\/svg\" viewBox=\"0 0 24 24\" fill=\"none\" stroke=\"currentColor\" stroke-width=\"2\" stroke-linecap=\"round\" stroke-linejoin=\"round\"><path d=\"M22 19a2 2 0 0 1-2 2H4a2 2 0 0 1-2-2V5a2 2 0 0 1 2-2h5l2 3h9a2 2 0 0 1 2 2z\"><\/path><\/svg><ul><li class=\"gt-category-231\"><a href=\"https:\/\/events.spain.info\/en\/eventcat\/presentaciones\/?post_type=event\">Presentaciones<\/a><\/li><\/ul><\/li><li class=\"gt-location\"><svg xmlns=\"http:\/\/www.w3.org\/2000\/svg\" viewBox=\"0 0 24 24\" fill=\"none\" stroke=\"currentColor\" stroke-width=\"2\" stroke-linecap=\"round\" stroke-linejoin=\"round\"><path d=\"M21 10c0 7-9 13-9 13s-9-6-9-13a9 9 0 0 1 18 0z\"><\/path><circle cx=\"12\" cy=\"10\" r=\"3\"><\/circle><\/svg><ul><li class=\"gt-category-224\"><a href=\"https:\/\/events.spain.info\/en\/location\/evento-virtual\/?post_type=event\">Evento virtual<\/a><\/li><\/ul><\/li><li class=\"gt-date\"><svg xmlns=\"http:\/\/www.w3.org\/2000\/svg\" viewBox=\"0 0 24 24\" fill=\"none\" stroke=\"currentColor\" stroke-width=\"2\" stroke-linecap=\"round\" stroke-linejoin=\"round\"><rect x=\"3\" y=\"4\" width=\"18\" height=\"18\" rx=\"2\" ry=\"2\"><\/rect><line x1=\"16\" y1=\"2\" x2=\"16\" y2=\"6\"><\/line><line x1=\"8\" y1=\"2\" x2=\"8\" y2=\"6\"><\/line><line x1=\"3\" y1=\"10\" x2=\"21\" y2=\"10\"><\/line><\/svg><span>March 4th 2026<\/span><\/li><\/ul><\/div><\/div><\/div><\/li><li data-lat=\"\" data-lng=\"\" data-icon=\"https:\/\/events.spain.info\/wp-content\/themes\/eventchamp\/include\/assets\/img\/map-marker.png\"><div class=\"gt-map-popup-wrapper\"><div class=\"gt-map-popup\" style=\"background-image:url(https:\/\/events.spain.info\/wp-content\/uploads\/2026\/01\/Presentaciones-mercado-Marruecos_1920x1168-350x350.jpg);\"><a href=\"https:\/\/events.spain.info\/en\/event\/presentaciones-de-mercado-marruecos\/\"><\/a><div class=\"gt-inner\"><ul class=\"gt-top-links\"><li class=\"gt-status\"><div class=\"gt-event-status\">Upcoming<\/div><\/li><\/ul><div class=\"gt-title\">Presentaciones de mercado: Marruecos<\/div><ul class=\"gt-bottom-links\"><li class=\"gt-category\"><svg xmlns=\"http:\/\/www.w3.org\/2000\/svg\" viewBox=\"0 0 24 24\" fill=\"none\" stroke=\"currentColor\" stroke-width=\"2\" stroke-linecap=\"round\" stroke-linejoin=\"round\"><path d=\"M22 19a2 2 0 0 1-2 2H4a2 2 0 0 1-2-2V5a2 2 0 0 1 2-2h5l2 3h9a2 2 0 0 1 2 2z\"><\/path><\/svg><ul><li class=\"gt-category-231\"><a href=\"https:\/\/events.spain.info\/en\/eventcat\/presentaciones\/?post_type=event\">Presentaciones<\/a><\/li><\/ul><\/li><li class=\"gt-location\"><svg xmlns=\"http:\/\/www.w3.org\/2000\/svg\" viewBox=\"0 0 24 24\" fill=\"none\" stroke=\"currentColor\" stroke-width=\"2\" stroke-linecap=\"round\" stroke-linejoin=\"round\"><path d=\"M21 10c0 7-9 13-9 13s-9-6-9-13a9 9 0 0 1 18 0z\"><\/path><circle cx=\"12\" cy=\"10\" r=\"3\"><\/circle><\/svg><ul><li class=\"gt-category-224\"><a href=\"https:\/\/events.spain.info\/en\/location\/evento-virtual\/?post_type=event\">Evento virtual<\/a><\/li><\/ul><\/li><li class=\"gt-date\"><svg xmlns=\"http:\/\/www.w3.org\/2000\/svg\" viewBox=\"0 0 24 24\" fill=\"none\" stroke=\"currentColor\" stroke-width=\"2\" stroke-linecap=\"round\" stroke-linejoin=\"round\"><rect x=\"3\" y=\"4\" width=\"18\" height=\"18\" rx=\"2\" ry=\"2\"><\/rect><line x1=\"16\" y1=\"2\" x2=\"16\" y2=\"6\"><\/line><line x1=\"8\" y1=\"2\" x2=\"8\" y2=\"6\"><\/line><line x1=\"3\" y1=\"10\" x2=\"21\" y2=\"10\"><\/line><\/svg><span>May 6th 2026<\/span><\/li><\/ul><\/div><\/div><\/div><\/li><li data-lat=\"\" data-lng=\"\" data-icon=\"https:\/\/events.spain.info\/wp-content\/themes\/eventchamp\/include\/assets\/img\/map-marker.png\"><div class=\"gt-map-popup-wrapper\"><div class=\"gt-map-popup\" style=\"background-image:url(https:\/\/events.spain.info\/wp-content\/uploads\/2026\/01\/Presentaciones-mercado-Alemania_1920x1168-350x350.jpg);\"><a href=\"https:\/\/events.spain.info\/en\/event\/presentaciones-de-mercado-alemania-2\/\"><\/a><div class=\"gt-inner\"><ul class=\"gt-top-links\"><li class=\"gt-status\"><div class=\"gt-event-status\">Expired<\/div><\/li><\/ul><div class=\"gt-title\">Presentaciones de mercado: Alemania<\/div><ul class=\"gt-bottom-links\"><li class=\"gt-category\"><svg xmlns=\"http:\/\/www.w3.org\/2000\/svg\" viewBox=\"0 0 24 24\" fill=\"none\" stroke=\"currentColor\" stroke-width=\"2\" stroke-linecap=\"round\" stroke-linejoin=\"round\"><path d=\"M22 19a2 2 0 0 1-2 2H4a2 2 0 0 1-2-2V5a2 2 0 0 1 2-2h5l2 3h9a2 2 0 0 1 2 2z\"><\/path><\/svg><ul><li class=\"gt-category-231\"><a href=\"https:\/\/events.spain.info\/en\/eventcat\/presentaciones\/?post_type=event\">Presentaciones<\/a><\/li><\/ul><\/li><li class=\"gt-location\"><svg xmlns=\"http:\/\/www.w3.org\/2000\/svg\" viewBox=\"0 0 24 24\" fill=\"none\" stroke=\"currentColor\" stroke-width=\"2\" stroke-linecap=\"round\" stroke-linejoin=\"round\"><path d=\"M21 10c0 7-9 13-9 13s-9-6-9-13a9 9 0 0 1 18 0z\"><\/path><circle cx=\"12\" cy=\"10\" r=\"3\"><\/circle><\/svg><ul><li class=\"gt-category-224\"><a href=\"https:\/\/events.spain.info\/en\/location\/evento-virtual\/?post_type=event\">Evento virtual<\/a><\/li><\/ul><\/li><li class=\"gt-date\"><svg xmlns=\"http:\/\/www.w3.org\/2000\/svg\" viewBox=\"0 0 24 24\" fill=\"none\" stroke=\"currentColor\" stroke-width=\"2\" stroke-linecap=\"round\" stroke-linejoin=\"round\"><rect x=\"3\" y=\"4\" width=\"18\" height=\"18\" rx=\"2\" ry=\"2\"><\/rect><line x1=\"16\" y1=\"2\" x2=\"16\" y2=\"6\"><\/line><line x1=\"8\" y1=\"2\" x2=\"8\" y2=\"6\"><\/line><line x1=\"3\" y1=\"10\" x2=\"21\" y2=\"10\"><\/line><\/svg><span>February 11th 2026<\/span><\/li><\/ul><\/div><\/div><\/div><\/li><li data-lat=\"\" data-lng=\"\" data-icon=\"https:\/\/events.spain.info\/wp-content\/themes\/eventchamp\/include\/assets\/img\/map-marker.png\"><div class=\"gt-map-popup-wrapper\"><div class=\"gt-map-popup\" style=\"background-image:url(https:\/\/events.spain.info\/wp-content\/uploads\/2025\/12\/1920-x1168-px-40-Aniversario-350x350.jpg);\"><a href=\"https:\/\/events.spain.info\/en\/event\/turespana-1985-2025-40-anos-de-estadisticas-de-turismo-en-espana\/\"><\/a><div class=\"gt-inner\"><ul class=\"gt-top-links\"><li class=\"gt-status\"><div class=\"gt-event-status\">Expired<\/div><\/li><\/ul><div class=\"gt-title\">Turespa\u00f1a 1985-2025: 40 a\u00f1os de estad\u00edsticas de turismo en Espa\u00f1a<\/div><ul class=\"gt-bottom-links\"><li class=\"gt-category\"><svg xmlns=\"http:\/\/www.w3.org\/2000\/svg\" viewBox=\"0 0 24 24\" fill=\"none\" stroke=\"currentColor\" stroke-width=\"2\" stroke-linecap=\"round\" stroke-linejoin=\"round\"><path d=\"M22 19a2 2 0 0 1-2 2H4a2 2 0 0 1-2-2V5a2 2 0 0 1 2-2h5l2 3h9a2 2 0 0 1 2 2z\"><\/path><\/svg><ul><li class=\"gt-category-232\"><a href=\"https:\/\/events.spain.info\/en\/eventcat\/seminarios\/?post_type=event\">Seminarios<\/a><\/li><\/ul><\/li><li class=\"gt-location\"><svg xmlns=\"http:\/\/www.w3.org\/2000\/svg\" viewBox=\"0 0 24 24\" fill=\"none\" stroke=\"currentColor\" stroke-width=\"2\" stroke-linecap=\"round\" stroke-linejoin=\"round\"><path d=\"M21 10c0 7-9 13-9 13s-9-6-9-13a9 9 0 0 1 18 0z\"><\/path><circle cx=\"12\" cy=\"10\" r=\"3\"><\/circle><\/svg><ul><li class=\"gt-category-224\"><a href=\"https:\/\/events.spain.info\/en\/location\/evento-virtual\/?post_type=event\">Evento virtual<\/a><\/li><\/ul><\/li><li class=\"gt-date\"><svg xmlns=\"http:\/\/www.w3.org\/2000\/svg\" viewBox=\"0 0 24 24\" fill=\"none\" stroke=\"currentColor\" stroke-width=\"2\" stroke-linecap=\"round\" stroke-linejoin=\"round\"><rect x=\"3\" y=\"4\" width=\"18\" height=\"18\" rx=\"2\" ry=\"2\"><\/rect><line x1=\"16\" y1=\"2\" x2=\"16\" y2=\"6\"><\/line><line x1=\"8\" y1=\"2\" x2=\"8\" y2=\"6\"><\/line><line x1=\"3\" y1=\"10\" x2=\"21\" y2=\"10\"><\/line><\/svg><span>November 27th 2025<\/span><\/li><\/ul><\/div><\/div><\/div><\/li><li data-lat=\"\" data-lng=\"\" data-icon=\"https:\/\/events.spain.info\/wp-content\/themes\/eventchamp\/include\/assets\/img\/map-marker.png\"><div class=\"gt-map-popup-wrapper\"><div class=\"gt-map-popup\" style=\"background-image:url(https:\/\/events.spain.info\/wp-content\/uploads\/2025\/12\/SpainTalks_BUENOS-AIRES_1920x1168px-350x350.jpg);\"><a href=\"https:\/\/events.spain.info\/en\/event\/spain-talks-america-del-sur\/\"><\/a><div class=\"gt-inner\"><ul class=\"gt-top-links\"><li class=\"gt-status\"><div class=\"gt-event-status\">Expired<\/div><\/li><\/ul><div class=\"gt-title\">Spain Talks Am\u00e9rica del Sur<\/div><ul class=\"gt-bottom-links\"><li class=\"gt-category\"><svg xmlns=\"http:\/\/www.w3.org\/2000\/svg\" viewBox=\"0 0 24 24\" fill=\"none\" stroke=\"currentColor\" stroke-width=\"2\" stroke-linecap=\"round\" stroke-linejoin=\"round\"><path d=\"M22 19a2 2 0 0 1-2 2H4a2 2 0 0 1-2-2V5a2 2 0 0 1 2-2h5l2 3h9a2 2 0 0 1 2 2z\"><\/path><\/svg><ul><li class=\"gt-category-232\"><a href=\"https:\/\/events.spain.info\/en\/eventcat\/seminarios\/?post_type=event\">Seminarios<\/a><\/li><\/ul><\/li><li class=\"gt-date\"><svg xmlns=\"http:\/\/www.w3.org\/2000\/svg\" viewBox=\"0 0 24 24\" fill=\"none\" stroke=\"currentColor\" stroke-width=\"2\" stroke-linecap=\"round\" stroke-linejoin=\"round\"><rect x=\"3\" y=\"4\" width=\"18\" height=\"18\" rx=\"2\" ry=\"2\"><\/rect><line x1=\"16\" y1=\"2\" x2=\"16\" y2=\"6\"><\/line><line x1=\"8\" y1=\"2\" x2=\"8\" y2=\"6\"><\/line><line x1=\"3\" y1=\"10\" x2=\"21\" y2=\"10\"><\/line><\/svg><span>December 5th 2025<\/span><\/li><\/ul><\/div><\/div><\/div><\/li><li data-lat=\"\" data-lng=\"\" data-icon=\"https:\/\/events.spain.info\/wp-content\/themes\/eventchamp\/include\/assets\/img\/map-marker.png\"><div class=\"gt-map-popup-wrapper\"><div class=\"gt-map-popup\" style=\"background-image:url(https:\/\/events.spain.info\/wp-content\/uploads\/2025\/11\/EVENTO-40-ANIVERSARIO-VALENCIA-1920x1168-1-350x350.jpg);\"><a href=\"https:\/\/events.spain.info\/en\/event\/conmemoracion-40-aniversario-turespana\/\"><\/a><div class=\"gt-inner\"><ul class=\"gt-top-links\"><li class=\"gt-status\"><div class=\"gt-event-status\">Expired<\/div><\/li><\/ul><div class=\"gt-title\">Conmemoraci\u00f3n 40 aniversario Turespa\u00f1a<\/div><ul class=\"gt-bottom-links\"><li class=\"gt-category\"><svg xmlns=\"http:\/\/www.w3.org\/2000\/svg\" viewBox=\"0 0 24 24\" fill=\"none\" stroke=\"currentColor\" stroke-width=\"2\" stroke-linecap=\"round\" stroke-linejoin=\"round\"><path d=\"M22 19a2 2 0 0 1-2 2H4a2 2 0 0 1-2-2V5a2 2 0 0 1 2-2h5l2 3h9a2 2 0 0 1 2 2z\"><\/path><\/svg><ul><li class=\"gt-category-231\"><a href=\"https:\/\/events.spain.info\/en\/eventcat\/presentaciones\/?post_type=event\">Presentaciones<\/a><\/li><\/ul><\/li><li class=\"gt-date\"><svg xmlns=\"http:\/\/www.w3.org\/2000\/svg\" viewBox=\"0 0 24 24\" fill=\"none\" stroke=\"currentColor\" stroke-width=\"2\" stroke-linecap=\"round\" stroke-linejoin=\"round\"><rect x=\"3\" y=\"4\" width=\"18\" height=\"18\" rx=\"2\" ry=\"2\"><\/rect><line x1=\"16\" y1=\"2\" x2=\"16\" y2=\"6\"><\/line><line x1=\"8\" y1=\"2\" x2=\"8\" y2=\"6\"><\/line><line x1=\"3\" y1=\"10\" x2=\"21\" y2=\"10\"><\/line><\/svg><span>December 4th 2025<\/span><\/li><\/ul><\/div><\/div><\/div><\/li><li data-lat=\"\" data-lng=\"\" data-icon=\"https:\/\/events.spain.info\/wp-content\/themes\/eventchamp\/include\/assets\/img\/map-marker.png\"><div class=\"gt-map-popup-wrapper\"><div class=\"gt-map-popup\" style=\"background-image:url(https:\/\/events.spain.info\/wp-content\/uploads\/2025\/11\/Balcanes-1920-x-1168-350x350.jpg);\"><a href=\"https:\/\/events.spain.info\/en\/event\/presentaciones-de-mercado-balcanes\/\"><\/a><div class=\"gt-inner\"><ul class=\"gt-top-links\"><li class=\"gt-status\"><div class=\"gt-event-status\">Expired<\/div><\/li><\/ul><div class=\"gt-title\">Presentaciones de mercado: Balcanes<\/div><ul class=\"gt-bottom-links\"><li class=\"gt-category\"><svg xmlns=\"http:\/\/www.w3.org\/2000\/svg\" viewBox=\"0 0 24 24\" fill=\"none\" stroke=\"currentColor\" stroke-width=\"2\" stroke-linecap=\"round\" stroke-linejoin=\"round\"><path d=\"M22 19a2 2 0 0 1-2 2H4a2 2 0 0 1-2-2V5a2 2 0 0 1 2-2h5l2 3h9a2 2 0 0 1 2 2z\"><\/path><\/svg><ul><li class=\"gt-category-231\"><a href=\"https:\/\/events.spain.info\/en\/eventcat\/presentaciones\/?post_type=event\">Presentaciones<\/a><\/li><\/ul><\/li><li class=\"gt-location\"><svg xmlns=\"http:\/\/www.w3.org\/2000\/svg\" viewBox=\"0 0 24 24\" fill=\"none\" stroke=\"currentColor\" stroke-width=\"2\" stroke-linecap=\"round\" stroke-linejoin=\"round\"><path d=\"M21 10c0 7-9 13-9 13s-9-6-9-13a9 9 0 0 1 18 0z\"><\/path><circle cx=\"12\" cy=\"10\" r=\"3\"><\/circle><\/svg><ul><li class=\"gt-category-224\"><a href=\"https:\/\/events.spain.info\/en\/location\/evento-virtual\/?post_type=event\">Evento virtual<\/a><\/li><\/ul><\/li><li class=\"gt-date\"><svg xmlns=\"http:\/\/www.w3.org\/2000\/svg\" viewBox=\"0 0 24 24\" fill=\"none\" stroke=\"currentColor\" stroke-width=\"2\" stroke-linecap=\"round\" stroke-linejoin=\"round\"><rect x=\"3\" y=\"4\" width=\"18\" height=\"18\" rx=\"2\" ry=\"2\"><\/rect><line x1=\"16\" y1=\"2\" x2=\"16\" y2=\"6\"><\/line><line x1=\"8\" y1=\"2\" x2=\"8\" y2=\"6\"><\/line><line x1=\"3\" y1=\"10\" x2=\"21\" y2=\"10\"><\/line><\/svg><span>November 5th 2025<\/span><\/li><\/ul><\/div><\/div><\/div><\/li><li data-lat=\"\" data-lng=\"\" data-icon=\"https:\/\/events.spain.info\/wp-content\/themes\/eventchamp\/include\/assets\/img\/map-marker.png\"><div class=\"gt-map-popup-wrapper\"><div class=\"gt-map-popup\" style=\"background-image:url(https:\/\/events.spain.info\/wp-content\/uploads\/2025\/11\/Benelux-1920-x-1168-350x350.jpg);\"><a href=\"https:\/\/events.spain.info\/en\/event\/presentaciones-de-mercado-benelux\/\"><\/a><div class=\"gt-inner\"><ul class=\"gt-top-links\"><li class=\"gt-status\"><div class=\"gt-event-status\">Expired<\/div><\/li><\/ul><div class=\"gt-title\">Presentaciones de mercado: Benelux<\/div><ul class=\"gt-bottom-links\"><li class=\"gt-category\"><svg xmlns=\"http:\/\/www.w3.org\/2000\/svg\" viewBox=\"0 0 24 24\" fill=\"none\" stroke=\"currentColor\" stroke-width=\"2\" stroke-linecap=\"round\" stroke-linejoin=\"round\"><path d=\"M22 19a2 2 0 0 1-2 2H4a2 2 0 0 1-2-2V5a2 2 0 0 1 2-2h5l2 3h9a2 2 0 0 1 2 2z\"><\/path><\/svg><ul><li class=\"gt-category-231\"><a href=\"https:\/\/events.spain.info\/en\/eventcat\/presentaciones\/?post_type=event\">Presentaciones<\/a><\/li><\/ul><\/li><li class=\"gt-location\"><svg xmlns=\"http:\/\/www.w3.org\/2000\/svg\" viewBox=\"0 0 24 24\" fill=\"none\" stroke=\"currentColor\" stroke-width=\"2\" stroke-linecap=\"round\" stroke-linejoin=\"round\"><path d=\"M21 10c0 7-9 13-9 13s-9-6-9-13a9 9 0 0 1 18 0z\"><\/path><circle cx=\"12\" cy=\"10\" r=\"3\"><\/circle><\/svg><ul><li class=\"gt-category-224\"><a href=\"https:\/\/events.spain.info\/en\/location\/evento-virtual\/?post_type=event\">Evento virtual<\/a><\/li><\/ul><\/li><li class=\"gt-date\"><svg xmlns=\"http:\/\/www.w3.org\/2000\/svg\" viewBox=\"0 0 24 24\" fill=\"none\" stroke=\"currentColor\" stroke-width=\"2\" stroke-linecap=\"round\" stroke-linejoin=\"round\"><rect x=\"3\" y=\"4\" width=\"18\" height=\"18\" rx=\"2\" ry=\"2\"><\/rect><line x1=\"16\" y1=\"2\" x2=\"16\" y2=\"6\"><\/line><line x1=\"8\" y1=\"2\" x2=\"8\" y2=\"6\"><\/line><line x1=\"3\" y1=\"10\" x2=\"21\" y2=\"10\"><\/line><\/svg><span>November 28th 2025<\/span><\/li><\/ul><\/div><\/div><\/div><\/li><li data-lat=\"\" data-lng=\"\" data-icon=\"https:\/\/events.spain.info\/wp-content\/themes\/eventchamp\/include\/assets\/img\/map-marker.png\"><div class=\"gt-map-popup-wrapper\"><div class=\"gt-map-popup\" style=\"background-image:url(https:\/\/events.spain.info\/wp-content\/uploads\/2025\/11\/India-1920-x-1168-350x350.jpg);\"><a href=\"https:\/\/events.spain.info\/en\/event\/presentaciones-de-mercado-india-2\/\"><\/a><div class=\"gt-inner\"><ul class=\"gt-top-links\"><li class=\"gt-status\"><div class=\"gt-event-status\">Expired<\/div><\/li><\/ul><div class=\"gt-title\">Presentaciones de mercado: India<\/div><ul class=\"gt-bottom-links\"><li class=\"gt-category\"><svg xmlns=\"http:\/\/www.w3.org\/2000\/svg\" viewBox=\"0 0 24 24\" fill=\"none\" stroke=\"currentColor\" stroke-width=\"2\" stroke-linecap=\"round\" stroke-linejoin=\"round\"><path d=\"M22 19a2 2 0 0 1-2 2H4a2 2 0 0 1-2-2V5a2 2 0 0 1 2-2h5l2 3h9a2 2 0 0 1 2 2z\"><\/path><\/svg><ul><li class=\"gt-category-231\"><a href=\"https:\/\/events.spain.info\/en\/eventcat\/presentaciones\/?post_type=event\">Presentaciones<\/a><\/li><\/ul><\/li><li class=\"gt-location\"><svg xmlns=\"http:\/\/www.w3.org\/2000\/svg\" viewBox=\"0 0 24 24\" fill=\"none\" stroke=\"currentColor\" stroke-width=\"2\" stroke-linecap=\"round\" stroke-linejoin=\"round\"><path d=\"M21 10c0 7-9 13-9 13s-9-6-9-13a9 9 0 0 1 18 0z\"><\/path><circle cx=\"12\" cy=\"10\" r=\"3\"><\/circle><\/svg><ul><li class=\"gt-category-224\"><a href=\"https:\/\/events.spain.info\/en\/location\/evento-virtual\/?post_type=event\">Evento virtual<\/a><\/li><\/ul><\/li><li class=\"gt-date\"><svg xmlns=\"http:\/\/www.w3.org\/2000\/svg\" viewBox=\"0 0 24 24\" fill=\"none\" stroke=\"currentColor\" stroke-width=\"2\" stroke-linecap=\"round\" stroke-linejoin=\"round\"><rect x=\"3\" y=\"4\" width=\"18\" height=\"18\" rx=\"2\" ry=\"2\"><\/rect><line x1=\"16\" y1=\"2\" x2=\"16\" y2=\"6\"><\/line><line x1=\"8\" y1=\"2\" x2=\"8\" y2=\"6\"><\/line><line x1=\"3\" y1=\"10\" x2=\"21\" y2=\"10\"><\/line><\/svg><span>December 3rd 2025<\/span><\/li><\/ul><\/div><\/div><\/div><\/li><li data-lat=\"\" data-lng=\"\" data-icon=\"https:\/\/events.spain.info\/wp-content\/themes\/eventchamp\/include\/assets\/img\/map-marker.png\"><div class=\"gt-map-popup-wrapper\"><div class=\"gt-map-popup\" style=\"background-image:url(https:\/\/events.spain.info\/wp-content\/uploads\/2025\/11\/Stockholm-1920-x-1168-350x350.jpg);\"><a href=\"https:\/\/events.spain.info\/en\/event\/presentaciones-de-mercado-paises-nordicos\/\"><\/a><div class=\"gt-inner\"><ul class=\"gt-top-links\"><li class=\"gt-status\"><div class=\"gt-event-status\">Expired<\/div><\/li><\/ul><div class=\"gt-title\">Presentaciones de mercado: Pa\u00edses N\u00f3rdicos<\/div><ul class=\"gt-bottom-links\"><li class=\"gt-category\"><svg xmlns=\"http:\/\/www.w3.org\/2000\/svg\" viewBox=\"0 0 24 24\" fill=\"none\" stroke=\"currentColor\" stroke-width=\"2\" stroke-linecap=\"round\" stroke-linejoin=\"round\"><path d=\"M22 19a2 2 0 0 1-2 2H4a2 2 0 0 1-2-2V5a2 2 0 0 1 2-2h5l2 3h9a2 2 0 0 1 2 2z\"><\/path><\/svg><ul><li class=\"gt-category-231\"><a href=\"https:\/\/events.spain.info\/en\/eventcat\/presentaciones\/?post_type=event\">Presentaciones<\/a><\/li><\/ul><\/li><li class=\"gt-location\"><svg xmlns=\"http:\/\/www.w3.org\/2000\/svg\" viewBox=\"0 0 24 24\" fill=\"none\" stroke=\"currentColor\" stroke-width=\"2\" stroke-linecap=\"round\" stroke-linejoin=\"round\"><path d=\"M21 10c0 7-9 13-9 13s-9-6-9-13a9 9 0 0 1 18 0z\"><\/path><circle cx=\"12\" cy=\"10\" r=\"3\"><\/circle><\/svg><ul><li class=\"gt-category-224\"><a href=\"https:\/\/events.spain.info\/en\/location\/evento-virtual\/?post_type=event\">Evento virtual<\/a><\/li><\/ul><\/li><li class=\"gt-date\"><svg xmlns=\"http:\/\/www.w3.org\/2000\/svg\" viewBox=\"0 0 24 24\" fill=\"none\" stroke=\"currentColor\" stroke-width=\"2\" stroke-linecap=\"round\" stroke-linejoin=\"round\"><rect x=\"3\" y=\"4\" width=\"18\" height=\"18\" rx=\"2\" ry=\"2\"><\/rect><line x1=\"16\" y1=\"2\" x2=\"16\" y2=\"6\"><\/line><line x1=\"8\" y1=\"2\" x2=\"8\" y2=\"6\"><\/line><line x1=\"3\" y1=\"10\" x2=\"21\" y2=\"10\"><\/line><\/svg><span>December 10th 2025<\/span><\/li><\/ul><\/div><\/div><\/div><\/li><li data-lat=\"\" data-lng=\"\" data-icon=\"https:\/\/events.spain.info\/wp-content\/themes\/eventchamp\/include\/assets\/img\/map-marker.png\"><div class=\"gt-map-popup-wrapper\"><div class=\"gt-map-popup\" style=\"background-image:url(https:\/\/events.spain.info\/wp-content\/uploads\/2025\/11\/SPAIN-TALKS-BANNER-DUBLIN-1920x1168-1-350x350.jpg);\"><a href=\"https:\/\/events.spain.info\/en\/event\/spain-talks-caring-for-the-future-3\/\"><\/a><div class=\"gt-inner\"><ul class=\"gt-top-links\"><li class=\"gt-status\"><div class=\"gt-event-status\">Expired<\/div><\/li><\/ul><div class=\"gt-title\">Spain Talks: caring for the future<\/div><ul class=\"gt-bottom-links\"><li class=\"gt-category\"><svg xmlns=\"http:\/\/www.w3.org\/2000\/svg\" viewBox=\"0 0 24 24\" fill=\"none\" stroke=\"currentColor\" stroke-width=\"2\" stroke-linecap=\"round\" stroke-linejoin=\"round\"><path d=\"M22 19a2 2 0 0 1-2 2H4a2 2 0 0 1-2-2V5a2 2 0 0 1 2-2h5l2 3h9a2 2 0 0 1 2 2z\"><\/path><\/svg><ul><li class=\"gt-category-232\"><a href=\"https:\/\/events.spain.info\/en\/eventcat\/seminarios\/?post_type=event\">Seminarios<\/a><\/li><\/ul><\/li><li class=\"gt-date\"><svg xmlns=\"http:\/\/www.w3.org\/2000\/svg\" viewBox=\"0 0 24 24\" fill=\"none\" stroke=\"currentColor\" stroke-width=\"2\" stroke-linecap=\"round\" stroke-linejoin=\"round\"><rect x=\"3\" y=\"4\" width=\"18\" height=\"18\" rx=\"2\" ry=\"2\"><\/rect><line x1=\"16\" y1=\"2\" x2=\"16\" y2=\"6\"><\/line><line x1=\"8\" y1=\"2\" x2=\"8\" y2=\"6\"><\/line><line x1=\"3\" y1=\"10\" x2=\"21\" y2=\"10\"><\/line><\/svg><span>November 13th 2025<\/span><\/li><\/ul><\/div><\/div><\/div><\/li><li data-lat=\"\" data-lng=\"\" data-icon=\"https:\/\/events.spain.info\/wp-content\/themes\/eventchamp\/include\/assets\/img\/map-marker.png\"><div class=\"gt-map-popup-wrapper\"><div class=\"gt-map-popup\" style=\"background-image:url(https:\/\/events.spain.info\/wp-content\/uploads\/2025\/09\/streaming-V-Convencion1920x1168-350x350.jpg);\"><a href=\"https:\/\/events.spain.info\/en\/event\/v-convencion-turespana\/\"><\/a><div class=\"gt-inner\"><ul class=\"gt-top-links\"><li class=\"gt-status\"><div class=\"gt-event-status\">Expired<\/div><\/li><\/ul><div class=\"gt-title\">V Convenci\u00f3n Turespa\u00f1a<\/div><ul class=\"gt-bottom-links\"><li class=\"gt-category\"><svg xmlns=\"http:\/\/www.w3.org\/2000\/svg\" viewBox=\"0 0 24 24\" fill=\"none\" stroke=\"currentColor\" stroke-width=\"2\" stroke-linecap=\"round\" stroke-linejoin=\"round\"><path d=\"M22 19a2 2 0 0 1-2 2H4a2 2 0 0 1-2-2V5a2 2 0 0 1 2-2h5l2 3h9a2 2 0 0 1 2 2z\"><\/path><\/svg><ul><li class=\"gt-category-232\"><a href=\"https:\/\/events.spain.info\/en\/eventcat\/seminarios\/?post_type=event\">Seminarios<\/a><\/li><\/ul><\/li><li class=\"gt-location\"><svg xmlns=\"http:\/\/www.w3.org\/2000\/svg\" viewBox=\"0 0 24 24\" fill=\"none\" stroke=\"currentColor\" stroke-width=\"2\" stroke-linecap=\"round\" stroke-linejoin=\"round\"><path d=\"M21 10c0 7-9 13-9 13s-9-6-9-13a9 9 0 0 1 18 0z\"><\/path><circle cx=\"12\" cy=\"10\" r=\"3\"><\/circle><\/svg><ul><li class=\"gt-category-281\"><a href=\"https:\/\/events.spain.info\/en\/location\/caceres\/?post_type=event\">C\u00e1ceres<\/a><\/li><li class=\"gt-category-110\"><a href=\"https:\/\/events.spain.info\/en\/location\/espana\/?post_type=event\">Espa\u00f1a<\/a><\/li><\/ul><\/li><li class=\"gt-date\"><svg xmlns=\"http:\/\/www.w3.org\/2000\/svg\" viewBox=\"0 0 24 24\" fill=\"none\" stroke=\"currentColor\" stroke-width=\"2\" stroke-linecap=\"round\" stroke-linejoin=\"round\"><rect x=\"3\" y=\"4\" width=\"18\" height=\"18\" rx=\"2\" ry=\"2\"><\/rect><line x1=\"16\" y1=\"2\" x2=\"16\" y2=\"6\"><\/line><line x1=\"8\" y1=\"2\" x2=\"8\" y2=\"6\"><\/line><line x1=\"3\" y1=\"10\" x2=\"21\" y2=\"10\"><\/line><\/svg><span>October 8th 2025<\/span><\/li><\/ul><\/div><\/div><\/div><\/li><li data-lat=\"\" data-lng=\"\" data-icon=\"https:\/\/events.spain.info\/wp-content\/themes\/eventchamp\/include\/assets\/img\/map-marker.png\"><div class=\"gt-map-popup-wrapper\"><div class=\"gt-map-popup\" style=\"background-image:url(https:\/\/events.spain.info\/wp-content\/uploads\/2025\/09\/EVENTO-ALUMNI-1920x1168-1-350x350.jpg);\"><a href=\"https:\/\/events.spain.info\/en\/event\/encuentro-alumni-turespana\/\"><\/a><div class=\"gt-inner\"><ul class=\"gt-top-links\"><li class=\"gt-status\"><div class=\"gt-event-status\">Expired<\/div><\/li><\/ul><div class=\"gt-title\">Encuentro Alumni Turespa\u00f1a<\/div><ul class=\"gt-bottom-links\"><li class=\"gt-category\"><svg xmlns=\"http:\/\/www.w3.org\/2000\/svg\" viewBox=\"0 0 24 24\" fill=\"none\" stroke=\"currentColor\" stroke-width=\"2\" stroke-linecap=\"round\" stroke-linejoin=\"round\"><path d=\"M22 19a2 2 0 0 1-2 2H4a2 2 0 0 1-2-2V5a2 2 0 0 1 2-2h5l2 3h9a2 2 0 0 1 2 2z\"><\/path><\/svg><ul><li class=\"gt-category-232\"><a href=\"https:\/\/events.spain.info\/en\/eventcat\/seminarios\/?post_type=event\">Seminarios<\/a><\/li><\/ul><\/li><li class=\"gt-date\"><svg xmlns=\"http:\/\/www.w3.org\/2000\/svg\" viewBox=\"0 0 24 24\" fill=\"none\" stroke=\"currentColor\" stroke-width=\"2\" stroke-linecap=\"round\" stroke-linejoin=\"round\"><rect x=\"3\" y=\"4\" width=\"18\" height=\"18\" rx=\"2\" ry=\"2\"><\/rect><line x1=\"16\" y1=\"2\" x2=\"16\" y2=\"6\"><\/line><line x1=\"8\" y1=\"2\" x2=\"8\" y2=\"6\"><\/line><line x1=\"3\" y1=\"10\" x2=\"21\" y2=\"10\"><\/line><\/svg><span>September 16th 2025<\/span><\/li><\/ul><\/div><\/div><\/div><\/li><li data-lat=\"\" data-lng=\"\" data-icon=\"https:\/\/events.spain.info\/wp-content\/themes\/eventchamp\/include\/assets\/img\/map-marker.png\"><div class=\"gt-map-popup-wrapper\"><div class=\"gt-map-popup\" style=\"background-image:url(https:\/\/events.spain.info\/wp-content\/uploads\/2025\/09\/spain-talks_copenhague_1920x1168-350x350.jpg);\"><a href=\"https:\/\/events.spain.info\/en\/event\/spain-talks-caring-for-the-future-2\/\"><\/a><div class=\"gt-inner\"><ul class=\"gt-top-links\"><li class=\"gt-status\"><div class=\"gt-event-status\">Expired<\/div><\/li><\/ul><div class=\"gt-title\">Spain Talks: caring for the future<\/div><ul class=\"gt-bottom-links\"><li class=\"gt-category\"><svg xmlns=\"http:\/\/www.w3.org\/2000\/svg\" viewBox=\"0 0 24 24\" fill=\"none\" stroke=\"currentColor\" stroke-width=\"2\" stroke-linecap=\"round\" stroke-linejoin=\"round\"><path d=\"M22 19a2 2 0 0 1-2 2H4a2 2 0 0 1-2-2V5a2 2 0 0 1 2-2h5l2 3h9a2 2 0 0 1 2 2z\"><\/path><\/svg><ul><li class=\"gt-category-231\"><a href=\"https:\/\/events.spain.info\/en\/eventcat\/presentaciones\/?post_type=event\">Presentaciones<\/a><\/li><li class=\"gt-category-232\"><a href=\"https:\/\/events.spain.info\/en\/eventcat\/seminarios\/?post_type=event\">Seminarios<\/a><\/li><\/ul><\/li><li class=\"gt-date\"><svg xmlns=\"http:\/\/www.w3.org\/2000\/svg\" viewBox=\"0 0 24 24\" fill=\"none\" stroke=\"currentColor\" stroke-width=\"2\" stroke-linecap=\"round\" stroke-linejoin=\"round\"><rect x=\"3\" y=\"4\" width=\"18\" height=\"18\" rx=\"2\" ry=\"2\"><\/rect><line x1=\"16\" y1=\"2\" x2=\"16\" y2=\"6\"><\/line><line x1=\"8\" y1=\"2\" x2=\"8\" y2=\"6\"><\/line><line x1=\"3\" y1=\"10\" x2=\"21\" y2=\"10\"><\/line><\/svg><span>September 16th 2025<\/span><\/li><\/ul><\/div><\/div><\/div><\/li><li data-lat=\"\" data-lng=\"\" data-icon=\"https:\/\/events.spain.info\/wp-content\/themes\/eventchamp\/include\/assets\/img\/map-marker.png\"><div class=\"gt-map-popup-wrapper\"><div class=\"gt-map-popup\" style=\"background-image:url(https:\/\/events.spain.info\/wp-content\/uploads\/2025\/09\/famtrip-italiano1920x1168-350x350.jpg);\"><a href=\"https:\/\/events.spain.info\/en\/event\/live-streaming-famtrip-greenspain-7\/\"><\/a><div class=\"gt-inner\"><ul class=\"gt-top-links\"><li class=\"gt-status\"><div class=\"gt-event-status\">Expired<\/div><\/li><\/ul><div class=\"gt-title\">Live Streaming Famtrip Greenspain<\/div><ul class=\"gt-bottom-links\"><li class=\"gt-category\"><svg xmlns=\"http:\/\/www.w3.org\/2000\/svg\" viewBox=\"0 0 24 24\" fill=\"none\" stroke=\"currentColor\" stroke-width=\"2\" stroke-linecap=\"round\" stroke-linejoin=\"round\"><path d=\"M22 19a2 2 0 0 1-2 2H4a2 2 0 0 1-2-2V5a2 2 0 0 1 2-2h5l2 3h9a2 2 0 0 1 2 2z\"><\/path><\/svg><ul><li class=\"gt-category-231\"><a href=\"https:\/\/events.spain.info\/en\/eventcat\/presentaciones\/?post_type=event\">Presentaciones<\/a><\/li><\/ul><\/li><li class=\"gt-location\"><svg xmlns=\"http:\/\/www.w3.org\/2000\/svg\" viewBox=\"0 0 24 24\" fill=\"none\" stroke=\"currentColor\" stroke-width=\"2\" stroke-linecap=\"round\" stroke-linejoin=\"round\"><path d=\"M21 10c0 7-9 13-9 13s-9-6-9-13a9 9 0 0 1 18 0z\"><\/path><circle cx=\"12\" cy=\"10\" r=\"3\"><\/circle><\/svg><ul><li class=\"gt-category-224\"><a href=\"https:\/\/events.spain.info\/en\/location\/evento-virtual\/?post_type=event\">Evento virtual<\/a><\/li><\/ul><\/li><li class=\"gt-date\"><svg xmlns=\"http:\/\/www.w3.org\/2000\/svg\" viewBox=\"0 0 24 24\" fill=\"none\" stroke=\"currentColor\" stroke-width=\"2\" stroke-linecap=\"round\" stroke-linejoin=\"round\"><rect x=\"3\" y=\"4\" width=\"18\" height=\"18\" rx=\"2\" ry=\"2\"><\/rect><line x1=\"16\" y1=\"2\" x2=\"16\" y2=\"6\"><\/line><line x1=\"8\" y1=\"2\" x2=\"8\" y2=\"6\"><\/line><line x1=\"3\" y1=\"10\" x2=\"21\" y2=\"10\"><\/line><\/svg><span>September 11th 2025<\/span><\/li><\/ul><\/div><\/div><\/div><\/li><li data-lat=\"\" data-lng=\"\" data-icon=\"https:\/\/events.spain.info\/wp-content\/themes\/eventchamp\/include\/assets\/img\/map-marker.png\"><div class=\"gt-map-popup-wrapper\"><div class=\"gt-map-popup\" style=\"background-image:url(https:\/\/events.spain.info\/wp-content\/uploads\/2025\/09\/famtrip-ingles-350x350.jpg);\"><a href=\"https:\/\/events.spain.info\/en\/event\/live-streaming-famtrip-greenspain-6\/\"><\/a><div class=\"gt-inner\"><ul class=\"gt-top-links\"><li class=\"gt-status\"><div class=\"gt-event-status\">Expired<\/div><\/li><\/ul><div class=\"gt-title\">Live Streaming Famtrip Greenspain<\/div><ul class=\"gt-bottom-links\"><li class=\"gt-category\"><svg xmlns=\"http:\/\/www.w3.org\/2000\/svg\" viewBox=\"0 0 24 24\" fill=\"none\" stroke=\"currentColor\" stroke-width=\"2\" stroke-linecap=\"round\" stroke-linejoin=\"round\"><path d=\"M22 19a2 2 0 0 1-2 2H4a2 2 0 0 1-2-2V5a2 2 0 0 1 2-2h5l2 3h9a2 2 0 0 1 2 2z\"><\/path><\/svg><ul><li class=\"gt-category-231\"><a href=\"https:\/\/events.spain.info\/en\/eventcat\/presentaciones\/?post_type=event\">Presentaciones<\/a><\/li><\/ul><\/li><li class=\"gt-location\"><svg xmlns=\"http:\/\/www.w3.org\/2000\/svg\" viewBox=\"0 0 24 24\" fill=\"none\" stroke=\"currentColor\" stroke-width=\"2\" stroke-linecap=\"round\" stroke-linejoin=\"round\"><path d=\"M21 10c0 7-9 13-9 13s-9-6-9-13a9 9 0 0 1 18 0z\"><\/path><circle cx=\"12\" cy=\"10\" r=\"3\"><\/circle><\/svg><ul><li class=\"gt-category-224\"><a href=\"https:\/\/events.spain.info\/en\/location\/evento-virtual\/?post_type=event\">Evento virtual<\/a><\/li><\/ul><\/li><li class=\"gt-date\"><svg xmlns=\"http:\/\/www.w3.org\/2000\/svg\" viewBox=\"0 0 24 24\" fill=\"none\" stroke=\"currentColor\" stroke-width=\"2\" stroke-linecap=\"round\" stroke-linejoin=\"round\"><rect x=\"3\" y=\"4\" width=\"18\" height=\"18\" rx=\"2\" ry=\"2\"><\/rect><line x1=\"16\" y1=\"2\" x2=\"16\" y2=\"6\"><\/line><line x1=\"8\" y1=\"2\" x2=\"8\" y2=\"6\"><\/line><line x1=\"3\" y1=\"10\" x2=\"21\" y2=\"10\"><\/line><\/svg><span>September 11th 2025<\/span><\/li><\/ul><\/div><\/div><\/div><\/li><li data-lat=\"\" data-lng=\"\" data-icon=\"https:\/\/events.spain.info\/wp-content\/themes\/eventchamp\/include\/assets\/img\/map-marker.png\"><div class=\"gt-map-popup-wrapper\"><div class=\"gt-map-popup\" style=\"background-image:url(https:\/\/events.spain.info\/wp-content\/uploads\/2025\/09\/famtrip-aleman1920x1168-350x350.jpg);\"><a href=\"https:\/\/events.spain.info\/en\/event\/live-streaming-famtrip-greenspain-5\/\"><\/a><div class=\"gt-inner\"><ul class=\"gt-top-links\"><li class=\"gt-status\"><div class=\"gt-event-status\">Expired<\/div><\/li><\/ul><div class=\"gt-title\">Live Streaming Famtrip Greenspain<\/div><ul class=\"gt-bottom-links\"><li class=\"gt-category\"><svg xmlns=\"http:\/\/www.w3.org\/2000\/svg\" viewBox=\"0 0 24 24\" fill=\"none\" stroke=\"currentColor\" stroke-width=\"2\" stroke-linecap=\"round\" stroke-linejoin=\"round\"><path d=\"M22 19a2 2 0 0 1-2 2H4a2 2 0 0 1-2-2V5a2 2 0 0 1 2-2h5l2 3h9a2 2 0 0 1 2 2z\"><\/path><\/svg><ul><li class=\"gt-category-231\"><a href=\"https:\/\/events.spain.info\/en\/eventcat\/presentaciones\/?post_type=event\">Presentaciones<\/a><\/li><\/ul><\/li><li class=\"gt-location\"><svg xmlns=\"http:\/\/www.w3.org\/2000\/svg\" viewBox=\"0 0 24 24\" fill=\"none\" stroke=\"currentColor\" stroke-width=\"2\" stroke-linecap=\"round\" stroke-linejoin=\"round\"><path d=\"M21 10c0 7-9 13-9 13s-9-6-9-13a9 9 0 0 1 18 0z\"><\/path><circle cx=\"12\" cy=\"10\" r=\"3\"><\/circle><\/svg><ul><li class=\"gt-category-224\"><a href=\"https:\/\/events.spain.info\/en\/location\/evento-virtual\/?post_type=event\">Evento virtual<\/a><\/li><\/ul><\/li><li class=\"gt-date\"><svg xmlns=\"http:\/\/www.w3.org\/2000\/svg\" viewBox=\"0 0 24 24\" fill=\"none\" stroke=\"currentColor\" stroke-width=\"2\" stroke-linecap=\"round\" stroke-linejoin=\"round\"><rect x=\"3\" y=\"4\" width=\"18\" height=\"18\" rx=\"2\" ry=\"2\"><\/rect><line x1=\"16\" y1=\"2\" x2=\"16\" y2=\"6\"><\/line><line x1=\"8\" y1=\"2\" x2=\"8\" y2=\"6\"><\/line><line x1=\"3\" y1=\"10\" x2=\"21\" y2=\"10\"><\/line><\/svg><span>September 11th 2025<\/span><\/li><\/ul><\/div><\/div><\/div><\/li><li data-lat=\"\" data-lng=\"\" data-icon=\"https:\/\/events.spain.info\/wp-content\/themes\/eventchamp\/include\/assets\/img\/map-marker.png\"><div class=\"gt-map-popup-wrapper\"><div class=\"gt-map-popup\" style=\"background-image:url(https:\/\/events.spain.info\/wp-content\/uploads\/2025\/07\/cono-sur-1920-x-1168-350x350.jpg);\"><a href=\"https:\/\/events.spain.info\/en\/event\/presentaciones-de-mercado-cono-sur-y-paises-andinos\/\"><\/a><div class=\"gt-inner\"><ul class=\"gt-top-links\"><li class=\"gt-status\"><div class=\"gt-event-status\">Expired<\/div><\/li><\/ul><div class=\"gt-title\">Presentaciones de mercado: Cono Sur y Pa\u00edses Andinos<\/div><ul class=\"gt-bottom-links\"><li class=\"gt-category\"><svg xmlns=\"http:\/\/www.w3.org\/2000\/svg\" viewBox=\"0 0 24 24\" fill=\"none\" stroke=\"currentColor\" stroke-width=\"2\" stroke-linecap=\"round\" stroke-linejoin=\"round\"><path d=\"M22 19a2 2 0 0 1-2 2H4a2 2 0 0 1-2-2V5a2 2 0 0 1 2-2h5l2 3h9a2 2 0 0 1 2 2z\"><\/path><\/svg><ul><li class=\"gt-category-231\"><a href=\"https:\/\/events.spain.info\/en\/eventcat\/presentaciones\/?post_type=event\">Presentaciones<\/a><\/li><\/ul><\/li><li class=\"gt-location\"><svg xmlns=\"http:\/\/www.w3.org\/2000\/svg\" viewBox=\"0 0 24 24\" fill=\"none\" stroke=\"currentColor\" stroke-width=\"2\" stroke-linecap=\"round\" stroke-linejoin=\"round\"><path d=\"M21 10c0 7-9 13-9 13s-9-6-9-13a9 9 0 0 1 18 0z\"><\/path><circle cx=\"12\" cy=\"10\" r=\"3\"><\/circle><\/svg><ul><li class=\"gt-category-224\"><a href=\"https:\/\/events.spain.info\/en\/location\/evento-virtual\/?post_type=event\">Evento virtual<\/a><\/li><\/ul><\/li><li class=\"gt-date\"><svg xmlns=\"http:\/\/www.w3.org\/2000\/svg\" viewBox=\"0 0 24 24\" fill=\"none\" stroke=\"currentColor\" stroke-width=\"2\" stroke-linecap=\"round\" stroke-linejoin=\"round\"><rect x=\"3\" y=\"4\" width=\"18\" height=\"18\" rx=\"2\" ry=\"2\"><\/rect><line x1=\"16\" y1=\"2\" x2=\"16\" y2=\"6\"><\/line><line x1=\"8\" y1=\"2\" x2=\"8\" y2=\"6\"><\/line><line x1=\"3\" y1=\"10\" x2=\"21\" y2=\"10\"><\/line><\/svg><span>September 11th 2025<\/span><\/li><\/ul><\/div><\/div><\/div><\/li><li data-lat=\"\" data-lng=\"\" data-icon=\"https:\/\/events.spain.info\/wp-content\/themes\/eventchamp\/include\/assets\/img\/map-marker.png\"><div class=\"gt-map-popup-wrapper\"><div class=\"gt-map-popup\" style=\"background-image:url(https:\/\/events.spain.info\/wp-content\/uploads\/2025\/07\/Reino-Unido-1920-x-1168-350x350.jpg);\"><a href=\"https:\/\/events.spain.info\/en\/event\/presentaciones-de-mercado-reino-unido-2\/\"><\/a><div class=\"gt-inner\"><ul class=\"gt-top-links\"><li class=\"gt-status\"><div class=\"gt-event-status\">Expired<\/div><\/li><\/ul><div class=\"gt-title\">Presentaciones de mercado: Reino Unido<\/div><ul class=\"gt-bottom-links\"><li class=\"gt-category\"><svg xmlns=\"http:\/\/www.w3.org\/2000\/svg\" viewBox=\"0 0 24 24\" fill=\"none\" stroke=\"currentColor\" stroke-width=\"2\" stroke-linecap=\"round\" stroke-linejoin=\"round\"><path d=\"M22 19a2 2 0 0 1-2 2H4a2 2 0 0 1-2-2V5a2 2 0 0 1 2-2h5l2 3h9a2 2 0 0 1 2 2z\"><\/path><\/svg><ul><li class=\"gt-category-231\"><a href=\"https:\/\/events.spain.info\/en\/eventcat\/presentaciones\/?post_type=event\">Presentaciones<\/a><\/li><\/ul><\/li><li class=\"gt-location\"><svg xmlns=\"http:\/\/www.w3.org\/2000\/svg\" viewBox=\"0 0 24 24\" fill=\"none\" stroke=\"currentColor\" stroke-width=\"2\" stroke-linecap=\"round\" stroke-linejoin=\"round\"><path d=\"M21 10c0 7-9 13-9 13s-9-6-9-13a9 9 0 0 1 18 0z\"><\/path><circle cx=\"12\" cy=\"10\" r=\"3\"><\/circle><\/svg><ul><li class=\"gt-category-224\"><a href=\"https:\/\/events.spain.info\/en\/location\/evento-virtual\/?post_type=event\">Evento virtual<\/a><\/li><\/ul><\/li><li class=\"gt-date\"><svg xmlns=\"http:\/\/www.w3.org\/2000\/svg\" viewBox=\"0 0 24 24\" fill=\"none\" stroke=\"currentColor\" stroke-width=\"2\" stroke-linecap=\"round\" stroke-linejoin=\"round\"><rect x=\"3\" y=\"4\" width=\"18\" height=\"18\" rx=\"2\" ry=\"2\"><\/rect><line x1=\"16\" y1=\"2\" x2=\"16\" y2=\"6\"><\/line><line x1=\"8\" y1=\"2\" x2=\"8\" y2=\"6\"><\/line><line x1=\"3\" y1=\"10\" x2=\"21\" y2=\"10\"><\/line><\/svg><span>October 22nd 2025<\/span><\/li><\/ul><\/div><\/div><\/div><\/li><li data-lat=\"\" data-lng=\"\" data-icon=\"https:\/\/events.spain.info\/wp-content\/themes\/eventchamp\/include\/assets\/img\/map-marker.png\"><div class=\"gt-map-popup-wrapper\"><div class=\"gt-map-popup\" style=\"background-image:url(https:\/\/events.spain.info\/wp-content\/uploads\/2025\/07\/Los-Angeles-1920-x-1168-350x350.jpg);\"><a href=\"https:\/\/events.spain.info\/en\/event\/presentaciones-de-mercado-ee-uu-lgbtq\/\"><\/a><div class=\"gt-inner\"><ul class=\"gt-top-links\"><li class=\"gt-status\"><div class=\"gt-event-status\">Expired<\/div><\/li><\/ul><div class=\"gt-title\">Presentaciones de mercado: EE.UU LGBTQ<\/div><ul class=\"gt-bottom-links\"><li class=\"gt-category\"><svg xmlns=\"http:\/\/www.w3.org\/2000\/svg\" viewBox=\"0 0 24 24\" fill=\"none\" stroke=\"currentColor\" stroke-width=\"2\" stroke-linecap=\"round\" stroke-linejoin=\"round\"><path d=\"M22 19a2 2 0 0 1-2 2H4a2 2 0 0 1-2-2V5a2 2 0 0 1 2-2h5l2 3h9a2 2 0 0 1 2 2z\"><\/path><\/svg><ul><li class=\"gt-category-231\"><a href=\"https:\/\/events.spain.info\/en\/eventcat\/presentaciones\/?post_type=event\">Presentaciones<\/a><\/li><\/ul><\/li><li class=\"gt-location\"><svg xmlns=\"http:\/\/www.w3.org\/2000\/svg\" viewBox=\"0 0 24 24\" fill=\"none\" stroke=\"currentColor\" stroke-width=\"2\" stroke-linecap=\"round\" stroke-linejoin=\"round\"><path d=\"M21 10c0 7-9 13-9 13s-9-6-9-13a9 9 0 0 1 18 0z\"><\/path><circle cx=\"12\" cy=\"10\" r=\"3\"><\/circle><\/svg><ul><li class=\"gt-category-224\"><a href=\"https:\/\/events.spain.info\/en\/location\/evento-virtual\/?post_type=event\">Evento virtual<\/a><\/li><\/ul><\/li><li class=\"gt-date\"><svg xmlns=\"http:\/\/www.w3.org\/2000\/svg\" viewBox=\"0 0 24 24\" fill=\"none\" stroke=\"currentColor\" stroke-width=\"2\" stroke-linecap=\"round\" stroke-linejoin=\"round\"><rect x=\"3\" y=\"4\" width=\"18\" height=\"18\" rx=\"2\" ry=\"2\"><\/rect><line x1=\"16\" y1=\"2\" x2=\"16\" y2=\"6\"><\/line><line x1=\"8\" y1=\"2\" x2=\"8\" y2=\"6\"><\/line><line x1=\"3\" y1=\"10\" x2=\"21\" y2=\"10\"><\/line><\/svg><span>October 29th 2025<\/span><\/li><\/ul><\/div><\/div><\/div><\/li><li data-lat=\"\" data-lng=\"\" data-icon=\"https:\/\/events.spain.info\/wp-content\/themes\/eventchamp\/include\/assets\/img\/map-marker.png\"><div class=\"gt-map-popup-wrapper\"><div class=\"gt-map-popup\" style=\"background-image:url(https:\/\/events.spain.info\/wp-content\/uploads\/2025\/07\/059-2025_formacion-Paradores-OETs-350x350.jpg);\"><a href=\"https:\/\/events.spain.info\/en\/event\/paradores-y-el-segmento-mice-los-espacios-de-la-red-como-sedes-de-eventos-corporativos-internacionales\/\"><\/a><div class=\"gt-inner\"><ul class=\"gt-top-links\"><li class=\"gt-status\"><div class=\"gt-event-status\">Expired<\/div><\/li><\/ul><div class=\"gt-title\">PARADORES Y EL SEGMENTO MICE: Los espacios de la red como sedes de eventos corporativos internacionales<\/div><ul class=\"gt-bottom-links\"><li class=\"gt-category\"><svg xmlns=\"http:\/\/www.w3.org\/2000\/svg\" viewBox=\"0 0 24 24\" fill=\"none\" stroke=\"currentColor\" stroke-width=\"2\" stroke-linecap=\"round\" stroke-linejoin=\"round\"><path d=\"M22 19a2 2 0 0 1-2 2H4a2 2 0 0 1-2-2V5a2 2 0 0 1 2-2h5l2 3h9a2 2 0 0 1 2 2z\"><\/path><\/svg><ul><li class=\"gt-category-233\"><a href=\"https:\/\/events.spain.info\/en\/eventcat\/formacion-online\/?post_type=event\">Formaci\u00f3n online<\/a><\/li><li class=\"gt-category-231\"><a href=\"https:\/\/events.spain.info\/en\/eventcat\/presentaciones\/?post_type=event\">Presentaciones<\/a><\/li><\/ul><\/li><li class=\"gt-location\"><svg xmlns=\"http:\/\/www.w3.org\/2000\/svg\" viewBox=\"0 0 24 24\" fill=\"none\" stroke=\"currentColor\" stroke-width=\"2\" stroke-linecap=\"round\" stroke-linejoin=\"round\"><path d=\"M21 10c0 7-9 13-9 13s-9-6-9-13a9 9 0 0 1 18 0z\"><\/path><circle cx=\"12\" cy=\"10\" r=\"3\"><\/circle><\/svg><ul><li class=\"gt-category-224\"><a href=\"https:\/\/events.spain.info\/en\/location\/evento-virtual\/?post_type=event\">Evento virtual<\/a><\/li><\/ul><\/li><li class=\"gt-date\"><svg xmlns=\"http:\/\/www.w3.org\/2000\/svg\" viewBox=\"0 0 24 24\" fill=\"none\" stroke=\"currentColor\" stroke-width=\"2\" stroke-linecap=\"round\" stroke-linejoin=\"round\"><rect x=\"3\" y=\"4\" width=\"18\" height=\"18\" rx=\"2\" ry=\"2\"><\/rect><line x1=\"16\" y1=\"2\" x2=\"16\" y2=\"6\"><\/line><line x1=\"8\" y1=\"2\" x2=\"8\" y2=\"6\"><\/line><line x1=\"3\" y1=\"10\" x2=\"21\" y2=\"10\"><\/line><\/svg><span>June 24th 2025<\/span><\/li><\/ul><\/div><\/div><\/div><\/li><li data-lat=\"\" data-lng=\"\" data-icon=\"https:\/\/events.spain.info\/wp-content\/themes\/eventchamp\/include\/assets\/img\/map-marker.png\"><div class=\"gt-map-popup-wrapper\"><div class=\"gt-map-popup\" style=\"background-image:url(https:\/\/events.spain.info\/wp-content\/uploads\/2025\/05\/065-2025_Presentaciones-de-mercado-Corea-1920-x-1168-350x350.jpg);\"><a href=\"https:\/\/events.spain.info\/en\/event\/presentaciones-de-mercado-corea\/\"><\/a><div class=\"gt-inner\"><ul class=\"gt-top-links\"><li class=\"gt-status\"><div class=\"gt-event-status\">Expired<\/div><\/li><\/ul><div class=\"gt-title\">Presentaciones de mercado: Corea<\/div><ul class=\"gt-bottom-links\"><li class=\"gt-category\"><svg xmlns=\"http:\/\/www.w3.org\/2000\/svg\" viewBox=\"0 0 24 24\" fill=\"none\" stroke=\"currentColor\" stroke-width=\"2\" stroke-linecap=\"round\" stroke-linejoin=\"round\"><path d=\"M22 19a2 2 0 0 1-2 2H4a2 2 0 0 1-2-2V5a2 2 0 0 1 2-2h5l2 3h9a2 2 0 0 1 2 2z\"><\/path><\/svg><ul><li class=\"gt-category-231\"><a href=\"https:\/\/events.spain.info\/en\/eventcat\/presentaciones\/?post_type=event\">Presentaciones<\/a><\/li><\/ul><\/li><li class=\"gt-location\"><svg xmlns=\"http:\/\/www.w3.org\/2000\/svg\" viewBox=\"0 0 24 24\" fill=\"none\" stroke=\"currentColor\" stroke-width=\"2\" stroke-linecap=\"round\" stroke-linejoin=\"round\"><path d=\"M21 10c0 7-9 13-9 13s-9-6-9-13a9 9 0 0 1 18 0z\"><\/path><circle cx=\"12\" cy=\"10\" r=\"3\"><\/circle><\/svg><ul><li class=\"gt-category-224\"><a href=\"https:\/\/events.spain.info\/en\/location\/evento-virtual\/?post_type=event\">Evento virtual<\/a><\/li><\/ul><\/li><li class=\"gt-date\"><svg xmlns=\"http:\/\/www.w3.org\/2000\/svg\" viewBox=\"0 0 24 24\" fill=\"none\" stroke=\"currentColor\" stroke-width=\"2\" stroke-linecap=\"round\" stroke-linejoin=\"round\"><rect x=\"3\" y=\"4\" width=\"18\" height=\"18\" rx=\"2\" ry=\"2\"><\/rect><line x1=\"16\" y1=\"2\" x2=\"16\" y2=\"6\"><\/line><line x1=\"8\" y1=\"2\" x2=\"8\" y2=\"6\"><\/line><line x1=\"3\" y1=\"10\" x2=\"21\" y2=\"10\"><\/line><\/svg><span>July 3rd 2025<\/span><\/li><\/ul><\/div><\/div><\/div><\/li><li data-lat=\"\" data-lng=\"\" data-icon=\"https:\/\/events.spain.info\/wp-content\/themes\/eventchamp\/include\/assets\/img\/map-marker.png\"><div class=\"gt-map-popup-wrapper\"><div class=\"gt-map-popup\" style=\"background-image:url(https:\/\/events.spain.info\/wp-content\/uploads\/2025\/05\/064-2025_Presentaciones-de-mercado-Austria-Suiza-1920-x-1168-350x350.jpg);\"><a href=\"https:\/\/events.spain.info\/en\/event\/presentaciones-de-mercado-austria-y-suiza\/\"><\/a><div class=\"gt-inner\"><ul class=\"gt-top-links\"><li class=\"gt-status\"><div class=\"gt-event-status\">Expired<\/div><\/li><\/ul><div class=\"gt-title\">Presentaciones de mercado: Austria y Suiza<\/div><ul class=\"gt-bottom-links\"><li class=\"gt-category\"><svg xmlns=\"http:\/\/www.w3.org\/2000\/svg\" viewBox=\"0 0 24 24\" fill=\"none\" stroke=\"currentColor\" stroke-width=\"2\" stroke-linecap=\"round\" stroke-linejoin=\"round\"><path d=\"M22 19a2 2 0 0 1-2 2H4a2 2 0 0 1-2-2V5a2 2 0 0 1 2-2h5l2 3h9a2 2 0 0 1 2 2z\"><\/path><\/svg><ul><li class=\"gt-category-231\"><a href=\"https:\/\/events.spain.info\/en\/eventcat\/presentaciones\/?post_type=event\">Presentaciones<\/a><\/li><\/ul><\/li><li class=\"gt-location\"><svg xmlns=\"http:\/\/www.w3.org\/2000\/svg\" viewBox=\"0 0 24 24\" fill=\"none\" stroke=\"currentColor\" stroke-width=\"2\" stroke-linecap=\"round\" stroke-linejoin=\"round\"><path d=\"M21 10c0 7-9 13-9 13s-9-6-9-13a9 9 0 0 1 18 0z\"><\/path><circle cx=\"12\" cy=\"10\" r=\"3\"><\/circle><\/svg><ul><li class=\"gt-category-224\"><a href=\"https:\/\/events.spain.info\/en\/location\/evento-virtual\/?post_type=event\">Evento virtual<\/a><\/li><\/ul><\/li><li class=\"gt-date\"><svg xmlns=\"http:\/\/www.w3.org\/2000\/svg\" viewBox=\"0 0 24 24\" fill=\"none\" stroke=\"currentColor\" stroke-width=\"2\" stroke-linecap=\"round\" stroke-linejoin=\"round\"><rect x=\"3\" y=\"4\" width=\"18\" height=\"18\" rx=\"2\" ry=\"2\"><\/rect><line x1=\"16\" y1=\"2\" x2=\"16\" y2=\"6\"><\/line><line x1=\"8\" y1=\"2\" x2=\"8\" y2=\"6\"><\/line><line x1=\"3\" y1=\"10\" x2=\"21\" y2=\"10\"><\/line><\/svg><span>June 17th 2025<\/span><\/li><\/ul><\/div><\/div><\/div><\/li><li data-lat=\"\" data-lng=\"\" data-icon=\"https:\/\/events.spain.info\/wp-content\/themes\/eventchamp\/include\/assets\/img\/map-marker.png\"><div class=\"gt-map-popup-wrapper\"><div class=\"gt-map-popup\" style=\"background-image:url(https:\/\/events.spain.info\/wp-content\/uploads\/2025\/05\/063-2025_Presentaciones-de-mercado-Sudeste-Asiatico_1920x1168-350x350.jpg);\"><a href=\"https:\/\/events.spain.info\/en\/event\/presentaciones-de-mercado-sudeste-asiatico-2\/\"><\/a><div class=\"gt-inner\"><ul class=\"gt-top-links\"><li class=\"gt-status\"><div class=\"gt-event-status\">Expired<\/div><\/li><\/ul><div class=\"gt-title\">Presentaciones de mercado: Sudeste asi\u00e1tico<\/div><ul class=\"gt-bottom-links\"><li class=\"gt-category\"><svg xmlns=\"http:\/\/www.w3.org\/2000\/svg\" viewBox=\"0 0 24 24\" fill=\"none\" stroke=\"currentColor\" stroke-width=\"2\" stroke-linecap=\"round\" stroke-linejoin=\"round\"><path d=\"M22 19a2 2 0 0 1-2 2H4a2 2 0 0 1-2-2V5a2 2 0 0 1 2-2h5l2 3h9a2 2 0 0 1 2 2z\"><\/path><\/svg><ul><li class=\"gt-category-231\"><a href=\"https:\/\/events.spain.info\/en\/eventcat\/presentaciones\/?post_type=event\">Presentaciones<\/a><\/li><\/ul><\/li><li class=\"gt-location\"><svg xmlns=\"http:\/\/www.w3.org\/2000\/svg\" viewBox=\"0 0 24 24\" fill=\"none\" stroke=\"currentColor\" stroke-width=\"2\" stroke-linecap=\"round\" stroke-linejoin=\"round\"><path d=\"M21 10c0 7-9 13-9 13s-9-6-9-13a9 9 0 0 1 18 0z\"><\/path><circle cx=\"12\" cy=\"10\" r=\"3\"><\/circle><\/svg><ul><li class=\"gt-category-224\"><a href=\"https:\/\/events.spain.info\/en\/location\/evento-virtual\/?post_type=event\">Evento virtual<\/a><\/li><\/ul><\/li><li class=\"gt-date\"><svg xmlns=\"http:\/\/www.w3.org\/2000\/svg\" viewBox=\"0 0 24 24\" fill=\"none\" stroke=\"currentColor\" stroke-width=\"2\" stroke-linecap=\"round\" stroke-linejoin=\"round\"><rect x=\"3\" y=\"4\" width=\"18\" height=\"18\" rx=\"2\" ry=\"2\"><\/rect><line x1=\"16\" y1=\"2\" x2=\"16\" y2=\"6\"><\/line><line x1=\"8\" y1=\"2\" x2=\"8\" y2=\"6\"><\/line><line x1=\"3\" y1=\"10\" x2=\"21\" y2=\"10\"><\/line><\/svg><span>June 4th 2025<\/span><\/li><\/ul><\/div><\/div><\/div><\/li><li data-lat=\"\" data-lng=\"\" data-icon=\"https:\/\/events.spain.info\/wp-content\/themes\/eventchamp\/include\/assets\/img\/map-marker.png\"><div class=\"gt-map-popup-wrapper\"><div class=\"gt-map-popup\" style=\"background-image:url(https:\/\/events.spain.info\/wp-content\/uploads\/2025\/04\/062-2025_40aniversario-tourspain-350x350.jpg);\"><a href=\"https:\/\/events.spain.info\/en\/event\/turespana-1985-2025-40-anos-construyendo-la-marca-turistica-espana\/\"><\/a><div class=\"gt-inner\"><ul class=\"gt-top-links\"><li class=\"gt-status\"><div class=\"gt-event-status\">Expired<\/div><\/li><\/ul><div class=\"gt-title\">TURESPA\u00d1A\u00a0 1985-2025. 40 a\u00f1os construyendo la marca tur\u00edstica Espa\u00f1a<\/div><ul class=\"gt-bottom-links\"><li class=\"gt-category\"><svg xmlns=\"http:\/\/www.w3.org\/2000\/svg\" viewBox=\"0 0 24 24\" fill=\"none\" stroke=\"currentColor\" stroke-width=\"2\" stroke-linecap=\"round\" stroke-linejoin=\"round\"><path d=\"M22 19a2 2 0 0 1-2 2H4a2 2 0 0 1-2-2V5a2 2 0 0 1 2-2h5l2 3h9a2 2 0 0 1 2 2z\"><\/path><\/svg><ul><li class=\"gt-category-231\"><a href=\"https:\/\/events.spain.info\/en\/eventcat\/presentaciones\/?post_type=event\">Presentaciones<\/a><\/li><\/ul><\/li><li class=\"gt-date\"><svg xmlns=\"http:\/\/www.w3.org\/2000\/svg\" viewBox=\"0 0 24 24\" fill=\"none\" stroke=\"currentColor\" stroke-width=\"2\" stroke-linecap=\"round\" stroke-linejoin=\"round\"><rect x=\"3\" y=\"4\" width=\"18\" height=\"18\" rx=\"2\" ry=\"2\"><\/rect><line x1=\"16\" y1=\"2\" x2=\"16\" y2=\"6\"><\/line><line x1=\"8\" y1=\"2\" x2=\"8\" y2=\"6\"><\/line><line x1=\"3\" y1=\"10\" x2=\"21\" y2=\"10\"><\/line><\/svg><span>April 24th 2025<\/span><\/li><\/ul><\/div><\/div><\/div><\/li><li data-lat=\"\" data-lng=\"\" data-icon=\"https:\/\/events.spain.info\/wp-content\/themes\/eventchamp\/include\/assets\/img\/map-marker.png\"><div class=\"gt-map-popup-wrapper\"><div class=\"gt-map-popup\" style=\"background-image:url(https:\/\/events.spain.info\/wp-content\/uploads\/2025\/04\/061-2025_Presentacion-mercado-Portugal-1920-x-1168-350x350.jpg);\"><a href=\"https:\/\/events.spain.info\/en\/event\/presentaciones-de-mercado-portugal\/\"><\/a><div class=\"gt-inner\"><ul class=\"gt-top-links\"><li class=\"gt-status\"><div class=\"gt-event-status\">Expired<\/div><\/li><\/ul><div class=\"gt-title\">Presentaciones de mercado: Portugal<\/div><ul class=\"gt-bottom-links\"><li class=\"gt-category\"><svg xmlns=\"http:\/\/www.w3.org\/2000\/svg\" viewBox=\"0 0 24 24\" fill=\"none\" stroke=\"currentColor\" stroke-width=\"2\" stroke-linecap=\"round\" stroke-linejoin=\"round\"><path d=\"M22 19a2 2 0 0 1-2 2H4a2 2 0 0 1-2-2V5a2 2 0 0 1 2-2h5l2 3h9a2 2 0 0 1 2 2z\"><\/path><\/svg><ul><li class=\"gt-category-231\"><a href=\"https:\/\/events.spain.info\/en\/eventcat\/presentaciones\/?post_type=event\">Presentaciones<\/a><\/li><\/ul><\/li><li class=\"gt-location\"><svg xmlns=\"http:\/\/www.w3.org\/2000\/svg\" viewBox=\"0 0 24 24\" fill=\"none\" stroke=\"currentColor\" stroke-width=\"2\" stroke-linecap=\"round\" stroke-linejoin=\"round\"><path d=\"M21 10c0 7-9 13-9 13s-9-6-9-13a9 9 0 0 1 18 0z\"><\/path><circle cx=\"12\" cy=\"10\" r=\"3\"><\/circle><\/svg><ul><li class=\"gt-category-224\"><a href=\"https:\/\/events.spain.info\/en\/location\/evento-virtual\/?post_type=event\">Evento virtual<\/a><\/li><\/ul><\/li><li class=\"gt-date\"><svg xmlns=\"http:\/\/www.w3.org\/2000\/svg\" viewBox=\"0 0 24 24\" fill=\"none\" stroke=\"currentColor\" stroke-width=\"2\" stroke-linecap=\"round\" stroke-linejoin=\"round\"><rect x=\"3\" y=\"4\" width=\"18\" height=\"18\" rx=\"2\" ry=\"2\"><\/rect><line x1=\"16\" y1=\"2\" x2=\"16\" y2=\"6\"><\/line><line x1=\"8\" y1=\"2\" x2=\"8\" y2=\"6\"><\/line><line x1=\"3\" y1=\"10\" x2=\"21\" y2=\"10\"><\/line><\/svg><span>May 21st 2025<\/span><\/li><\/ul><\/div><\/div><\/div><\/li><li data-lat=\"\" data-lng=\"\" data-icon=\"https:\/\/events.spain.info\/wp-content\/themes\/eventchamp\/include\/assets\/img\/map-marker.png\"><div class=\"gt-map-popup-wrapper\"><div class=\"gt-map-popup\" style=\"background-image:url(https:\/\/events.spain.info\/wp-content\/uploads\/2025\/04\/060-2025_presentacion-mercado-China_1920x1168-350x350.jpg);\"><a href=\"https:\/\/events.spain.info\/en\/event\/presentaciones-de-mercado-china\/\"><\/a><div class=\"gt-inner\"><ul class=\"gt-top-links\"><li class=\"gt-status\"><div class=\"gt-event-status\">Expired<\/div><\/li><\/ul><div class=\"gt-title\">Presentaciones de mercado: China<\/div><ul class=\"gt-bottom-links\"><li class=\"gt-category\"><svg xmlns=\"http:\/\/www.w3.org\/2000\/svg\" viewBox=\"0 0 24 24\" fill=\"none\" stroke=\"currentColor\" stroke-width=\"2\" stroke-linecap=\"round\" stroke-linejoin=\"round\"><path d=\"M22 19a2 2 0 0 1-2 2H4a2 2 0 0 1-2-2V5a2 2 0 0 1 2-2h5l2 3h9a2 2 0 0 1 2 2z\"><\/path><\/svg><ul><li class=\"gt-category-231\"><a href=\"https:\/\/events.spain.info\/en\/eventcat\/presentaciones\/?post_type=event\">Presentaciones<\/a><\/li><\/ul><\/li><li class=\"gt-location\"><svg xmlns=\"http:\/\/www.w3.org\/2000\/svg\" viewBox=\"0 0 24 24\" fill=\"none\" stroke=\"currentColor\" stroke-width=\"2\" stroke-linecap=\"round\" stroke-linejoin=\"round\"><path d=\"M21 10c0 7-9 13-9 13s-9-6-9-13a9 9 0 0 1 18 0z\"><\/path><circle cx=\"12\" cy=\"10\" r=\"3\"><\/circle><\/svg><ul><li class=\"gt-category-224\"><a href=\"https:\/\/events.spain.info\/en\/location\/evento-virtual\/?post_type=event\">Evento virtual<\/a><\/li><\/ul><\/li><li class=\"gt-date\"><svg xmlns=\"http:\/\/www.w3.org\/2000\/svg\" viewBox=\"0 0 24 24\" fill=\"none\" stroke=\"currentColor\" stroke-width=\"2\" stroke-linecap=\"round\" stroke-linejoin=\"round\"><rect x=\"3\" y=\"4\" width=\"18\" height=\"18\" rx=\"2\" ry=\"2\"><\/rect><line x1=\"16\" y1=\"2\" x2=\"16\" y2=\"6\"><\/line><line x1=\"8\" y1=\"2\" x2=\"8\" y2=\"6\"><\/line><line x1=\"3\" y1=\"10\" x2=\"21\" y2=\"10\"><\/line><\/svg><span>May 14th 2025<\/span><\/li><\/ul><\/div><\/div><\/div><\/li><li data-lat=\"\" data-lng=\"\" data-icon=\"https:\/\/events.spain.info\/wp-content\/themes\/eventchamp\/include\/assets\/img\/map-marker.png\"><div class=\"gt-map-popup-wrapper\"><div class=\"gt-map-popup\" style=\"background-image:url(https:\/\/events.spain.info\/wp-content\/uploads\/2025\/03\/055-2025_Presentaciones-de-mercado-Italia_1920x1168-350x350.jpg);\"><a href=\"https:\/\/events.spain.info\/en\/event\/presentaciones-de-mercado-italia-2\/\"><\/a><div class=\"gt-inner\"><ul class=\"gt-top-links\"><li class=\"gt-status\"><div class=\"gt-event-status\">Expired<\/div><\/li><\/ul><div class=\"gt-title\">Presentaciones de mercado: Italia<\/div><ul class=\"gt-bottom-links\"><li class=\"gt-category\"><svg xmlns=\"http:\/\/www.w3.org\/2000\/svg\" viewBox=\"0 0 24 24\" fill=\"none\" stroke=\"currentColor\" stroke-width=\"2\" stroke-linecap=\"round\" stroke-linejoin=\"round\"><path d=\"M22 19a2 2 0 0 1-2 2H4a2 2 0 0 1-2-2V5a2 2 0 0 1 2-2h5l2 3h9a2 2 0 0 1 2 2z\"><\/path><\/svg><ul><li class=\"gt-category-231\"><a href=\"https:\/\/events.spain.info\/en\/eventcat\/presentaciones\/?post_type=event\">Presentaciones<\/a><\/li><\/ul><\/li><li class=\"gt-location\"><svg xmlns=\"http:\/\/www.w3.org\/2000\/svg\" viewBox=\"0 0 24 24\" fill=\"none\" stroke=\"currentColor\" stroke-width=\"2\" stroke-linecap=\"round\" stroke-linejoin=\"round\"><path d=\"M21 10c0 7-9 13-9 13s-9-6-9-13a9 9 0 0 1 18 0z\"><\/path><circle cx=\"12\" cy=\"10\" r=\"3\"><\/circle><\/svg><ul><li class=\"gt-category-224\"><a href=\"https:\/\/events.spain.info\/en\/location\/evento-virtual\/?post_type=event\">Evento virtual<\/a><\/li><\/ul><\/li><li class=\"gt-date\"><svg xmlns=\"http:\/\/www.w3.org\/2000\/svg\" viewBox=\"0 0 24 24\" fill=\"none\" stroke=\"currentColor\" stroke-width=\"2\" stroke-linecap=\"round\" stroke-linejoin=\"round\"><rect x=\"3\" y=\"4\" width=\"18\" height=\"18\" rx=\"2\" ry=\"2\"><\/rect><line x1=\"16\" y1=\"2\" x2=\"16\" y2=\"6\"><\/line><line x1=\"8\" y1=\"2\" x2=\"8\" y2=\"6\"><\/line><line x1=\"3\" y1=\"10\" x2=\"21\" y2=\"10\"><\/line><\/svg><span>March 25th 2025<\/span><\/li><\/ul><\/div><\/div><\/div><\/li><li data-lat=\"\" data-lng=\"\" data-icon=\"https:\/\/events.spain.info\/wp-content\/themes\/eventchamp\/include\/assets\/img\/map-marker.png\"><div class=\"gt-map-popup-wrapper\"><div class=\"gt-map-popup\" style=\"background-image:url(https:\/\/events.spain.info\/wp-content\/uploads\/2025\/03\/057-2025_Presentaciones-de-mercado-Francia_1920x1168-350x350.jpg);\"><a href=\"https:\/\/events.spain.info\/en\/event\/presentaciones-de-mercado-francia-2\/\"><\/a><div class=\"gt-inner\"><ul class=\"gt-top-links\"><li class=\"gt-status\"><div class=\"gt-event-status\">Expired<\/div><\/li><\/ul><div class=\"gt-title\">Presentaciones de mercado: Francia<\/div><ul class=\"gt-bottom-links\"><li class=\"gt-category\"><svg xmlns=\"http:\/\/www.w3.org\/2000\/svg\" viewBox=\"0 0 24 24\" fill=\"none\" stroke=\"currentColor\" stroke-width=\"2\" stroke-linecap=\"round\" stroke-linejoin=\"round\"><path d=\"M22 19a2 2 0 0 1-2 2H4a2 2 0 0 1-2-2V5a2 2 0 0 1 2-2h5l2 3h9a2 2 0 0 1 2 2z\"><\/path><\/svg><ul><li class=\"gt-category-231\"><a href=\"https:\/\/events.spain.info\/en\/eventcat\/presentaciones\/?post_type=event\">Presentaciones<\/a><\/li><\/ul><\/li><li class=\"gt-location\"><svg xmlns=\"http:\/\/www.w3.org\/2000\/svg\" viewBox=\"0 0 24 24\" fill=\"none\" stroke=\"currentColor\" stroke-width=\"2\" stroke-linecap=\"round\" stroke-linejoin=\"round\"><path d=\"M21 10c0 7-9 13-9 13s-9-6-9-13a9 9 0 0 1 18 0z\"><\/path><circle cx=\"12\" cy=\"10\" r=\"3\"><\/circle><\/svg><ul><li class=\"gt-category-224\"><a href=\"https:\/\/events.spain.info\/en\/location\/evento-virtual\/?post_type=event\">Evento virtual<\/a><\/li><\/ul><\/li><li class=\"gt-date\"><svg xmlns=\"http:\/\/www.w3.org\/2000\/svg\" viewBox=\"0 0 24 24\" fill=\"none\" stroke=\"currentColor\" stroke-width=\"2\" stroke-linecap=\"round\" stroke-linejoin=\"round\"><rect x=\"3\" y=\"4\" width=\"18\" height=\"18\" rx=\"2\" ry=\"2\"><\/rect><line x1=\"16\" y1=\"2\" x2=\"16\" y2=\"6\"><\/line><line x1=\"8\" y1=\"2\" x2=\"8\" y2=\"6\"><\/line><line x1=\"3\" y1=\"10\" x2=\"21\" y2=\"10\"><\/line><\/svg><span>April 30th 2025<\/span><\/li><\/ul><\/div><\/div><\/div><\/li><li data-lat=\"\" data-lng=\"\" data-icon=\"https:\/\/events.spain.info\/wp-content\/themes\/eventchamp\/include\/assets\/img\/map-marker.png\"><div class=\"gt-map-popup-wrapper\"><div class=\"gt-map-popup\" style=\"background-image:url(https:\/\/events.spain.info\/wp-content\/uploads\/2025\/03\/058-2025_webinar-rutas-paradores-OET-Bombay_1920x1168-350x350.jpg);\"><a href=\"https:\/\/events.spain.info\/en\/event\/emblematic-routes-in-spain-with-paradores\/\"><\/a><div class=\"gt-inner\"><ul class=\"gt-top-links\"><li class=\"gt-status\"><div class=\"gt-event-status\">Expired<\/div><\/li><\/ul><div class=\"gt-title\">Emblematic routes in Spain with Paradores<\/div><ul class=\"gt-bottom-links\"><li class=\"gt-category\"><svg xmlns=\"http:\/\/www.w3.org\/2000\/svg\" viewBox=\"0 0 24 24\" fill=\"none\" stroke=\"currentColor\" stroke-width=\"2\" stroke-linecap=\"round\" stroke-linejoin=\"round\"><path d=\"M22 19a2 2 0 0 1-2 2H4a2 2 0 0 1-2-2V5a2 2 0 0 1 2-2h5l2 3h9a2 2 0 0 1 2 2z\"><\/path><\/svg><ul><li class=\"gt-category-231\"><a href=\"https:\/\/events.spain.info\/en\/eventcat\/presentaciones\/?post_type=event\">Presentaciones<\/a><\/li><\/ul><\/li><li class=\"gt-location\"><svg xmlns=\"http:\/\/www.w3.org\/2000\/svg\" viewBox=\"0 0 24 24\" fill=\"none\" stroke=\"currentColor\" stroke-width=\"2\" stroke-linecap=\"round\" stroke-linejoin=\"round\"><path d=\"M21 10c0 7-9 13-9 13s-9-6-9-13a9 9 0 0 1 18 0z\"><\/path><circle cx=\"12\" cy=\"10\" r=\"3\"><\/circle><\/svg><ul><li class=\"gt-category-224\"><a href=\"https:\/\/events.spain.info\/en\/location\/evento-virtual\/?post_type=event\">Evento virtual<\/a><\/li><\/ul><\/li><li class=\"gt-date\"><svg xmlns=\"http:\/\/www.w3.org\/2000\/svg\" viewBox=\"0 0 24 24\" fill=\"none\" stroke=\"currentColor\" stroke-width=\"2\" stroke-linecap=\"round\" stroke-linejoin=\"round\"><rect x=\"3\" y=\"4\" width=\"18\" height=\"18\" rx=\"2\" ry=\"2\"><\/rect><line x1=\"16\" y1=\"2\" x2=\"16\" y2=\"6\"><\/line><line x1=\"8\" y1=\"2\" x2=\"8\" y2=\"6\"><\/line><line x1=\"3\" y1=\"10\" x2=\"21\" y2=\"10\"><\/line><\/svg><span>April 2nd 2025<\/span><\/li><\/ul><\/div><\/div><\/div><\/li><li data-lat=\"\" data-lng=\"\" data-icon=\"https:\/\/events.spain.info\/wp-content\/themes\/eventchamp\/include\/assets\/img\/map-marker.png\"><div class=\"gt-map-popup-wrapper\"><div class=\"gt-map-popup\" style=\"background-image:url(https:\/\/events.spain.info\/wp-content\/uploads\/2025\/03\/056-2025_Presentaciones-de-mercado-Paises-Golfo-Persico_1920x1168-350x350.jpg);\"><a href=\"https:\/\/events.spain.info\/en\/event\/presentaciones-de-mercado-paises-del-golfo-persico\/\"><\/a><div class=\"gt-inner\"><ul class=\"gt-top-links\"><li class=\"gt-status\"><div class=\"gt-event-status\">Expired<\/div><\/li><\/ul><div class=\"gt-title\">Presentaciones de mercado: Pa\u00edses del Golfo P\u00e9rsico<\/div><ul class=\"gt-bottom-links\"><li class=\"gt-category\"><svg xmlns=\"http:\/\/www.w3.org\/2000\/svg\" viewBox=\"0 0 24 24\" fill=\"none\" stroke=\"currentColor\" stroke-width=\"2\" stroke-linecap=\"round\" stroke-linejoin=\"round\"><path d=\"M22 19a2 2 0 0 1-2 2H4a2 2 0 0 1-2-2V5a2 2 0 0 1 2-2h5l2 3h9a2 2 0 0 1 2 2z\"><\/path><\/svg><ul><li class=\"gt-category-231\"><a href=\"https:\/\/events.spain.info\/en\/eventcat\/presentaciones\/?post_type=event\">Presentaciones<\/a><\/li><\/ul><\/li><li class=\"gt-location\"><svg xmlns=\"http:\/\/www.w3.org\/2000\/svg\" viewBox=\"0 0 24 24\" fill=\"none\" stroke=\"currentColor\" stroke-width=\"2\" stroke-linecap=\"round\" stroke-linejoin=\"round\"><path d=\"M21 10c0 7-9 13-9 13s-9-6-9-13a9 9 0 0 1 18 0z\"><\/path><circle cx=\"12\" cy=\"10\" r=\"3\"><\/circle><\/svg><ul><li class=\"gt-category-224\"><a href=\"https:\/\/events.spain.info\/en\/location\/evento-virtual\/?post_type=event\">Evento virtual<\/a><\/li><\/ul><\/li><li class=\"gt-date\"><svg xmlns=\"http:\/\/www.w3.org\/2000\/svg\" viewBox=\"0 0 24 24\" fill=\"none\" stroke=\"currentColor\" stroke-width=\"2\" stroke-linecap=\"round\" stroke-linejoin=\"round\"><rect x=\"3\" y=\"4\" width=\"18\" height=\"18\" rx=\"2\" ry=\"2\"><\/rect><line x1=\"16\" y1=\"2\" x2=\"16\" y2=\"6\"><\/line><line x1=\"8\" y1=\"2\" x2=\"8\" y2=\"6\"><\/line><line x1=\"3\" y1=\"10\" x2=\"21\" y2=\"10\"><\/line><\/svg><span>April 9th 2025<\/span><\/li><\/ul><\/div><\/div><\/div><\/li><li data-lat=\"\" data-lng=\"\" data-icon=\"https:\/\/events.spain.info\/wp-content\/themes\/eventchamp\/include\/assets\/img\/map-marker.png\"><div class=\"gt-map-popup-wrapper\"><div class=\"gt-map-popup\" style=\"background-image:url(https:\/\/events.spain.info\/wp-content\/uploads\/2025\/03\/052-2025_Presentaciones-de-mercado-Alemania_1920x1168-350x350.jpg);\"><a href=\"https:\/\/events.spain.info\/en\/event\/presentaciones-de-mercado-alemania\/\"><\/a><div class=\"gt-inner\"><ul class=\"gt-top-links\"><li class=\"gt-status\"><div class=\"gt-event-status\">Expired<\/div><\/li><\/ul><div class=\"gt-title\">Presentaciones de mercado: Alemania<\/div><ul class=\"gt-bottom-links\"><li class=\"gt-category\"><svg xmlns=\"http:\/\/www.w3.org\/2000\/svg\" viewBox=\"0 0 24 24\" fill=\"none\" stroke=\"currentColor\" stroke-width=\"2\" stroke-linecap=\"round\" stroke-linejoin=\"round\"><path d=\"M22 19a2 2 0 0 1-2 2H4a2 2 0 0 1-2-2V5a2 2 0 0 1 2-2h5l2 3h9a2 2 0 0 1 2 2z\"><\/path><\/svg><ul><li class=\"gt-category-231\"><a href=\"https:\/\/events.spain.info\/en\/eventcat\/presentaciones\/?post_type=event\">Presentaciones<\/a><\/li><\/ul><\/li><li class=\"gt-location\"><svg xmlns=\"http:\/\/www.w3.org\/2000\/svg\" viewBox=\"0 0 24 24\" fill=\"none\" stroke=\"currentColor\" stroke-width=\"2\" stroke-linecap=\"round\" stroke-linejoin=\"round\"><path d=\"M21 10c0 7-9 13-9 13s-9-6-9-13a9 9 0 0 1 18 0z\"><\/path><circle cx=\"12\" cy=\"10\" r=\"3\"><\/circle><\/svg><ul><li class=\"gt-category-224\"><a href=\"https:\/\/events.spain.info\/en\/location\/evento-virtual\/?post_type=event\">Evento virtual<\/a><\/li><\/ul><\/li><li class=\"gt-date\"><svg xmlns=\"http:\/\/www.w3.org\/2000\/svg\" viewBox=\"0 0 24 24\" fill=\"none\" stroke=\"currentColor\" stroke-width=\"2\" stroke-linecap=\"round\" stroke-linejoin=\"round\"><rect x=\"3\" y=\"4\" width=\"18\" height=\"18\" rx=\"2\" ry=\"2\"><\/rect><line x1=\"16\" y1=\"2\" x2=\"16\" y2=\"6\"><\/line><line x1=\"8\" y1=\"2\" x2=\"8\" y2=\"6\"><\/line><line x1=\"3\" y1=\"10\" x2=\"21\" y2=\"10\"><\/line><\/svg><span>February 19th 2025<\/span><\/li><\/ul><\/div><\/div><\/div><\/li><li data-lat=\"\" data-lng=\"\" data-icon=\"https:\/\/events.spain.info\/wp-content\/themes\/eventchamp\/include\/assets\/img\/map-marker.png\"><div class=\"gt-map-popup-wrapper\"><div class=\"gt-map-popup\" style=\"background-image:url(https:\/\/events.spain.info\/wp-content\/uploads\/2025\/02\/051-2025_webinar-filipinos_1920x1168-350x350.jpg);\"><a href=\"https:\/\/events.spain.info\/en\/event\/spain-2025-unlocking-new-horizons-a-virtual-journey-for-filipino-travel-agents\/\"><\/a><div class=\"gt-inner\"><ul class=\"gt-top-links\"><li class=\"gt-status\"><div class=\"gt-event-status\">Expired<\/div><\/li><\/ul><div class=\"gt-title\">Spain 2025: Unlocking New Horizons \u2013 A Virtual Journey for Filipino Travel Agents<\/div><ul class=\"gt-bottom-links\"><li class=\"gt-category\"><svg xmlns=\"http:\/\/www.w3.org\/2000\/svg\" viewBox=\"0 0 24 24\" fill=\"none\" stroke=\"currentColor\" stroke-width=\"2\" stroke-linecap=\"round\" stroke-linejoin=\"round\"><path d=\"M22 19a2 2 0 0 1-2 2H4a2 2 0 0 1-2-2V5a2 2 0 0 1 2-2h5l2 3h9a2 2 0 0 1 2 2z\"><\/path><\/svg><ul><li class=\"gt-category-231\"><a href=\"https:\/\/events.spain.info\/en\/eventcat\/presentaciones\/?post_type=event\">Presentaciones<\/a><\/li><\/ul><\/li><li class=\"gt-location\"><svg xmlns=\"http:\/\/www.w3.org\/2000\/svg\" viewBox=\"0 0 24 24\" fill=\"none\" stroke=\"currentColor\" stroke-width=\"2\" stroke-linecap=\"round\" stroke-linejoin=\"round\"><path d=\"M21 10c0 7-9 13-9 13s-9-6-9-13a9 9 0 0 1 18 0z\"><\/path><circle cx=\"12\" cy=\"10\" r=\"3\"><\/circle><\/svg><ul><li class=\"gt-category-224\"><a href=\"https:\/\/events.spain.info\/en\/location\/evento-virtual\/?post_type=event\">Evento virtual<\/a><\/li><\/ul><\/li><li class=\"gt-date\"><svg xmlns=\"http:\/\/www.w3.org\/2000\/svg\" viewBox=\"0 0 24 24\" fill=\"none\" stroke=\"currentColor\" stroke-width=\"2\" stroke-linecap=\"round\" stroke-linejoin=\"round\"><rect x=\"3\" y=\"4\" width=\"18\" height=\"18\" rx=\"2\" ry=\"2\"><\/rect><line x1=\"16\" y1=\"2\" x2=\"16\" y2=\"6\"><\/line><line x1=\"8\" y1=\"2\" x2=\"8\" y2=\"6\"><\/line><line x1=\"3\" y1=\"10\" x2=\"21\" y2=\"10\"><\/line><\/svg><span>February 20th 2025<\/span><\/li><\/ul><\/div><\/div><\/div><\/li><li data-lat=\"\" data-lng=\"\" data-icon=\"https:\/\/events.spain.info\/wp-content\/themes\/eventchamp\/include\/assets\/img\/map-marker.png\"><div class=\"gt-map-popup-wrapper\"><div class=\"gt-map-popup\" style=\"background-image:url(https:\/\/events.spain.info\/wp-content\/uploads\/2025\/02\/052-2025_Presentacion-mercado-Australia-y-Nueva-Zelanda_1920x1168-350x350.jpg);\"><a href=\"https:\/\/events.spain.info\/en\/event\/presentaciones-de-mercado-australia-y-nueva-zelanda\/\"><\/a><div class=\"gt-inner\"><ul class=\"gt-top-links\"><li class=\"gt-status\"><div class=\"gt-event-status\">Expired<\/div><\/li><\/ul><div class=\"gt-title\">Presentaciones de mercado: Australia y Nueva Zelanda<\/div><ul class=\"gt-bottom-links\"><li class=\"gt-category\"><svg xmlns=\"http:\/\/www.w3.org\/2000\/svg\" viewBox=\"0 0 24 24\" fill=\"none\" stroke=\"currentColor\" stroke-width=\"2\" stroke-linecap=\"round\" stroke-linejoin=\"round\"><path d=\"M22 19a2 2 0 0 1-2 2H4a2 2 0 0 1-2-2V5a2 2 0 0 1 2-2h5l2 3h9a2 2 0 0 1 2 2z\"><\/path><\/svg><ul><li class=\"gt-category-231\"><a href=\"https:\/\/events.spain.info\/en\/eventcat\/presentaciones\/?post_type=event\">Presentaciones<\/a><\/li><\/ul><\/li><li class=\"gt-location\"><svg xmlns=\"http:\/\/www.w3.org\/2000\/svg\" viewBox=\"0 0 24 24\" fill=\"none\" stroke=\"currentColor\" stroke-width=\"2\" stroke-linecap=\"round\" stroke-linejoin=\"round\"><path d=\"M21 10c0 7-9 13-9 13s-9-6-9-13a9 9 0 0 1 18 0z\"><\/path><circle cx=\"12\" cy=\"10\" r=\"3\"><\/circle><\/svg><ul><li class=\"gt-category-224\"><a href=\"https:\/\/events.spain.info\/en\/location\/evento-virtual\/?post_type=event\">Evento virtual<\/a><\/li><\/ul><\/li><li class=\"gt-date\"><svg xmlns=\"http:\/\/www.w3.org\/2000\/svg\" viewBox=\"0 0 24 24\" fill=\"none\" stroke=\"currentColor\" stroke-width=\"2\" stroke-linecap=\"round\" stroke-linejoin=\"round\"><rect x=\"3\" y=\"4\" width=\"18\" height=\"18\" rx=\"2\" ry=\"2\"><\/rect><line x1=\"16\" y1=\"2\" x2=\"16\" y2=\"6\"><\/line><line x1=\"8\" y1=\"2\" x2=\"8\" y2=\"6\"><\/line><line x1=\"3\" y1=\"10\" x2=\"21\" y2=\"10\"><\/line><\/svg><span>February 26th 2025<\/span><\/li><\/ul><\/div><\/div><\/div><\/li><li data-lat=\"40.467896\" data-lng=\"-3.617333\" data-icon=\"https:\/\/events.spain.info\/wp-content\/themes\/eventchamp\/include\/assets\/img\/map-marker.png\"><div class=\"gt-map-popup-wrapper\"><div class=\"gt-map-popup\" style=\"background-image:url(https:\/\/events.spain.info\/wp-content\/uploads\/2025\/02\/054-2025_IV-Jornada-conectividad-aerea-Turespana-Aena_1920x1168-350x350.jpg);\"><a href=\"https:\/\/events.spain.info\/en\/event\/iv-jornada-de-conectividad-aerea-turespana-aena\/\"><\/a><div class=\"gt-inner\"><ul class=\"gt-top-links\"><li class=\"gt-status\"><div class=\"gt-event-status\">Expired<\/div><\/li><\/ul><div class=\"gt-title\">IV Jornada de conectividad a\u00e9rea Turespa\u00f1a &#8211; Aena<\/div><ul class=\"gt-bottom-links\"><li class=\"gt-category\"><svg xmlns=\"http:\/\/www.w3.org\/2000\/svg\" viewBox=\"0 0 24 24\" fill=\"none\" stroke=\"currentColor\" stroke-width=\"2\" stroke-linecap=\"round\" stroke-linejoin=\"round\"><path d=\"M22 19a2 2 0 0 1-2 2H4a2 2 0 0 1-2-2V5a2 2 0 0 1 2-2h5l2 3h9a2 2 0 0 1 2 2z\"><\/path><\/svg><ul><li class=\"gt-category-231\"><a href=\"https:\/\/events.spain.info\/en\/eventcat\/presentaciones\/?post_type=event\">Presentaciones<\/a><\/li><li class=\"gt-category-234\"><a href=\"https:\/\/events.spain.info\/en\/eventcat\/workshops-reuniones-b2b\/?post_type=event\">Workshops\/Reuniones B2B<\/a><\/li><\/ul><\/li><li class=\"gt-location\"><svg xmlns=\"http:\/\/www.w3.org\/2000\/svg\" viewBox=\"0 0 24 24\" fill=\"none\" stroke=\"currentColor\" stroke-width=\"2\" stroke-linecap=\"round\" stroke-linejoin=\"round\"><path d=\"M21 10c0 7-9 13-9 13s-9-6-9-13a9 9 0 0 1 18 0z\"><\/path><circle cx=\"12\" cy=\"10\" r=\"3\"><\/circle><\/svg><ul><li class=\"gt-category-110\"><a href=\"https:\/\/events.spain.info\/en\/location\/espana\/?post_type=event\">Espa\u00f1a<\/a><\/li><li class=\"gt-category-273\"><a href=\"https:\/\/events.spain.info\/en\/location\/santander\/?post_type=event\">Santander<\/a><\/li><\/ul><\/li><li class=\"gt-date\"><svg xmlns=\"http:\/\/www.w3.org\/2000\/svg\" viewBox=\"0 0 24 24\" fill=\"none\" stroke=\"currentColor\" stroke-width=\"2\" stroke-linecap=\"round\" stroke-linejoin=\"round\"><rect x=\"3\" y=\"4\" width=\"18\" height=\"18\" rx=\"2\" ry=\"2\"><\/rect><line x1=\"16\" y1=\"2\" x2=\"16\" y2=\"6\"><\/line><line x1=\"8\" y1=\"2\" x2=\"8\" y2=\"6\"><\/line><line x1=\"3\" y1=\"10\" x2=\"21\" y2=\"10\"><\/line><\/svg><span>March 12th 2025<\/span><\/li><\/ul><\/div><\/div><\/div><\/li><li data-lat=\"\" data-lng=\"\" data-icon=\"https:\/\/events.spain.info\/wp-content\/themes\/eventchamp\/include\/assets\/img\/map-marker.png\"><div class=\"gt-map-popup-wrapper\"><div class=\"gt-map-popup\" style=\"background-image:url(https:\/\/events.spain.info\/wp-content\/uploads\/2024\/12\/050-2024_Presentacion-mercado-Sudeste-asiatico-1-350x350.jpg);\"><a href=\"https:\/\/events.spain.info\/en\/event\/presentaciones-de-mercado-sudeste-asiatico\/\"><\/a><div class=\"gt-inner\"><ul class=\"gt-top-links\"><li class=\"gt-status\"><div class=\"gt-event-status\">Expired<\/div><\/li><\/ul><div class=\"gt-title\">Presentaciones de mercado: Sudeste asi\u00e1tico<\/div><ul class=\"gt-bottom-links\"><li class=\"gt-category\"><svg xmlns=\"http:\/\/www.w3.org\/2000\/svg\" viewBox=\"0 0 24 24\" fill=\"none\" stroke=\"currentColor\" stroke-width=\"2\" stroke-linecap=\"round\" stroke-linejoin=\"round\"><path d=\"M22 19a2 2 0 0 1-2 2H4a2 2 0 0 1-2-2V5a2 2 0 0 1 2-2h5l2 3h9a2 2 0 0 1 2 2z\"><\/path><\/svg><ul><li class=\"gt-category-231\"><a href=\"https:\/\/events.spain.info\/en\/eventcat\/presentaciones\/?post_type=event\">Presentaciones<\/a><\/li><\/ul><\/li><li class=\"gt-location\"><svg xmlns=\"http:\/\/www.w3.org\/2000\/svg\" viewBox=\"0 0 24 24\" fill=\"none\" stroke=\"currentColor\" stroke-width=\"2\" stroke-linecap=\"round\" stroke-linejoin=\"round\"><path d=\"M21 10c0 7-9 13-9 13s-9-6-9-13a9 9 0 0 1 18 0z\"><\/path><circle cx=\"12\" cy=\"10\" r=\"3\"><\/circle><\/svg><ul><li class=\"gt-category-224\"><a href=\"https:\/\/events.spain.info\/en\/location\/evento-virtual\/?post_type=event\">Evento virtual<\/a><\/li><\/ul><\/li><li class=\"gt-date\"><svg xmlns=\"http:\/\/www.w3.org\/2000\/svg\" viewBox=\"0 0 24 24\" fill=\"none\" stroke=\"currentColor\" stroke-width=\"2\" stroke-linecap=\"round\" stroke-linejoin=\"round\"><rect x=\"3\" y=\"4\" width=\"18\" height=\"18\" rx=\"2\" ry=\"2\"><\/rect><line x1=\"16\" y1=\"2\" x2=\"16\" y2=\"6\"><\/line><line x1=\"8\" y1=\"2\" x2=\"8\" y2=\"6\"><\/line><line x1=\"3\" y1=\"10\" x2=\"21\" y2=\"10\"><\/line><\/svg><span>December 17th 2024<\/span><\/li><\/ul><\/div><\/div><\/div><\/li><li data-lat=\"\" data-lng=\"\" data-icon=\"https:\/\/events.spain.info\/wp-content\/themes\/eventchamp\/include\/assets\/img\/map-marker.png\"><div class=\"gt-map-popup-wrapper\"><div class=\"gt-map-popup\" style=\"background-image:url(https:\/\/events.spain.info\/wp-content\/uploads\/2024\/12\/049-2024_Spain-through-the-Seasons-350x350.png);\"><a href=\"https:\/\/events.spain.info\/en\/event\/spain-through-the-seasons-webinar-for-thai-agents\/\"><\/a><div class=\"gt-inner\"><ul class=\"gt-top-links\"><li class=\"gt-status\"><div class=\"gt-event-status\">Expired<\/div><\/li><\/ul><div class=\"gt-title\">Spain through the Seasons. Webinar for Thai agents<\/div><ul class=\"gt-bottom-links\"><li class=\"gt-category\"><svg xmlns=\"http:\/\/www.w3.org\/2000\/svg\" viewBox=\"0 0 24 24\" fill=\"none\" stroke=\"currentColor\" stroke-width=\"2\" stroke-linecap=\"round\" stroke-linejoin=\"round\"><path d=\"M22 19a2 2 0 0 1-2 2H4a2 2 0 0 1-2-2V5a2 2 0 0 1 2-2h5l2 3h9a2 2 0 0 1 2 2z\"><\/path><\/svg><ul><li class=\"gt-category-231\"><a href=\"https:\/\/events.spain.info\/en\/eventcat\/presentaciones\/?post_type=event\">Presentaciones<\/a><\/li><\/ul><\/li><li class=\"gt-location\"><svg xmlns=\"http:\/\/www.w3.org\/2000\/svg\" viewBox=\"0 0 24 24\" fill=\"none\" stroke=\"currentColor\" stroke-width=\"2\" stroke-linecap=\"round\" stroke-linejoin=\"round\"><path d=\"M21 10c0 7-9 13-9 13s-9-6-9-13a9 9 0 0 1 18 0z\"><\/path><circle cx=\"12\" cy=\"10\" r=\"3\"><\/circle><\/svg><ul><li class=\"gt-category-224\"><a href=\"https:\/\/events.spain.info\/en\/location\/evento-virtual\/?post_type=event\">Evento virtual<\/a><\/li><\/ul><\/li><li class=\"gt-date\"><svg xmlns=\"http:\/\/www.w3.org\/2000\/svg\" viewBox=\"0 0 24 24\" fill=\"none\" stroke=\"currentColor\" stroke-width=\"2\" stroke-linecap=\"round\" stroke-linejoin=\"round\"><rect x=\"3\" y=\"4\" width=\"18\" height=\"18\" rx=\"2\" ry=\"2\"><\/rect><line x1=\"16\" y1=\"2\" x2=\"16\" y2=\"6\"><\/line><line x1=\"8\" y1=\"2\" x2=\"8\" y2=\"6\"><\/line><line x1=\"3\" y1=\"10\" x2=\"21\" y2=\"10\"><\/line><\/svg><span>December 12th 2024<\/span><\/li><\/ul><\/div><\/div><\/div><\/li><li data-lat=\"\" data-lng=\"\" data-icon=\"https:\/\/events.spain.info\/wp-content\/themes\/eventchamp\/include\/assets\/img\/map-marker.png\"><div class=\"gt-map-popup-wrapper\"><div class=\"gt-map-popup\" style=\"background-image:url(https:\/\/events.spain.info\/wp-content\/uploads\/2024\/11\/048-2024_plan-comunicacion-sostenibilidad-350x350.jpg);\"><a href=\"https:\/\/events.spain.info\/en\/event\/estrategia-de-comunicacion-espana-destino-comprometido-con-la-sostenibilidad\/\"><\/a><div class=\"gt-inner\"><ul class=\"gt-top-links\"><li class=\"gt-status\"><div class=\"gt-event-status\">Expired<\/div><\/li><\/ul><div class=\"gt-title\">Estrategia de Comunicaci\u00f3n: Espa\u00f1a, destino comprometido con la sostenibilidad<\/div><ul class=\"gt-bottom-links\"><li class=\"gt-category\"><svg xmlns=\"http:\/\/www.w3.org\/2000\/svg\" viewBox=\"0 0 24 24\" fill=\"none\" stroke=\"currentColor\" stroke-width=\"2\" stroke-linecap=\"round\" stroke-linejoin=\"round\"><path d=\"M22 19a2 2 0 0 1-2 2H4a2 2 0 0 1-2-2V5a2 2 0 0 1 2-2h5l2 3h9a2 2 0 0 1 2 2z\"><\/path><\/svg><ul><li class=\"gt-category-231\"><a href=\"https:\/\/events.spain.info\/en\/eventcat\/presentaciones\/?post_type=event\">Presentaciones<\/a><\/li><\/ul><\/li><li class=\"gt-location\"><svg xmlns=\"http:\/\/www.w3.org\/2000\/svg\" viewBox=\"0 0 24 24\" fill=\"none\" stroke=\"currentColor\" stroke-width=\"2\" stroke-linecap=\"round\" stroke-linejoin=\"round\"><path d=\"M21 10c0 7-9 13-9 13s-9-6-9-13a9 9 0 0 1 18 0z\"><\/path><circle cx=\"12\" cy=\"10\" r=\"3\"><\/circle><\/svg><ul><li class=\"gt-category-224\"><a href=\"https:\/\/events.spain.info\/en\/location\/evento-virtual\/?post_type=event\">Evento virtual<\/a><\/li><\/ul><\/li><li class=\"gt-date\"><svg xmlns=\"http:\/\/www.w3.org\/2000\/svg\" viewBox=\"0 0 24 24\" fill=\"none\" stroke=\"currentColor\" stroke-width=\"2\" stroke-linecap=\"round\" stroke-linejoin=\"round\"><rect x=\"3\" y=\"4\" width=\"18\" height=\"18\" rx=\"2\" ry=\"2\"><\/rect><line x1=\"16\" y1=\"2\" x2=\"16\" y2=\"6\"><\/line><line x1=\"8\" y1=\"2\" x2=\"8\" y2=\"6\"><\/line><line x1=\"3\" y1=\"10\" x2=\"21\" y2=\"10\"><\/line><\/svg><span>November 19th 2024<\/span><\/li><\/ul><\/div><\/div><\/div><\/li><li data-lat=\"\" data-lng=\"\" data-icon=\"https:\/\/events.spain.info\/wp-content\/themes\/eventchamp\/include\/assets\/img\/map-marker.png\"><div class=\"gt-map-popup-wrapper\"><div class=\"gt-map-popup\" style=\"background-image:url(https:\/\/events.spain.info\/wp-content\/uploads\/2024\/11\/047-2024_imagen-famtrip-aleman-350x350.png);\"><a href=\"https:\/\/events.spain.info\/en\/event\/live-streaming-famtrip-greenspain-4\/\"><\/a><div class=\"gt-inner\"><ul class=\"gt-top-links\"><li class=\"gt-status\"><div class=\"gt-event-status\">Expired<\/div><\/li><\/ul><div class=\"gt-title\">Live Streaming Famtrip Greenspain<\/div><ul class=\"gt-bottom-links\"><li class=\"gt-category\"><svg xmlns=\"http:\/\/www.w3.org\/2000\/svg\" viewBox=\"0 0 24 24\" fill=\"none\" stroke=\"currentColor\" stroke-width=\"2\" stroke-linecap=\"round\" stroke-linejoin=\"round\"><path d=\"M22 19a2 2 0 0 1-2 2H4a2 2 0 0 1-2-2V5a2 2 0 0 1 2-2h5l2 3h9a2 2 0 0 1 2 2z\"><\/path><\/svg><ul><li class=\"gt-category-231\"><a href=\"https:\/\/events.spain.info\/en\/eventcat\/presentaciones\/?post_type=event\">Presentaciones<\/a><\/li><\/ul><\/li><li class=\"gt-location\"><svg xmlns=\"http:\/\/www.w3.org\/2000\/svg\" viewBox=\"0 0 24 24\" fill=\"none\" stroke=\"currentColor\" stroke-width=\"2\" stroke-linecap=\"round\" stroke-linejoin=\"round\"><path d=\"M21 10c0 7-9 13-9 13s-9-6-9-13a9 9 0 0 1 18 0z\"><\/path><circle cx=\"12\" cy=\"10\" r=\"3\"><\/circle><\/svg><ul><li class=\"gt-category-224\"><a href=\"https:\/\/events.spain.info\/en\/location\/evento-virtual\/?post_type=event\">Evento virtual<\/a><\/li><\/ul><\/li><li class=\"gt-date\"><svg xmlns=\"http:\/\/www.w3.org\/2000\/svg\" viewBox=\"0 0 24 24\" fill=\"none\" stroke=\"currentColor\" stroke-width=\"2\" stroke-linecap=\"round\" stroke-linejoin=\"round\"><rect x=\"3\" y=\"4\" width=\"18\" height=\"18\" rx=\"2\" ry=\"2\"><\/rect><line x1=\"16\" y1=\"2\" x2=\"16\" y2=\"6\"><\/line><line x1=\"8\" y1=\"2\" x2=\"8\" y2=\"6\"><\/line><line x1=\"3\" y1=\"10\" x2=\"21\" y2=\"10\"><\/line><\/svg><span>October 8th 2024<\/span><\/li><\/ul><\/div><\/div><\/div><\/li><li data-lat=\"\" data-lng=\"\" data-icon=\"https:\/\/events.spain.info\/wp-content\/themes\/eventchamp\/include\/assets\/img\/map-marker.png\"><div class=\"gt-map-popup-wrapper\"><div class=\"gt-map-popup\" style=\"background-image:url(https:\/\/events.spain.info\/wp-content\/uploads\/2024\/09\/047-1-350x350.jpg);\"><a href=\"https:\/\/events.spain.info\/en\/event\/iv-convencion-turespana\/\"><\/a><div class=\"gt-inner\"><ul class=\"gt-top-links\"><li class=\"gt-status\"><div class=\"gt-event-status\">Expired<\/div><\/li><\/ul><div class=\"gt-title\">IV Convenci\u00f3n Turespa\u00f1a<\/div><ul class=\"gt-bottom-links\"><li class=\"gt-category\"><svg xmlns=\"http:\/\/www.w3.org\/2000\/svg\" viewBox=\"0 0 24 24\" fill=\"none\" stroke=\"currentColor\" stroke-width=\"2\" stroke-linecap=\"round\" stroke-linejoin=\"round\"><path d=\"M22 19a2 2 0 0 1-2 2H4a2 2 0 0 1-2-2V5a2 2 0 0 1 2-2h5l2 3h9a2 2 0 0 1 2 2z\"><\/path><\/svg><ul><li class=\"gt-category-231\"><a href=\"https:\/\/events.spain.info\/en\/eventcat\/presentaciones\/?post_type=event\">Presentaciones<\/a><\/li><\/ul><\/li><li class=\"gt-location\"><svg xmlns=\"http:\/\/www.w3.org\/2000\/svg\" viewBox=\"0 0 24 24\" fill=\"none\" stroke=\"currentColor\" stroke-width=\"2\" stroke-linecap=\"round\" stroke-linejoin=\"round\"><path d=\"M21 10c0 7-9 13-9 13s-9-6-9-13a9 9 0 0 1 18 0z\"><\/path><circle cx=\"12\" cy=\"10\" r=\"3\"><\/circle><\/svg><ul><li class=\"gt-category-110\"><a href=\"https:\/\/events.spain.info\/en\/location\/espana\/?post_type=event\">Espa\u00f1a<\/a><\/li><li class=\"gt-category-272\"><a href=\"https:\/\/events.spain.info\/en\/location\/palacio-de-congresos-piramide-de-arona-de-tenerife\/?post_type=event\">Palacio de Congresos \u201cPiramide de Arona\u201d de Tenerife<\/a><\/li><li class=\"gt-category-271\"><a href=\"https:\/\/events.spain.info\/en\/location\/tenerife\/?post_type=event\">Tenerife<\/a><\/li><\/ul><\/li><li class=\"gt-date\"><svg xmlns=\"http:\/\/www.w3.org\/2000\/svg\" viewBox=\"0 0 24 24\" fill=\"none\" stroke=\"currentColor\" stroke-width=\"2\" stroke-linecap=\"round\" stroke-linejoin=\"round\"><rect x=\"3\" y=\"4\" width=\"18\" height=\"18\" rx=\"2\" ry=\"2\"><\/rect><line x1=\"16\" y1=\"2\" x2=\"16\" y2=\"6\"><\/line><line x1=\"8\" y1=\"2\" x2=\"8\" y2=\"6\"><\/line><line x1=\"3\" y1=\"10\" x2=\"21\" y2=\"10\"><\/line><\/svg><span>October 2nd 2024<\/span><\/li><\/ul><\/div><\/div><\/div><\/li><li data-lat=\"\" data-lng=\"\" data-icon=\"https:\/\/events.spain.info\/wp-content\/themes\/eventchamp\/include\/assets\/img\/map-marker.png\"><div class=\"gt-map-popup-wrapper\"><div class=\"gt-map-popup\" style=\"background-image:url(https:\/\/events.spain.info\/wp-content\/uploads\/2024\/09\/045-2024_IMEX-las-vegas-350x350.jpg);\"><a href=\"https:\/\/events.spain.info\/en\/event\/situacion-del-mercado-eeuu-especial-referencia-al-segmento-mice\/\"><\/a><div class=\"gt-inner\"><ul class=\"gt-top-links\"><li class=\"gt-status\"><div class=\"gt-event-status\">Expired<\/div><\/li><\/ul><div class=\"gt-title\">Situaci\u00f3n del mercado EEUU. Especial referencia al segmento MICE<\/div><ul class=\"gt-bottom-links\"><li class=\"gt-category\"><svg xmlns=\"http:\/\/www.w3.org\/2000\/svg\" viewBox=\"0 0 24 24\" fill=\"none\" stroke=\"currentColor\" stroke-width=\"2\" stroke-linecap=\"round\" stroke-linejoin=\"round\"><path d=\"M22 19a2 2 0 0 1-2 2H4a2 2 0 0 1-2-2V5a2 2 0 0 1 2-2h5l2 3h9a2 2 0 0 1 2 2z\"><\/path><\/svg><ul><li class=\"gt-category-231\"><a href=\"https:\/\/events.spain.info\/en\/eventcat\/presentaciones\/?post_type=event\">Presentaciones<\/a><\/li><\/ul><\/li><li class=\"gt-location\"><svg xmlns=\"http:\/\/www.w3.org\/2000\/svg\" viewBox=\"0 0 24 24\" fill=\"none\" stroke=\"currentColor\" stroke-width=\"2\" stroke-linecap=\"round\" stroke-linejoin=\"round\"><path d=\"M21 10c0 7-9 13-9 13s-9-6-9-13a9 9 0 0 1 18 0z\"><\/path><circle cx=\"12\" cy=\"10\" r=\"3\"><\/circle><\/svg><ul><li class=\"gt-category-224\"><a href=\"https:\/\/events.spain.info\/en\/location\/evento-virtual\/?post_type=event\">Evento virtual<\/a><\/li><\/ul><\/li><li class=\"gt-date\"><svg xmlns=\"http:\/\/www.w3.org\/2000\/svg\" viewBox=\"0 0 24 24\" fill=\"none\" stroke=\"currentColor\" stroke-width=\"2\" stroke-linecap=\"round\" stroke-linejoin=\"round\"><rect x=\"3\" y=\"4\" width=\"18\" height=\"18\" rx=\"2\" ry=\"2\"><\/rect><line x1=\"16\" y1=\"2\" x2=\"16\" y2=\"6\"><\/line><line x1=\"8\" y1=\"2\" x2=\"8\" y2=\"6\"><\/line><line x1=\"3\" y1=\"10\" x2=\"21\" y2=\"10\"><\/line><\/svg><span>September 19th 2024<\/span><\/li><\/ul><\/div><\/div><\/div><\/li><li data-lat=\"\" data-lng=\"\" data-icon=\"https:\/\/events.spain.info\/wp-content\/themes\/eventchamp\/include\/assets\/img\/map-marker.png\"><div class=\"gt-map-popup-wrapper\"><div class=\"gt-map-popup\" style=\"background-image:url(https:\/\/events.spain.info\/wp-content\/uploads\/2024\/08\/044_2024_Presentaciones-de-mercado-Europa-del-Este-350x350.jpg);\"><a href=\"https:\/\/events.spain.info\/en\/event\/presentaciones-de-mercado-paises-bajos\/\"><\/a><div class=\"gt-inner\"><ul class=\"gt-top-links\"><li class=\"gt-status\"><div class=\"gt-event-status\">Expired<\/div><\/li><\/ul><div class=\"gt-title\">Presentaciones de mercado: Pa\u00edses Bajos<\/div><ul class=\"gt-bottom-links\"><li class=\"gt-category\"><svg xmlns=\"http:\/\/www.w3.org\/2000\/svg\" viewBox=\"0 0 24 24\" fill=\"none\" stroke=\"currentColor\" stroke-width=\"2\" stroke-linecap=\"round\" stroke-linejoin=\"round\"><path d=\"M22 19a2 2 0 0 1-2 2H4a2 2 0 0 1-2-2V5a2 2 0 0 1 2-2h5l2 3h9a2 2 0 0 1 2 2z\"><\/path><\/svg><ul><li class=\"gt-category-231\"><a href=\"https:\/\/events.spain.info\/en\/eventcat\/presentaciones\/?post_type=event\">Presentaciones<\/a><\/li><\/ul><\/li><li class=\"gt-location\"><svg xmlns=\"http:\/\/www.w3.org\/2000\/svg\" viewBox=\"0 0 24 24\" fill=\"none\" stroke=\"currentColor\" stroke-width=\"2\" stroke-linecap=\"round\" stroke-linejoin=\"round\"><path d=\"M21 10c0 7-9 13-9 13s-9-6-9-13a9 9 0 0 1 18 0z\"><\/path><circle cx=\"12\" cy=\"10\" r=\"3\"><\/circle><\/svg><ul><li class=\"gt-category-224\"><a href=\"https:\/\/events.spain.info\/en\/location\/evento-virtual\/?post_type=event\">Evento virtual<\/a><\/li><\/ul><\/li><li class=\"gt-date\"><svg xmlns=\"http:\/\/www.w3.org\/2000\/svg\" viewBox=\"0 0 24 24\" fill=\"none\" stroke=\"currentColor\" stroke-width=\"2\" stroke-linecap=\"round\" stroke-linejoin=\"round\"><rect x=\"3\" y=\"4\" width=\"18\" height=\"18\" rx=\"2\" ry=\"2\"><\/rect><line x1=\"16\" y1=\"2\" x2=\"16\" y2=\"6\"><\/line><line x1=\"8\" y1=\"2\" x2=\"8\" y2=\"6\"><\/line><line x1=\"3\" y1=\"10\" x2=\"21\" y2=\"10\"><\/line><\/svg><span>December 11th 2024<\/span><\/li><\/ul><\/div><\/div><\/div><\/li><li data-lat=\"\" data-lng=\"\" data-icon=\"https:\/\/events.spain.info\/wp-content\/themes\/eventchamp\/include\/assets\/img\/map-marker.png\"><div class=\"gt-map-popup-wrapper\"><div class=\"gt-map-popup\" style=\"background-image:url(https:\/\/events.spain.info\/wp-content\/uploads\/2024\/08\/043_2024_Presentaciones-de-mercado-Europa-del-Este-350x350.jpg);\"><a href=\"https:\/\/events.spain.info\/en\/event\/presentaciones-de-mercado-europa-del-este\/\"><\/a><div class=\"gt-inner\"><ul class=\"gt-top-links\"><li class=\"gt-status\"><div class=\"gt-event-status\">Expired<\/div><\/li><\/ul><div class=\"gt-title\">Presentaciones de mercado: Europa del Este<\/div><ul class=\"gt-bottom-links\"><li class=\"gt-category\"><svg xmlns=\"http:\/\/www.w3.org\/2000\/svg\" viewBox=\"0 0 24 24\" fill=\"none\" stroke=\"currentColor\" stroke-width=\"2\" stroke-linecap=\"round\" stroke-linejoin=\"round\"><path d=\"M22 19a2 2 0 0 1-2 2H4a2 2 0 0 1-2-2V5a2 2 0 0 1 2-2h5l2 3h9a2 2 0 0 1 2 2z\"><\/path><\/svg><ul><li class=\"gt-category-231\"><a href=\"https:\/\/events.spain.info\/en\/eventcat\/presentaciones\/?post_type=event\">Presentaciones<\/a><\/li><\/ul><\/li><li class=\"gt-location\"><svg xmlns=\"http:\/\/www.w3.org\/2000\/svg\" viewBox=\"0 0 24 24\" fill=\"none\" stroke=\"currentColor\" stroke-width=\"2\" stroke-linecap=\"round\" stroke-linejoin=\"round\"><path d=\"M21 10c0 7-9 13-9 13s-9-6-9-13a9 9 0 0 1 18 0z\"><\/path><circle cx=\"12\" cy=\"10\" r=\"3\"><\/circle><\/svg><ul><li class=\"gt-category-224\"><a href=\"https:\/\/events.spain.info\/en\/location\/evento-virtual\/?post_type=event\">Evento virtual<\/a><\/li><\/ul><\/li><li class=\"gt-date\"><svg xmlns=\"http:\/\/www.w3.org\/2000\/svg\" viewBox=\"0 0 24 24\" fill=\"none\" stroke=\"currentColor\" stroke-width=\"2\" stroke-linecap=\"round\" stroke-linejoin=\"round\"><rect x=\"3\" y=\"4\" width=\"18\" height=\"18\" rx=\"2\" ry=\"2\"><\/rect><line x1=\"16\" y1=\"2\" x2=\"16\" y2=\"6\"><\/line><line x1=\"8\" y1=\"2\" x2=\"8\" y2=\"6\"><\/line><line x1=\"3\" y1=\"10\" x2=\"21\" y2=\"10\"><\/line><\/svg><span>November 27th 2024<\/span><\/li><\/ul><\/div><\/div><\/div><\/li><li data-lat=\"\" data-lng=\"\" data-icon=\"https:\/\/events.spain.info\/wp-content\/themes\/eventchamp\/include\/assets\/img\/map-marker.png\"><div class=\"gt-map-popup-wrapper\"><div class=\"gt-map-popup\" style=\"background-image:url(https:\/\/events.spain.info\/wp-content\/uploads\/2024\/08\/042_2024_Presentaciones-de-mercado-Colombia-350x350.jpg);\"><a href=\"https:\/\/events.spain.info\/en\/event\/presentaciones-de-mercado-colombia\/\"><\/a><div class=\"gt-inner\"><ul class=\"gt-top-links\"><li class=\"gt-status\"><div class=\"gt-event-status\">Expired<\/div><\/li><\/ul><div class=\"gt-title\">Presentaciones de mercado: Colombia<\/div><ul class=\"gt-bottom-links\"><li class=\"gt-category\"><svg xmlns=\"http:\/\/www.w3.org\/2000\/svg\" viewBox=\"0 0 24 24\" fill=\"none\" stroke=\"currentColor\" stroke-width=\"2\" stroke-linecap=\"round\" stroke-linejoin=\"round\"><path d=\"M22 19a2 2 0 0 1-2 2H4a2 2 0 0 1-2-2V5a2 2 0 0 1 2-2h5l2 3h9a2 2 0 0 1 2 2z\"><\/path><\/svg><ul><li class=\"gt-category-231\"><a href=\"https:\/\/events.spain.info\/en\/eventcat\/presentaciones\/?post_type=event\">Presentaciones<\/a><\/li><\/ul><\/li><li class=\"gt-location\"><svg xmlns=\"http:\/\/www.w3.org\/2000\/svg\" viewBox=\"0 0 24 24\" fill=\"none\" stroke=\"currentColor\" stroke-width=\"2\" stroke-linecap=\"round\" stroke-linejoin=\"round\"><path d=\"M21 10c0 7-9 13-9 13s-9-6-9-13a9 9 0 0 1 18 0z\"><\/path><circle cx=\"12\" cy=\"10\" r=\"3\"><\/circle><\/svg><ul><li class=\"gt-category-224\"><a href=\"https:\/\/events.spain.info\/en\/location\/evento-virtual\/?post_type=event\">Evento virtual<\/a><\/li><\/ul><\/li><li class=\"gt-date\"><svg xmlns=\"http:\/\/www.w3.org\/2000\/svg\" viewBox=\"0 0 24 24\" fill=\"none\" stroke=\"currentColor\" stroke-width=\"2\" stroke-linecap=\"round\" stroke-linejoin=\"round\"><rect x=\"3\" y=\"4\" width=\"18\" height=\"18\" rx=\"2\" ry=\"2\"><\/rect><line x1=\"16\" y1=\"2\" x2=\"16\" y2=\"6\"><\/line><line x1=\"8\" y1=\"2\" x2=\"8\" y2=\"6\"><\/line><line x1=\"3\" y1=\"10\" x2=\"21\" y2=\"10\"><\/line><\/svg><span>November 13th 2024<\/span><\/li><\/ul><\/div><\/div><\/div><\/li><li data-lat=\"\" data-lng=\"\" data-icon=\"https:\/\/events.spain.info\/wp-content\/themes\/eventchamp\/include\/assets\/img\/map-marker.png\"><div class=\"gt-map-popup-wrapper\"><div class=\"gt-map-popup\" style=\"background-image:url(https:\/\/events.spain.info\/wp-content\/uploads\/2024\/08\/041_2024_Presentaciones-de-mercado-Reino-Unido-350x350.jpg);\"><a href=\"https:\/\/events.spain.info\/en\/event\/presentaciones-de-mercado-reino-unido\/\"><\/a><div class=\"gt-inner\"><ul class=\"gt-top-links\"><li class=\"gt-status\"><div class=\"gt-event-status\">Expired<\/div><\/li><\/ul><div class=\"gt-title\">Presentaciones de mercado: Reino Unido<\/div><ul class=\"gt-bottom-links\"><li class=\"gt-category\"><svg xmlns=\"http:\/\/www.w3.org\/2000\/svg\" viewBox=\"0 0 24 24\" fill=\"none\" stroke=\"currentColor\" stroke-width=\"2\" stroke-linecap=\"round\" stroke-linejoin=\"round\"><path d=\"M22 19a2 2 0 0 1-2 2H4a2 2 0 0 1-2-2V5a2 2 0 0 1 2-2h5l2 3h9a2 2 0 0 1 2 2z\"><\/path><\/svg><ul><li class=\"gt-category-231\"><a href=\"https:\/\/events.spain.info\/en\/eventcat\/presentaciones\/?post_type=event\">Presentaciones<\/a><\/li><\/ul><\/li><li class=\"gt-location\"><svg xmlns=\"http:\/\/www.w3.org\/2000\/svg\" viewBox=\"0 0 24 24\" fill=\"none\" stroke=\"currentColor\" stroke-width=\"2\" stroke-linecap=\"round\" stroke-linejoin=\"round\"><path d=\"M21 10c0 7-9 13-9 13s-9-6-9-13a9 9 0 0 1 18 0z\"><\/path><circle cx=\"12\" cy=\"10\" r=\"3\"><\/circle><\/svg><ul><li class=\"gt-category-224\"><a href=\"https:\/\/events.spain.info\/en\/location\/evento-virtual\/?post_type=event\">Evento virtual<\/a><\/li><\/ul><\/li><li class=\"gt-date\"><svg xmlns=\"http:\/\/www.w3.org\/2000\/svg\" viewBox=\"0 0 24 24\" fill=\"none\" stroke=\"currentColor\" stroke-width=\"2\" stroke-linecap=\"round\" stroke-linejoin=\"round\"><rect x=\"3\" y=\"4\" width=\"18\" height=\"18\" rx=\"2\" ry=\"2\"><\/rect><line x1=\"16\" y1=\"2\" x2=\"16\" y2=\"6\"><\/line><line x1=\"8\" y1=\"2\" x2=\"8\" y2=\"6\"><\/line><line x1=\"3\" y1=\"10\" x2=\"21\" y2=\"10\"><\/line><\/svg><span>October 23rd 2024<\/span><\/li><\/ul><\/div><\/div><\/div><\/li><li data-lat=\"\" data-lng=\"\" data-icon=\"https:\/\/events.spain.info\/wp-content\/themes\/eventchamp\/include\/assets\/img\/map-marker.png\"><div class=\"gt-map-popup-wrapper\"><div class=\"gt-map-popup\" style=\"background-image:url(https:\/\/events.spain.info\/wp-content\/uploads\/2024\/08\/040_2024_Presentaciones-de-mercado-Japon-350x350.jpg);\"><a href=\"https:\/\/events.spain.info\/en\/event\/presentaciones-de-mercado-japon\/\"><\/a><div class=\"gt-inner\"><ul class=\"gt-top-links\"><li class=\"gt-status\"><div class=\"gt-event-status\">Expired<\/div><\/li><\/ul><div class=\"gt-title\">Presentaciones de mercado: Jap\u00f3n<\/div><ul class=\"gt-bottom-links\"><li class=\"gt-category\"><svg xmlns=\"http:\/\/www.w3.org\/2000\/svg\" viewBox=\"0 0 24 24\" fill=\"none\" stroke=\"currentColor\" stroke-width=\"2\" stroke-linecap=\"round\" stroke-linejoin=\"round\"><path d=\"M22 19a2 2 0 0 1-2 2H4a2 2 0 0 1-2-2V5a2 2 0 0 1 2-2h5l2 3h9a2 2 0 0 1 2 2z\"><\/path><\/svg><ul><li class=\"gt-category-231\"><a href=\"https:\/\/events.spain.info\/en\/eventcat\/presentaciones\/?post_type=event\">Presentaciones<\/a><\/li><\/ul><\/li><li class=\"gt-location\"><svg xmlns=\"http:\/\/www.w3.org\/2000\/svg\" viewBox=\"0 0 24 24\" fill=\"none\" stroke=\"currentColor\" stroke-width=\"2\" stroke-linecap=\"round\" stroke-linejoin=\"round\"><path d=\"M21 10c0 7-9 13-9 13s-9-6-9-13a9 9 0 0 1 18 0z\"><\/path><circle cx=\"12\" cy=\"10\" r=\"3\"><\/circle><\/svg><ul><li class=\"gt-category-224\"><a href=\"https:\/\/events.spain.info\/en\/location\/evento-virtual\/?post_type=event\">Evento virtual<\/a><\/li><\/ul><\/li><li class=\"gt-date\"><svg xmlns=\"http:\/\/www.w3.org\/2000\/svg\" viewBox=\"0 0 24 24\" fill=\"none\" stroke=\"currentColor\" stroke-width=\"2\" stroke-linecap=\"round\" stroke-linejoin=\"round\"><rect x=\"3\" y=\"4\" width=\"18\" height=\"18\" rx=\"2\" ry=\"2\"><\/rect><line x1=\"16\" y1=\"2\" x2=\"16\" y2=\"6\"><\/line><line x1=\"8\" y1=\"2\" x2=\"8\" y2=\"6\"><\/line><line x1=\"3\" y1=\"10\" x2=\"21\" y2=\"10\"><\/line><\/svg><span>October 16th 2024<\/span><\/li><\/ul><\/div><\/div><\/div><\/li><li data-lat=\"\" data-lng=\"\" data-icon=\"https:\/\/events.spain.info\/wp-content\/themes\/eventchamp\/include\/assets\/img\/map-marker.png\"><div class=\"gt-map-popup-wrapper\"><div class=\"gt-map-popup\" style=\"background-image:url(https:\/\/events.spain.info\/wp-content\/uploads\/2024\/08\/038_2024_Presentaciones-de-mercado-EEUU-350x350.jpg);\"><a href=\"https:\/\/events.spain.info\/en\/event\/presentaciones-de-mercado-eeuu\/\"><\/a><div class=\"gt-inner\"><ul class=\"gt-top-links\"><li class=\"gt-status\"><div class=\"gt-event-status\">Expired<\/div><\/li><\/ul><div class=\"gt-title\">Presentaciones de mercado: EEUU<\/div><ul class=\"gt-bottom-links\"><li class=\"gt-category\"><svg xmlns=\"http:\/\/www.w3.org\/2000\/svg\" viewBox=\"0 0 24 24\" fill=\"none\" stroke=\"currentColor\" stroke-width=\"2\" stroke-linecap=\"round\" stroke-linejoin=\"round\"><path d=\"M22 19a2 2 0 0 1-2 2H4a2 2 0 0 1-2-2V5a2 2 0 0 1 2-2h5l2 3h9a2 2 0 0 1 2 2z\"><\/path><\/svg><ul><li class=\"gt-category-231\"><a href=\"https:\/\/events.spain.info\/en\/eventcat\/presentaciones\/?post_type=event\">Presentaciones<\/a><\/li><\/ul><\/li><li class=\"gt-location\"><svg xmlns=\"http:\/\/www.w3.org\/2000\/svg\" viewBox=\"0 0 24 24\" fill=\"none\" stroke=\"currentColor\" stroke-width=\"2\" stroke-linecap=\"round\" stroke-linejoin=\"round\"><path d=\"M21 10c0 7-9 13-9 13s-9-6-9-13a9 9 0 0 1 18 0z\"><\/path><circle cx=\"12\" cy=\"10\" r=\"3\"><\/circle><\/svg><ul><li class=\"gt-category-224\"><a href=\"https:\/\/events.spain.info\/en\/location\/evento-virtual\/?post_type=event\">Evento virtual<\/a><\/li><\/ul><\/li><li class=\"gt-date\"><svg xmlns=\"http:\/\/www.w3.org\/2000\/svg\" viewBox=\"0 0 24 24\" fill=\"none\" stroke=\"currentColor\" stroke-width=\"2\" stroke-linecap=\"round\" stroke-linejoin=\"round\"><rect x=\"3\" y=\"4\" width=\"18\" height=\"18\" rx=\"2\" ry=\"2\"><\/rect><line x1=\"16\" y1=\"2\" x2=\"16\" y2=\"6\"><\/line><line x1=\"8\" y1=\"2\" x2=\"8\" y2=\"6\"><\/line><line x1=\"3\" y1=\"10\" x2=\"21\" y2=\"10\"><\/line><\/svg><span>September 4th 2024<\/span><\/li><\/ul><\/div><\/div><\/div><\/li><li data-lat=\"\" data-lng=\"\" data-icon=\"https:\/\/events.spain.info\/wp-content\/themes\/eventchamp\/include\/assets\/img\/map-marker.png\"><div class=\"gt-map-popup-wrapper\"><div class=\"gt-map-popup\" style=\"background-image:url(https:\/\/events.spain.info\/wp-content\/uploads\/2024\/08\/039_2024_Presentaciones-de-mercado-Brasil-350x350.jpg);\"><a href=\"https:\/\/events.spain.info\/en\/event\/presentaciones-de-mercado-brasil\/\"><\/a><div class=\"gt-inner\"><ul class=\"gt-top-links\"><li class=\"gt-status\"><div class=\"gt-event-status\">Expired<\/div><\/li><\/ul><div class=\"gt-title\">Presentaciones de mercado: Brasil<\/div><ul class=\"gt-bottom-links\"><li class=\"gt-category\"><svg xmlns=\"http:\/\/www.w3.org\/2000\/svg\" viewBox=\"0 0 24 24\" fill=\"none\" stroke=\"currentColor\" stroke-width=\"2\" stroke-linecap=\"round\" stroke-linejoin=\"round\"><path d=\"M22 19a2 2 0 0 1-2 2H4a2 2 0 0 1-2-2V5a2 2 0 0 1 2-2h5l2 3h9a2 2 0 0 1 2 2z\"><\/path><\/svg><ul><li class=\"gt-category-231\"><a href=\"https:\/\/events.spain.info\/en\/eventcat\/presentaciones\/?post_type=event\">Presentaciones<\/a><\/li><\/ul><\/li><li class=\"gt-location\"><svg xmlns=\"http:\/\/www.w3.org\/2000\/svg\" viewBox=\"0 0 24 24\" fill=\"none\" stroke=\"currentColor\" stroke-width=\"2\" stroke-linecap=\"round\" stroke-linejoin=\"round\"><path d=\"M21 10c0 7-9 13-9 13s-9-6-9-13a9 9 0 0 1 18 0z\"><\/path><circle cx=\"12\" cy=\"10\" r=\"3\"><\/circle><\/svg><ul><li class=\"gt-category-224\"><a href=\"https:\/\/events.spain.info\/en\/location\/evento-virtual\/?post_type=event\">Evento virtual<\/a><\/li><\/ul><\/li><li class=\"gt-date\"><svg xmlns=\"http:\/\/www.w3.org\/2000\/svg\" viewBox=\"0 0 24 24\" fill=\"none\" stroke=\"currentColor\" stroke-width=\"2\" stroke-linecap=\"round\" stroke-linejoin=\"round\"><rect x=\"3\" y=\"4\" width=\"18\" height=\"18\" rx=\"2\" ry=\"2\"><\/rect><line x1=\"16\" y1=\"2\" x2=\"16\" y2=\"6\"><\/line><line x1=\"8\" y1=\"2\" x2=\"8\" y2=\"6\"><\/line><line x1=\"3\" y1=\"10\" x2=\"21\" y2=\"10\"><\/line><\/svg><span>September 16th 2024<\/span><\/li><\/ul><\/div><\/div><\/div><\/li><li data-lat=\"\" data-lng=\"\" data-icon=\"https:\/\/events.spain.info\/wp-content\/themes\/eventchamp\/include\/assets\/img\/map-marker.png\"><div class=\"gt-map-popup-wrapper\"><div class=\"gt-map-popup\" style=\"background-image:url(https:\/\/events.spain.info\/wp-content\/uploads\/2024\/08\/037_2024_Streaming-Spain-Talks-Estocolmo-350x350.jpg);\"><a href=\"https:\/\/events.spain.info\/en\/event\/spain-talks-caring-for-the-future\/\"><\/a><div class=\"gt-inner\"><ul class=\"gt-top-links\"><li class=\"gt-status\"><div class=\"gt-event-status\">Expired<\/div><\/li><\/ul><div class=\"gt-title\">Spain Talks: caring for the future<\/div><ul class=\"gt-bottom-links\"><li class=\"gt-category\"><svg xmlns=\"http:\/\/www.w3.org\/2000\/svg\" viewBox=\"0 0 24 24\" fill=\"none\" stroke=\"currentColor\" stroke-width=\"2\" stroke-linecap=\"round\" stroke-linejoin=\"round\"><path d=\"M22 19a2 2 0 0 1-2 2H4a2 2 0 0 1-2-2V5a2 2 0 0 1 2-2h5l2 3h9a2 2 0 0 1 2 2z\"><\/path><\/svg><ul><li class=\"gt-category-231\"><a href=\"https:\/\/events.spain.info\/en\/eventcat\/presentaciones\/?post_type=event\">Presentaciones<\/a><\/li><li class=\"gt-category-232\"><a href=\"https:\/\/events.spain.info\/en\/eventcat\/seminarios\/?post_type=event\">Seminarios<\/a><\/li><\/ul><\/li><li class=\"gt-location\"><svg xmlns=\"http:\/\/www.w3.org\/2000\/svg\" viewBox=\"0 0 24 24\" fill=\"none\" stroke=\"currentColor\" stroke-width=\"2\" stroke-linecap=\"round\" stroke-linejoin=\"round\"><path d=\"M21 10c0 7-9 13-9 13s-9-6-9-13a9 9 0 0 1 18 0z\"><\/path><circle cx=\"12\" cy=\"10\" r=\"3\"><\/circle><\/svg><ul><li class=\"gt-category-268\"><a href=\"https:\/\/events.spain.info\/en\/location\/estocolmo\/?post_type=event\">Estocolmo<\/a><\/li><li class=\"gt-category-269\"><a href=\"https:\/\/events.spain.info\/en\/location\/life-city-solnavagen-3h-estocolmo\/?post_type=event\">Life City Solnav\u00e4gen 3H, Estocolmo<\/a><\/li><\/ul><\/li><li class=\"gt-date\"><svg xmlns=\"http:\/\/www.w3.org\/2000\/svg\" viewBox=\"0 0 24 24\" fill=\"none\" stroke=\"currentColor\" stroke-width=\"2\" stroke-linecap=\"round\" stroke-linejoin=\"round\"><rect x=\"3\" y=\"4\" width=\"18\" height=\"18\" rx=\"2\" ry=\"2\"><\/rect><line x1=\"16\" y1=\"2\" x2=\"16\" y2=\"6\"><\/line><line x1=\"8\" y1=\"2\" x2=\"8\" y2=\"6\"><\/line><line x1=\"3\" y1=\"10\" x2=\"21\" y2=\"10\"><\/line><\/svg><span>September 18th 2024<\/span><\/li><\/ul><\/div><\/div><\/div><\/li><li data-lat=\"\" data-lng=\"\" data-icon=\"https:\/\/events.spain.info\/wp-content\/themes\/eventchamp\/include\/assets\/img\/map-marker.png\"><div class=\"gt-map-popup-wrapper\"><div class=\"gt-map-popup\" style=\"background-image:url(https:\/\/events.spain.info\/wp-content\/uploads\/2024\/08\/036-2024_Networking-OET-Brasil-350x350.jpg);\"><a href=\"https:\/\/events.spain.info\/en\/event\/encuentro-virtual-de-comercializacion-de-turismo-de-lujo-y-experiencias-en-castilla-y-leon\/\"><\/a><div class=\"gt-inner\"><ul class=\"gt-top-links\"><li class=\"gt-status\"><div class=\"gt-event-status\">Expired<\/div><\/li><\/ul><div class=\"gt-title\">Encuentro virtual de comercializaci\u00f3n de turismo de lujo y experiencias en Castilla y Le\u00f3n<\/div><ul class=\"gt-bottom-links\"><li class=\"gt-category\"><svg xmlns=\"http:\/\/www.w3.org\/2000\/svg\" viewBox=\"0 0 24 24\" fill=\"none\" stroke=\"currentColor\" stroke-width=\"2\" stroke-linecap=\"round\" stroke-linejoin=\"round\"><path d=\"M22 19a2 2 0 0 1-2 2H4a2 2 0 0 1-2-2V5a2 2 0 0 1 2-2h5l2 3h9a2 2 0 0 1 2 2z\"><\/path><\/svg><ul><li class=\"gt-category-234\"><a href=\"https:\/\/events.spain.info\/en\/eventcat\/workshops-reuniones-b2b\/?post_type=event\">Workshops\/Reuniones B2B<\/a><\/li><\/ul><\/li><li class=\"gt-location\"><svg xmlns=\"http:\/\/www.w3.org\/2000\/svg\" viewBox=\"0 0 24 24\" fill=\"none\" stroke=\"currentColor\" stroke-width=\"2\" stroke-linecap=\"round\" stroke-linejoin=\"round\"><path d=\"M21 10c0 7-9 13-9 13s-9-6-9-13a9 9 0 0 1 18 0z\"><\/path><circle cx=\"12\" cy=\"10\" r=\"3\"><\/circle><\/svg><ul><li class=\"gt-category-224\"><a href=\"https:\/\/events.spain.info\/en\/location\/evento-virtual\/?post_type=event\">Evento virtual<\/a><\/li><\/ul><\/li><li class=\"gt-date\"><svg xmlns=\"http:\/\/www.w3.org\/2000\/svg\" viewBox=\"0 0 24 24\" fill=\"none\" stroke=\"currentColor\" stroke-width=\"2\" stroke-linecap=\"round\" stroke-linejoin=\"round\"><rect x=\"3\" y=\"4\" width=\"18\" height=\"18\" rx=\"2\" ry=\"2\"><\/rect><line x1=\"16\" y1=\"2\" x2=\"16\" y2=\"6\"><\/line><line x1=\"8\" y1=\"2\" x2=\"8\" y2=\"6\"><\/line><line x1=\"3\" y1=\"10\" x2=\"21\" y2=\"10\"><\/line><\/svg><span>June 27th 2024<\/span><\/li><\/ul><\/div><\/div><\/div><\/li><li data-lat=\"\" data-lng=\"\" data-icon=\"https:\/\/events.spain.info\/wp-content\/themes\/eventchamp\/include\/assets\/img\/map-marker.png\"><div class=\"gt-map-popup-wrapper\"><div class=\"gt-map-popup\" style=\"background-image:url(https:\/\/events.spain.info\/wp-content\/uploads\/2024\/08\/035_2024_Presentaciones-de-mercado-Mexico-350x350.jpg);\"><a href=\"https:\/\/events.spain.info\/en\/event\/presentaciones-de-mercado-mexico\/\"><\/a><div class=\"gt-inner\"><ul class=\"gt-top-links\"><li class=\"gt-status\"><div class=\"gt-event-status\">Expired<\/div><\/li><\/ul><div class=\"gt-title\">Presentaciones de mercado: M\u00e9xico<\/div><ul class=\"gt-bottom-links\"><li class=\"gt-category\"><svg xmlns=\"http:\/\/www.w3.org\/2000\/svg\" viewBox=\"0 0 24 24\" fill=\"none\" stroke=\"currentColor\" stroke-width=\"2\" stroke-linecap=\"round\" stroke-linejoin=\"round\"><path d=\"M22 19a2 2 0 0 1-2 2H4a2 2 0 0 1-2-2V5a2 2 0 0 1 2-2h5l2 3h9a2 2 0 0 1 2 2z\"><\/path><\/svg><ul><li class=\"gt-category-231\"><a href=\"https:\/\/events.spain.info\/en\/eventcat\/presentaciones\/?post_type=event\">Presentaciones<\/a><\/li><\/ul><\/li><li class=\"gt-location\"><svg xmlns=\"http:\/\/www.w3.org\/2000\/svg\" viewBox=\"0 0 24 24\" fill=\"none\" stroke=\"currentColor\" stroke-width=\"2\" stroke-linecap=\"round\" stroke-linejoin=\"round\"><path d=\"M21 10c0 7-9 13-9 13s-9-6-9-13a9 9 0 0 1 18 0z\"><\/path><circle cx=\"12\" cy=\"10\" r=\"3\"><\/circle><\/svg><ul><li class=\"gt-category-224\"><a href=\"https:\/\/events.spain.info\/en\/location\/evento-virtual\/?post_type=event\">Evento virtual<\/a><\/li><\/ul><\/li><li class=\"gt-date\"><svg xmlns=\"http:\/\/www.w3.org\/2000\/svg\" viewBox=\"0 0 24 24\" fill=\"none\" stroke=\"currentColor\" stroke-width=\"2\" stroke-linecap=\"round\" stroke-linejoin=\"round\"><rect x=\"3\" y=\"4\" width=\"18\" height=\"18\" rx=\"2\" ry=\"2\"><\/rect><line x1=\"16\" y1=\"2\" x2=\"16\" y2=\"6\"><\/line><line x1=\"8\" y1=\"2\" x2=\"8\" y2=\"6\"><\/line><line x1=\"3\" y1=\"10\" x2=\"21\" y2=\"10\"><\/line><\/svg><span>July 10th 2024<\/span><\/li><\/ul><\/div><\/div><\/div><\/li><li data-lat=\"\" data-lng=\"\" data-icon=\"https:\/\/events.spain.info\/wp-content\/themes\/eventchamp\/include\/assets\/img\/map-marker.png\"><div class=\"gt-map-popup-wrapper\"><div class=\"gt-map-popup\" style=\"background-image:url(https:\/\/events.spain.info\/wp-content\/uploads\/2024\/08\/LOGIN-EN-350x350.png);\"><a href=\"https:\/\/events.spain.info\/en\/event\/live-streaming-famtrip-greenspain-3\/\"><\/a><div class=\"gt-inner\"><ul class=\"gt-top-links\"><li class=\"gt-status\"><div class=\"gt-event-status\">Expired<\/div><\/li><\/ul><div class=\"gt-title\">Live Streaming Famtrip Greenspain<\/div><ul class=\"gt-bottom-links\"><li class=\"gt-category\"><svg xmlns=\"http:\/\/www.w3.org\/2000\/svg\" viewBox=\"0 0 24 24\" fill=\"none\" stroke=\"currentColor\" stroke-width=\"2\" stroke-linecap=\"round\" stroke-linejoin=\"round\"><path d=\"M22 19a2 2 0 0 1-2 2H4a2 2 0 0 1-2-2V5a2 2 0 0 1 2-2h5l2 3h9a2 2 0 0 1 2 2z\"><\/path><\/svg><ul><li class=\"gt-category-231\"><a href=\"https:\/\/events.spain.info\/en\/eventcat\/presentaciones\/?post_type=event\">Presentaciones<\/a><\/li><\/ul><\/li><li class=\"gt-location\"><svg xmlns=\"http:\/\/www.w3.org\/2000\/svg\" viewBox=\"0 0 24 24\" fill=\"none\" stroke=\"currentColor\" stroke-width=\"2\" stroke-linecap=\"round\" stroke-linejoin=\"round\"><path d=\"M21 10c0 7-9 13-9 13s-9-6-9-13a9 9 0 0 1 18 0z\"><\/path><circle cx=\"12\" cy=\"10\" r=\"3\"><\/circle><\/svg><ul><li class=\"gt-category-224\"><a href=\"https:\/\/events.spain.info\/en\/location\/evento-virtual\/?post_type=event\">Evento virtual<\/a><\/li><\/ul><\/li><li class=\"gt-date\"><svg xmlns=\"http:\/\/www.w3.org\/2000\/svg\" viewBox=\"0 0 24 24\" fill=\"none\" stroke=\"currentColor\" stroke-width=\"2\" stroke-linecap=\"round\" stroke-linejoin=\"round\"><rect x=\"3\" y=\"4\" width=\"18\" height=\"18\" rx=\"2\" ry=\"2\"><\/rect><line x1=\"16\" y1=\"2\" x2=\"16\" y2=\"6\"><\/line><line x1=\"8\" y1=\"2\" x2=\"8\" y2=\"6\"><\/line><line x1=\"3\" y1=\"10\" x2=\"21\" y2=\"10\"><\/line><\/svg><span>June 27th 2024<\/span><\/li><\/ul><\/div><\/div><\/div><\/li><li data-lat=\"\" data-lng=\"\" data-icon=\"https:\/\/events.spain.info\/wp-content\/themes\/eventchamp\/include\/assets\/img\/map-marker.png\"><div class=\"gt-map-popup-wrapper\"><div class=\"gt-map-popup\" style=\"background-image:url(https:\/\/events.spain.info\/wp-content\/uploads\/2024\/08\/LOGIN-FR-350x350.png);\"><a href=\"https:\/\/events.spain.info\/en\/event\/live-streaming-famtrip-greenspain-2\/\"><\/a><div class=\"gt-inner\"><ul class=\"gt-top-links\"><li class=\"gt-status\"><div class=\"gt-event-status\">Expired<\/div><\/li><\/ul><div class=\"gt-title\">Live Streaming Famtrip Greenspain<\/div><ul class=\"gt-bottom-links\"><li class=\"gt-category\"><svg xmlns=\"http:\/\/www.w3.org\/2000\/svg\" viewBox=\"0 0 24 24\" fill=\"none\" stroke=\"currentColor\" stroke-width=\"2\" stroke-linecap=\"round\" stroke-linejoin=\"round\"><path d=\"M22 19a2 2 0 0 1-2 2H4a2 2 0 0 1-2-2V5a2 2 0 0 1 2-2h5l2 3h9a2 2 0 0 1 2 2z\"><\/path><\/svg><ul><li class=\"gt-category-231\"><a href=\"https:\/\/events.spain.info\/en\/eventcat\/presentaciones\/?post_type=event\">Presentaciones<\/a><\/li><\/ul><\/li><li class=\"gt-location\"><svg xmlns=\"http:\/\/www.w3.org\/2000\/svg\" viewBox=\"0 0 24 24\" fill=\"none\" stroke=\"currentColor\" stroke-width=\"2\" stroke-linecap=\"round\" stroke-linejoin=\"round\"><path d=\"M21 10c0 7-9 13-9 13s-9-6-9-13a9 9 0 0 1 18 0z\"><\/path><circle cx=\"12\" cy=\"10\" r=\"3\"><\/circle><\/svg><ul><li class=\"gt-category-224\"><a href=\"https:\/\/events.spain.info\/en\/location\/evento-virtual\/?post_type=event\">Evento virtual<\/a><\/li><\/ul><\/li><li class=\"gt-date\"><svg xmlns=\"http:\/\/www.w3.org\/2000\/svg\" viewBox=\"0 0 24 24\" fill=\"none\" stroke=\"currentColor\" stroke-width=\"2\" stroke-linecap=\"round\" stroke-linejoin=\"round\"><rect x=\"3\" y=\"4\" width=\"18\" height=\"18\" rx=\"2\" ry=\"2\"><\/rect><line x1=\"16\" y1=\"2\" x2=\"16\" y2=\"6\"><\/line><line x1=\"8\" y1=\"2\" x2=\"8\" y2=\"6\"><\/line><line x1=\"3\" y1=\"10\" x2=\"21\" y2=\"10\"><\/line><\/svg><span>June 27th 2024<\/span><\/li><\/ul><\/div><\/div><\/div><\/li><li data-lat=\"\" data-lng=\"\" data-icon=\"https:\/\/events.spain.info\/wp-content\/themes\/eventchamp\/include\/assets\/img\/map-marker.png\"><div class=\"gt-map-popup-wrapper\"><div class=\"gt-map-popup\" style=\"background-image:url(https:\/\/events.spain.info\/wp-content\/uploads\/2024\/08\/LOGIN-IT-350x350.png);\"><a href=\"https:\/\/events.spain.info\/en\/event\/live-streaming-famtrip-greenspain\/\"><\/a><div class=\"gt-inner\"><ul class=\"gt-top-links\"><li class=\"gt-status\"><div class=\"gt-event-status\">Expired<\/div><\/li><\/ul><div class=\"gt-title\">Live Streaming Famtrip Greenspain<\/div><ul class=\"gt-bottom-links\"><li class=\"gt-category\"><svg xmlns=\"http:\/\/www.w3.org\/2000\/svg\" viewBox=\"0 0 24 24\" fill=\"none\" stroke=\"currentColor\" stroke-width=\"2\" stroke-linecap=\"round\" stroke-linejoin=\"round\"><path d=\"M22 19a2 2 0 0 1-2 2H4a2 2 0 0 1-2-2V5a2 2 0 0 1 2-2h5l2 3h9a2 2 0 0 1 2 2z\"><\/path><\/svg><ul><li class=\"gt-category-231\"><a href=\"https:\/\/events.spain.info\/en\/eventcat\/presentaciones\/?post_type=event\">Presentaciones<\/a><\/li><\/ul><\/li><li class=\"gt-location\"><svg xmlns=\"http:\/\/www.w3.org\/2000\/svg\" viewBox=\"0 0 24 24\" fill=\"none\" stroke=\"currentColor\" stroke-width=\"2\" stroke-linecap=\"round\" stroke-linejoin=\"round\"><path d=\"M21 10c0 7-9 13-9 13s-9-6-9-13a9 9 0 0 1 18 0z\"><\/path><circle cx=\"12\" cy=\"10\" r=\"3\"><\/circle><\/svg><ul><li class=\"gt-category-224\"><a href=\"https:\/\/events.spain.info\/en\/location\/evento-virtual\/?post_type=event\">Evento virtual<\/a><\/li><\/ul><\/li><li class=\"gt-date\"><svg xmlns=\"http:\/\/www.w3.org\/2000\/svg\" viewBox=\"0 0 24 24\" fill=\"none\" stroke=\"currentColor\" stroke-width=\"2\" stroke-linecap=\"round\" stroke-linejoin=\"round\"><rect x=\"3\" y=\"4\" width=\"18\" height=\"18\" rx=\"2\" ry=\"2\"><\/rect><line x1=\"16\" y1=\"2\" x2=\"16\" y2=\"6\"><\/line><line x1=\"8\" y1=\"2\" x2=\"8\" y2=\"6\"><\/line><line x1=\"3\" y1=\"10\" x2=\"21\" y2=\"10\"><\/line><\/svg><span>June 25th 2024<\/span><\/li><\/ul><\/div><\/div><\/div><\/li><li data-lat=\"\" data-lng=\"\" data-icon=\"https:\/\/events.spain.info\/wp-content\/themes\/eventchamp\/include\/assets\/img\/map-marker.png\"><div class=\"gt-map-popup-wrapper\"><div class=\"gt-map-popup\" style=\"background-image:url(https:\/\/events.spain.info\/wp-content\/uploads\/2024\/06\/033-2024_Jornada-formacion-mercado-chino-350x350.jpg);\"><a href=\"https:\/\/events.spain.info\/en\/event\/jornada-de-formacion-sobre-el-mercado-chino\/\"><\/a><div class=\"gt-inner\"><ul class=\"gt-top-links\"><li class=\"gt-status\"><div class=\"gt-event-status\">Expired<\/div><\/li><\/ul><div class=\"gt-title\">Jornada de formaci\u00f3n sobre el mercado chino<\/div><ul class=\"gt-bottom-links\"><li class=\"gt-category\"><svg xmlns=\"http:\/\/www.w3.org\/2000\/svg\" viewBox=\"0 0 24 24\" fill=\"none\" stroke=\"currentColor\" stroke-width=\"2\" stroke-linecap=\"round\" stroke-linejoin=\"round\"><path d=\"M22 19a2 2 0 0 1-2 2H4a2 2 0 0 1-2-2V5a2 2 0 0 1 2-2h5l2 3h9a2 2 0 0 1 2 2z\"><\/path><\/svg><ul><li class=\"gt-category-232\"><a href=\"https:\/\/events.spain.info\/en\/eventcat\/seminarios\/?post_type=event\">Seminarios<\/a><\/li><\/ul><\/li><li class=\"gt-location\"><svg xmlns=\"http:\/\/www.w3.org\/2000\/svg\" viewBox=\"0 0 24 24\" fill=\"none\" stroke=\"currentColor\" stroke-width=\"2\" stroke-linecap=\"round\" stroke-linejoin=\"round\"><path d=\"M21 10c0 7-9 13-9 13s-9-6-9-13a9 9 0 0 1 18 0z\"><\/path><circle cx=\"12\" cy=\"10\" r=\"3\"><\/circle><\/svg><ul><li class=\"gt-category-261\"><a href=\"https:\/\/events.spain.info\/en\/location\/hotel-nh-collection-madrid-eurobuilding\/?post_type=event\">Hotel NH Collection Madrid Eurobuilding<\/a><\/li><li class=\"gt-category-137\"><a href=\"https:\/\/events.spain.info\/en\/location\/madrid\/?post_type=event\">Madrid<\/a><\/li><\/ul><\/li><li class=\"gt-date\"><svg xmlns=\"http:\/\/www.w3.org\/2000\/svg\" viewBox=\"0 0 24 24\" fill=\"none\" stroke=\"currentColor\" stroke-width=\"2\" stroke-linecap=\"round\" stroke-linejoin=\"round\"><rect x=\"3\" y=\"4\" width=\"18\" height=\"18\" rx=\"2\" ry=\"2\"><\/rect><line x1=\"16\" y1=\"2\" x2=\"16\" y2=\"6\"><\/line><line x1=\"8\" y1=\"2\" x2=\"8\" y2=\"6\"><\/line><line x1=\"3\" y1=\"10\" x2=\"21\" y2=\"10\"><\/line><\/svg><span>July 9th 2024<\/span><\/li><\/ul><\/div><\/div><\/div><\/li><li data-lat=\"\" data-lng=\"\" data-icon=\"https:\/\/events.spain.info\/wp-content\/themes\/eventchamp\/include\/assets\/img\/map-marker.png\"><div class=\"gt-map-popup-wrapper\"><div class=\"gt-map-popup\" style=\"background-image:url(https:\/\/events.spain.info\/wp-content\/uploads\/2024\/06\/034_2024_Presentacion-de-mercado-Belgica-350x350.jpg);\"><a href=\"https:\/\/events.spain.info\/en\/event\/presentaciones-de-mercado-belgica\/\"><\/a><div class=\"gt-inner\"><ul class=\"gt-top-links\"><li class=\"gt-status\"><div class=\"gt-event-status\">Expired<\/div><\/li><\/ul><div class=\"gt-title\">Presentaciones de mercado: B\u00e9lgica<\/div><ul class=\"gt-bottom-links\"><li class=\"gt-category\"><svg xmlns=\"http:\/\/www.w3.org\/2000\/svg\" viewBox=\"0 0 24 24\" fill=\"none\" stroke=\"currentColor\" stroke-width=\"2\" stroke-linecap=\"round\" stroke-linejoin=\"round\"><path d=\"M22 19a2 2 0 0 1-2 2H4a2 2 0 0 1-2-2V5a2 2 0 0 1 2-2h5l2 3h9a2 2 0 0 1 2 2z\"><\/path><\/svg><ul><li class=\"gt-category-231\"><a href=\"https:\/\/events.spain.info\/en\/eventcat\/presentaciones\/?post_type=event\">Presentaciones<\/a><\/li><\/ul><\/li><li class=\"gt-location\"><svg xmlns=\"http:\/\/www.w3.org\/2000\/svg\" viewBox=\"0 0 24 24\" fill=\"none\" stroke=\"currentColor\" stroke-width=\"2\" stroke-linecap=\"round\" stroke-linejoin=\"round\"><path d=\"M21 10c0 7-9 13-9 13s-9-6-9-13a9 9 0 0 1 18 0z\"><\/path><circle cx=\"12\" cy=\"10\" r=\"3\"><\/circle><\/svg><ul><li class=\"gt-category-224\"><a href=\"https:\/\/events.spain.info\/en\/location\/evento-virtual\/?post_type=event\">Evento virtual<\/a><\/li><\/ul><\/li><li class=\"gt-date\"><svg xmlns=\"http:\/\/www.w3.org\/2000\/svg\" viewBox=\"0 0 24 24\" fill=\"none\" stroke=\"currentColor\" stroke-width=\"2\" stroke-linecap=\"round\" stroke-linejoin=\"round\"><rect x=\"3\" y=\"4\" width=\"18\" height=\"18\" rx=\"2\" ry=\"2\"><\/rect><line x1=\"16\" y1=\"2\" x2=\"16\" y2=\"6\"><\/line><line x1=\"8\" y1=\"2\" x2=\"8\" y2=\"6\"><\/line><line x1=\"3\" y1=\"10\" x2=\"21\" y2=\"10\"><\/line><\/svg><span>June 26th 2024<\/span><\/li><\/ul><\/div><\/div><\/div><\/li><li data-lat=\"\" data-lng=\"\" data-icon=\"https:\/\/events.spain.info\/wp-content\/themes\/eventchamp\/include\/assets\/img\/map-marker.png\"><div class=\"gt-map-popup-wrapper\"><div class=\"gt-map-popup\" style=\"background-image:url(https:\/\/events.spain.info\/wp-content\/uploads\/2024\/05\/031_2024_Presentacion-de-mercado-India-350x350.jpg);\"><a href=\"https:\/\/events.spain.info\/en\/event\/presentaciones-de-mercado-india\/\"><\/a><div class=\"gt-inner\"><ul class=\"gt-top-links\"><li class=\"gt-status\"><div class=\"gt-event-status\">Expired<\/div><\/li><\/ul><div class=\"gt-title\">Presentaciones de mercado: India<\/div><ul class=\"gt-bottom-links\"><li class=\"gt-category\"><svg xmlns=\"http:\/\/www.w3.org\/2000\/svg\" viewBox=\"0 0 24 24\" fill=\"none\" stroke=\"currentColor\" stroke-width=\"2\" stroke-linecap=\"round\" stroke-linejoin=\"round\"><path d=\"M22 19a2 2 0 0 1-2 2H4a2 2 0 0 1-2-2V5a2 2 0 0 1 2-2h5l2 3h9a2 2 0 0 1 2 2z\"><\/path><\/svg><ul><li class=\"gt-category-231\"><a href=\"https:\/\/events.spain.info\/en\/eventcat\/presentaciones\/?post_type=event\">Presentaciones<\/a><\/li><\/ul><\/li><li class=\"gt-location\"><svg xmlns=\"http:\/\/www.w3.org\/2000\/svg\" viewBox=\"0 0 24 24\" fill=\"none\" stroke=\"currentColor\" stroke-width=\"2\" stroke-linecap=\"round\" stroke-linejoin=\"round\"><path d=\"M21 10c0 7-9 13-9 13s-9-6-9-13a9 9 0 0 1 18 0z\"><\/path><circle cx=\"12\" cy=\"10\" r=\"3\"><\/circle><\/svg><ul><li class=\"gt-category-224\"><a href=\"https:\/\/events.spain.info\/en\/location\/evento-virtual\/?post_type=event\">Evento virtual<\/a><\/li><\/ul><\/li><li class=\"gt-date\"><svg xmlns=\"http:\/\/www.w3.org\/2000\/svg\" viewBox=\"0 0 24 24\" fill=\"none\" stroke=\"currentColor\" stroke-width=\"2\" stroke-linecap=\"round\" stroke-linejoin=\"round\"><rect x=\"3\" y=\"4\" width=\"18\" height=\"18\" rx=\"2\" ry=\"2\"><\/rect><line x1=\"16\" y1=\"2\" x2=\"16\" y2=\"6\"><\/line><line x1=\"8\" y1=\"2\" x2=\"8\" y2=\"6\"><\/line><line x1=\"3\" y1=\"10\" x2=\"21\" y2=\"10\"><\/line><\/svg><span>June 19th 2024<\/span><\/li><\/ul><\/div><\/div><\/div><\/li><li data-lat=\"\" data-lng=\"\" data-icon=\"https:\/\/events.spain.info\/wp-content\/themes\/eventchamp\/include\/assets\/img\/map-marker.png\"><div class=\"gt-map-popup-wrapper\"><div class=\"gt-map-popup\" style=\"background-image:url(https:\/\/events.spain.info\/wp-content\/uploads\/2024\/05\/030_2024_Presentaciones-de-mercado-Canada-350x350.jpg);\"><a href=\"https:\/\/events.spain.info\/en\/event\/presentaciones-de-mercado-canada\/\"><\/a><div class=\"gt-inner\"><ul class=\"gt-top-links\"><li class=\"gt-status\"><div class=\"gt-event-status\">Expired<\/div><\/li><\/ul><div class=\"gt-title\">Presentaciones de mercado: Canad\u00e1<\/div><ul class=\"gt-bottom-links\"><li class=\"gt-category\"><svg xmlns=\"http:\/\/www.w3.org\/2000\/svg\" viewBox=\"0 0 24 24\" fill=\"none\" stroke=\"currentColor\" stroke-width=\"2\" stroke-linecap=\"round\" stroke-linejoin=\"round\"><path d=\"M22 19a2 2 0 0 1-2 2H4a2 2 0 0 1-2-2V5a2 2 0 0 1 2-2h5l2 3h9a2 2 0 0 1 2 2z\"><\/path><\/svg><ul><li class=\"gt-category-231\"><a href=\"https:\/\/events.spain.info\/en\/eventcat\/presentaciones\/?post_type=event\">Presentaciones<\/a><\/li><\/ul><\/li><li class=\"gt-location\"><svg xmlns=\"http:\/\/www.w3.org\/2000\/svg\" viewBox=\"0 0 24 24\" fill=\"none\" stroke=\"currentColor\" stroke-width=\"2\" stroke-linecap=\"round\" stroke-linejoin=\"round\"><path d=\"M21 10c0 7-9 13-9 13s-9-6-9-13a9 9 0 0 1 18 0z\"><\/path><circle cx=\"12\" cy=\"10\" r=\"3\"><\/circle><\/svg><ul><li class=\"gt-category-224\"><a href=\"https:\/\/events.spain.info\/en\/location\/evento-virtual\/?post_type=event\">Evento virtual<\/a><\/li><\/ul><\/li><li class=\"gt-date\"><svg xmlns=\"http:\/\/www.w3.org\/2000\/svg\" viewBox=\"0 0 24 24\" fill=\"none\" stroke=\"currentColor\" stroke-width=\"2\" stroke-linecap=\"round\" stroke-linejoin=\"round\"><rect x=\"3\" y=\"4\" width=\"18\" height=\"18\" rx=\"2\" ry=\"2\"><\/rect><line x1=\"16\" y1=\"2\" x2=\"16\" y2=\"6\"><\/line><line x1=\"8\" y1=\"2\" x2=\"8\" y2=\"6\"><\/line><line x1=\"3\" y1=\"10\" x2=\"21\" y2=\"10\"><\/line><\/svg><span>May 29th 2024<\/span><\/li><\/ul><\/div><\/div><\/div><\/li><li data-lat=\"\" data-lng=\"\" data-icon=\"https:\/\/events.spain.info\/wp-content\/themes\/eventchamp\/include\/assets\/img\/map-marker.png\"><div class=\"gt-map-popup-wrapper\"><div class=\"gt-map-popup\" style=\"background-image:url(https:\/\/events.spain.info\/wp-content\/uploads\/2024\/05\/029_2024_Presentaciones-de-mercado-Paris-350x350.jpg);\"><a href=\"https:\/\/events.spain.info\/en\/event\/presentaciones-de-mercado-francia\/\"><\/a><div class=\"gt-inner\"><ul class=\"gt-top-links\"><li class=\"gt-status\"><div class=\"gt-event-status\">Expired<\/div><\/li><\/ul><div class=\"gt-title\">Presentaciones de mercado: Francia<\/div><ul class=\"gt-bottom-links\"><li class=\"gt-category\"><svg xmlns=\"http:\/\/www.w3.org\/2000\/svg\" viewBox=\"0 0 24 24\" fill=\"none\" stroke=\"currentColor\" stroke-width=\"2\" stroke-linecap=\"round\" stroke-linejoin=\"round\"><path d=\"M22 19a2 2 0 0 1-2 2H4a2 2 0 0 1-2-2V5a2 2 0 0 1 2-2h5l2 3h9a2 2 0 0 1 2 2z\"><\/path><\/svg><ul><li class=\"gt-category-231\"><a href=\"https:\/\/events.spain.info\/en\/eventcat\/presentaciones\/?post_type=event\">Presentaciones<\/a><\/li><\/ul><\/li><li class=\"gt-location\"><svg xmlns=\"http:\/\/www.w3.org\/2000\/svg\" viewBox=\"0 0 24 24\" fill=\"none\" stroke=\"currentColor\" stroke-width=\"2\" stroke-linecap=\"round\" stroke-linejoin=\"round\"><path d=\"M21 10c0 7-9 13-9 13s-9-6-9-13a9 9 0 0 1 18 0z\"><\/path><circle cx=\"12\" cy=\"10\" r=\"3\"><\/circle><\/svg><ul><li class=\"gt-category-224\"><a href=\"https:\/\/events.spain.info\/en\/location\/evento-virtual\/?post_type=event\">Evento virtual<\/a><\/li><\/ul><\/li><li class=\"gt-date\"><svg xmlns=\"http:\/\/www.w3.org\/2000\/svg\" viewBox=\"0 0 24 24\" fill=\"none\" stroke=\"currentColor\" stroke-width=\"2\" stroke-linecap=\"round\" stroke-linejoin=\"round\"><rect x=\"3\" y=\"4\" width=\"18\" height=\"18\" rx=\"2\" ry=\"2\"><\/rect><line x1=\"16\" y1=\"2\" x2=\"16\" y2=\"6\"><\/line><line x1=\"8\" y1=\"2\" x2=\"8\" y2=\"6\"><\/line><line x1=\"3\" y1=\"10\" x2=\"21\" y2=\"10\"><\/line><\/svg><span>May 16th 2024<\/span><\/li><\/ul><\/div><\/div><\/div><\/li><li data-lat=\"\" data-lng=\"\" data-icon=\"https:\/\/events.spain.info\/wp-content\/themes\/eventchamp\/include\/assets\/img\/map-marker.png\"><div class=\"gt-map-popup-wrapper\"><div class=\"gt-map-popup\" style=\"background-image:url(https:\/\/events.spain.info\/wp-content\/uploads\/2024\/04\/025-2024_Summit-Tours-Selection-350x350.jpg);\"><a href=\"https:\/\/events.spain.info\/en\/event\/spain-tourism-european-summit-summit-tours-selection\/\"><\/a><div class=\"gt-inner\"><ul class=\"gt-top-links\"><li class=\"gt-status\"><div class=\"gt-event-status\">Expired<\/div><\/li><\/ul><div class=\"gt-title\">Spain Tourism European Summit.  Summit Tours Selection<\/div><ul class=\"gt-bottom-links\"><li class=\"gt-category\"><svg xmlns=\"http:\/\/www.w3.org\/2000\/svg\" viewBox=\"0 0 24 24\" fill=\"none\" stroke=\"currentColor\" stroke-width=\"2\" stroke-linecap=\"round\" stroke-linejoin=\"round\"><path d=\"M22 19a2 2 0 0 1-2 2H4a2 2 0 0 1-2-2V5a2 2 0 0 1 2-2h5l2 3h9a2 2 0 0 1 2 2z\"><\/path><\/svg><ul><li class=\"gt-category-234\"><a href=\"https:\/\/events.spain.info\/en\/eventcat\/workshops-reuniones-b2b\/?post_type=event\">Workshops\/Reuniones B2B<\/a><\/li><\/ul><\/li><li class=\"gt-location\"><svg xmlns=\"http:\/\/www.w3.org\/2000\/svg\" viewBox=\"0 0 24 24\" fill=\"none\" stroke=\"currentColor\" stroke-width=\"2\" stroke-linecap=\"round\" stroke-linejoin=\"round\"><path d=\"M21 10c0 7-9 13-9 13s-9-6-9-13a9 9 0 0 1 18 0z\"><\/path><circle cx=\"12\" cy=\"10\" r=\"3\"><\/circle><\/svg><ul><li class=\"gt-category-224\"><a href=\"https:\/\/events.spain.info\/en\/location\/evento-virtual\/?post_type=event\">Evento virtual<\/a><\/li><\/ul><\/li><li class=\"gt-date\"><svg xmlns=\"http:\/\/www.w3.org\/2000\/svg\" viewBox=\"0 0 24 24\" fill=\"none\" stroke=\"currentColor\" stroke-width=\"2\" stroke-linecap=\"round\" stroke-linejoin=\"round\"><rect x=\"3\" y=\"4\" width=\"18\" height=\"18\" rx=\"2\" ry=\"2\"><\/rect><line x1=\"16\" y1=\"2\" x2=\"16\" y2=\"6\"><\/line><line x1=\"8\" y1=\"2\" x2=\"8\" y2=\"6\"><\/line><line x1=\"3\" y1=\"10\" x2=\"21\" y2=\"10\"><\/line><\/svg><span>May 17th 2024<\/span><\/li><\/ul><\/div><\/div><\/div><\/li><li data-lat=\"\" data-lng=\"\" data-icon=\"https:\/\/events.spain.info\/wp-content\/themes\/eventchamp\/include\/assets\/img\/map-marker.png\"><div class=\"gt-map-popup-wrapper\"><div class=\"gt-map-popup\" style=\"background-image:url(https:\/\/events.spain.info\/wp-content\/uploads\/2024\/04\/026-2024_Presentaciones-de-Mercado-Italia-350x350.jpg);\"><a href=\"https:\/\/events.spain.info\/en\/event\/presentaciones-de-mercado-italia\/\"><\/a><div class=\"gt-inner\"><ul class=\"gt-top-links\"><li class=\"gt-status\"><div class=\"gt-event-status\">Expired<\/div><\/li><\/ul><div class=\"gt-title\">Presentaciones de mercado: Italia<\/div><ul class=\"gt-bottom-links\"><li class=\"gt-category\"><svg xmlns=\"http:\/\/www.w3.org\/2000\/svg\" viewBox=\"0 0 24 24\" fill=\"none\" stroke=\"currentColor\" stroke-width=\"2\" stroke-linecap=\"round\" stroke-linejoin=\"round\"><path d=\"M22 19a2 2 0 0 1-2 2H4a2 2 0 0 1-2-2V5a2 2 0 0 1 2-2h5l2 3h9a2 2 0 0 1 2 2z\"><\/path><\/svg><ul><li class=\"gt-category-231\"><a href=\"https:\/\/events.spain.info\/en\/eventcat\/presentaciones\/?post_type=event\">Presentaciones<\/a><\/li><\/ul><\/li><li class=\"gt-location\"><svg xmlns=\"http:\/\/www.w3.org\/2000\/svg\" viewBox=\"0 0 24 24\" fill=\"none\" stroke=\"currentColor\" stroke-width=\"2\" stroke-linecap=\"round\" stroke-linejoin=\"round\"><path d=\"M21 10c0 7-9 13-9 13s-9-6-9-13a9 9 0 0 1 18 0z\"><\/path><circle cx=\"12\" cy=\"10\" r=\"3\"><\/circle><\/svg><ul><li class=\"gt-category-224\"><a href=\"https:\/\/events.spain.info\/en\/location\/evento-virtual\/?post_type=event\">Evento virtual<\/a><\/li><\/ul><\/li><li class=\"gt-date\"><svg xmlns=\"http:\/\/www.w3.org\/2000\/svg\" viewBox=\"0 0 24 24\" fill=\"none\" stroke=\"currentColor\" stroke-width=\"2\" stroke-linecap=\"round\" stroke-linejoin=\"round\"><rect x=\"3\" y=\"4\" width=\"18\" height=\"18\" rx=\"2\" ry=\"2\"><\/rect><line x1=\"16\" y1=\"2\" x2=\"16\" y2=\"6\"><\/line><line x1=\"8\" y1=\"2\" x2=\"8\" y2=\"6\"><\/line><line x1=\"3\" y1=\"10\" x2=\"21\" y2=\"10\"><\/line><\/svg><span>April 24th 2024<\/span><\/li><\/ul><\/div><\/div><\/div><\/li><li data-lat=\"\" data-lng=\"\" data-icon=\"https:\/\/events.spain.info\/wp-content\/themes\/eventchamp\/include\/assets\/img\/map-marker.png\"><div class=\"gt-map-popup-wrapper\"><div class=\"gt-map-popup\" style=\"background-image:url(https:\/\/events.spain.info\/wp-content\/uploads\/2024\/04\/027_2024_-MICE-Feria-IMEX_OET-Frankfurt-350x350.jpg);\"><a href=\"https:\/\/events.spain.info\/en\/event\/imex-frankfurt-2024-tendencias-globales-y-de-mercado-en-el-turismo-mice\/\"><\/a><div class=\"gt-inner\"><ul class=\"gt-top-links\"><li class=\"gt-status\"><div class=\"gt-event-status\">Expired<\/div><\/li><\/ul><div class=\"gt-title\">IMEX Frankfurt 2024: Tendencias globales y de mercado en el Turismo MICE<\/div><ul class=\"gt-bottom-links\"><li class=\"gt-category\"><svg xmlns=\"http:\/\/www.w3.org\/2000\/svg\" viewBox=\"0 0 24 24\" fill=\"none\" stroke=\"currentColor\" stroke-width=\"2\" stroke-linecap=\"round\" stroke-linejoin=\"round\"><path d=\"M22 19a2 2 0 0 1-2 2H4a2 2 0 0 1-2-2V5a2 2 0 0 1 2-2h5l2 3h9a2 2 0 0 1 2 2z\"><\/path><\/svg><ul><li class=\"gt-category-231\"><a href=\"https:\/\/events.spain.info\/en\/eventcat\/presentaciones\/?post_type=event\">Presentaciones<\/a><\/li><\/ul><\/li><li class=\"gt-location\"><svg xmlns=\"http:\/\/www.w3.org\/2000\/svg\" viewBox=\"0 0 24 24\" fill=\"none\" stroke=\"currentColor\" stroke-width=\"2\" stroke-linecap=\"round\" stroke-linejoin=\"round\"><path d=\"M21 10c0 7-9 13-9 13s-9-6-9-13a9 9 0 0 1 18 0z\"><\/path><circle cx=\"12\" cy=\"10\" r=\"3\"><\/circle><\/svg><ul><li class=\"gt-category-224\"><a href=\"https:\/\/events.spain.info\/en\/location\/evento-virtual\/?post_type=event\">Evento virtual<\/a><\/li><\/ul><\/li><li class=\"gt-date\"><svg xmlns=\"http:\/\/www.w3.org\/2000\/svg\" viewBox=\"0 0 24 24\" fill=\"none\" stroke=\"currentColor\" stroke-width=\"2\" stroke-linecap=\"round\" stroke-linejoin=\"round\"><rect x=\"3\" y=\"4\" width=\"18\" height=\"18\" rx=\"2\" ry=\"2\"><\/rect><line x1=\"16\" y1=\"2\" x2=\"16\" y2=\"6\"><\/line><line x1=\"8\" y1=\"2\" x2=\"8\" y2=\"6\"><\/line><line x1=\"3\" y1=\"10\" x2=\"21\" y2=\"10\"><\/line><\/svg><span>April 30th 2024<\/span><\/li><\/ul><\/div><\/div><\/div><\/li><li data-lat=\"40.467896\" data-lng=\"-3.617333\" data-icon=\"https:\/\/events.spain.info\/wp-content\/themes\/eventchamp\/include\/assets\/img\/map-marker.png\"><div class=\"gt-map-popup-wrapper\"><div class=\"gt-map-popup\" style=\"background-image:url(https:\/\/events.spain.info\/wp-content\/uploads\/2024\/03\/023-2024_III-Jornada-conectividad-aerea-Gran-Canaria-1-350x350.jpg);\"><a href=\"https:\/\/events.spain.info\/en\/event\/iii-jornada-de-conectividad-aerea-turepana-aena\/\"><\/a><div class=\"gt-inner\"><ul class=\"gt-top-links\"><li class=\"gt-status\"><div class=\"gt-event-status\">Expired<\/div><\/li><\/ul><div class=\"gt-title\">III Jornada de conectividad a\u00e9rea Turespa\u00f1a &#8211; Aena<\/div><ul class=\"gt-bottom-links\"><li class=\"gt-category\"><svg xmlns=\"http:\/\/www.w3.org\/2000\/svg\" viewBox=\"0 0 24 24\" fill=\"none\" stroke=\"currentColor\" stroke-width=\"2\" stroke-linecap=\"round\" stroke-linejoin=\"round\"><path d=\"M22 19a2 2 0 0 1-2 2H4a2 2 0 0 1-2-2V5a2 2 0 0 1 2-2h5l2 3h9a2 2 0 0 1 2 2z\"><\/path><\/svg><ul><li class=\"gt-category-231\"><a href=\"https:\/\/events.spain.info\/en\/eventcat\/presentaciones\/?post_type=event\">Presentaciones<\/a><\/li><\/ul><\/li><li class=\"gt-location\"><svg xmlns=\"http:\/\/www.w3.org\/2000\/svg\" viewBox=\"0 0 24 24\" fill=\"none\" stroke=\"currentColor\" stroke-width=\"2\" stroke-linecap=\"round\" stroke-linejoin=\"round\"><path d=\"M21 10c0 7-9 13-9 13s-9-6-9-13a9 9 0 0 1 18 0z\"><\/path><circle cx=\"12\" cy=\"10\" r=\"3\"><\/circle><\/svg><ul><li class=\"gt-category-256\"><a href=\"https:\/\/events.spain.info\/en\/location\/gran-canaria\/?post_type=event\">Gran Canaria<\/a><\/li><\/ul><\/li><li class=\"gt-date\"><svg xmlns=\"http:\/\/www.w3.org\/2000\/svg\" viewBox=\"0 0 24 24\" fill=\"none\" stroke=\"currentColor\" stroke-width=\"2\" stroke-linecap=\"round\" stroke-linejoin=\"round\"><rect x=\"3\" y=\"4\" width=\"18\" height=\"18\" rx=\"2\" ry=\"2\"><\/rect><line x1=\"16\" y1=\"2\" x2=\"16\" y2=\"6\"><\/line><line x1=\"8\" y1=\"2\" x2=\"8\" y2=\"6\"><\/line><line x1=\"3\" y1=\"10\" x2=\"21\" y2=\"10\"><\/line><\/svg><span>April 4th 2024<\/span><\/li><\/ul><\/div><\/div><\/div><\/li><li data-lat=\"\" data-lng=\"\" data-icon=\"https:\/\/events.spain.info\/wp-content\/themes\/eventchamp\/include\/assets\/img\/map-marker.png\"><div class=\"gt-map-popup-wrapper\"><div class=\"gt-map-popup\" style=\"background-image:url(https:\/\/events.spain.info\/wp-content\/uploads\/2024\/03\/024-2024_Presentaciones-de-mercado-Paises-Nordicos-350x350.jpg);\"><a href=\"https:\/\/events.spain.info\/en\/event\/presentaciones-de-mercado-paises-nodicos\/\"><\/a><div class=\"gt-inner\"><ul class=\"gt-top-links\"><li class=\"gt-status\"><div class=\"gt-event-status\">Expired<\/div><\/li><\/ul><div class=\"gt-title\">Presentaciones de mercado: Pa\u00edses N\u00f3rdicos<\/div><ul class=\"gt-bottom-links\"><li class=\"gt-category\"><svg xmlns=\"http:\/\/www.w3.org\/2000\/svg\" viewBox=\"0 0 24 24\" fill=\"none\" stroke=\"currentColor\" stroke-width=\"2\" stroke-linecap=\"round\" stroke-linejoin=\"round\"><path d=\"M22 19a2 2 0 0 1-2 2H4a2 2 0 0 1-2-2V5a2 2 0 0 1 2-2h5l2 3h9a2 2 0 0 1 2 2z\"><\/path><\/svg><ul><li class=\"gt-category-231\"><a href=\"https:\/\/events.spain.info\/en\/eventcat\/presentaciones\/?post_type=event\">Presentaciones<\/a><\/li><\/ul><\/li><li class=\"gt-location\"><svg xmlns=\"http:\/\/www.w3.org\/2000\/svg\" viewBox=\"0 0 24 24\" fill=\"none\" stroke=\"currentColor\" stroke-width=\"2\" stroke-linecap=\"round\" stroke-linejoin=\"round\"><path d=\"M21 10c0 7-9 13-9 13s-9-6-9-13a9 9 0 0 1 18 0z\"><\/path><circle cx=\"12\" cy=\"10\" r=\"3\"><\/circle><\/svg><ul><li class=\"gt-category-224\"><a href=\"https:\/\/events.spain.info\/en\/location\/evento-virtual\/?post_type=event\">Evento virtual<\/a><\/li><\/ul><\/li><li class=\"gt-date\"><svg xmlns=\"http:\/\/www.w3.org\/2000\/svg\" viewBox=\"0 0 24 24\" fill=\"none\" stroke=\"currentColor\" stroke-width=\"2\" stroke-linecap=\"round\" stroke-linejoin=\"round\"><rect x=\"3\" y=\"4\" width=\"18\" height=\"18\" rx=\"2\" ry=\"2\"><\/rect><line x1=\"16\" y1=\"2\" x2=\"16\" y2=\"6\"><\/line><line x1=\"8\" y1=\"2\" x2=\"8\" y2=\"6\"><\/line><line x1=\"3\" y1=\"10\" x2=\"21\" y2=\"10\"><\/line><\/svg><span>April 10th 2024<\/span><\/li><\/ul><\/div><\/div><\/div><\/li><li data-lat=\"\" data-lng=\"\" data-icon=\"https:\/\/events.spain.info\/wp-content\/themes\/eventchamp\/include\/assets\/img\/map-marker.png\"><div class=\"gt-map-popup-wrapper\"><div class=\"gt-map-popup\" style=\"background-image:url(https:\/\/events.spain.info\/wp-content\/uploads\/2024\/02\/022-2024_COUNTRY-BRIEFING-2024-350x350.png);\"><a href=\"https:\/\/events.spain.info\/en\/event\/itb-spain-country-briefing-2024\/\"><\/a><div class=\"gt-inner\"><ul class=\"gt-top-links\"><li class=\"gt-status\"><div class=\"gt-event-status\">Expired<\/div><\/li><\/ul><div class=\"gt-title\">Presentaciones de mercado: Alemania<\/div><ul class=\"gt-bottom-links\"><li class=\"gt-category\"><svg xmlns=\"http:\/\/www.w3.org\/2000\/svg\" viewBox=\"0 0 24 24\" fill=\"none\" stroke=\"currentColor\" stroke-width=\"2\" stroke-linecap=\"round\" stroke-linejoin=\"round\"><path d=\"M22 19a2 2 0 0 1-2 2H4a2 2 0 0 1-2-2V5a2 2 0 0 1 2-2h5l2 3h9a2 2 0 0 1 2 2z\"><\/path><\/svg><ul><li class=\"gt-category-231\"><a href=\"https:\/\/events.spain.info\/en\/eventcat\/presentaciones\/?post_type=event\">Presentaciones<\/a><\/li><\/ul><\/li><li class=\"gt-location\"><svg xmlns=\"http:\/\/www.w3.org\/2000\/svg\" viewBox=\"0 0 24 24\" fill=\"none\" stroke=\"currentColor\" stroke-width=\"2\" stroke-linecap=\"round\" stroke-linejoin=\"round\"><path d=\"M21 10c0 7-9 13-9 13s-9-6-9-13a9 9 0 0 1 18 0z\"><\/path><circle cx=\"12\" cy=\"10\" r=\"3\"><\/circle><\/svg><ul><li class=\"gt-category-224\"><a href=\"https:\/\/events.spain.info\/en\/location\/evento-virtual\/?post_type=event\">Evento virtual<\/a><\/li><\/ul><\/li><li class=\"gt-date\"><svg xmlns=\"http:\/\/www.w3.org\/2000\/svg\" viewBox=\"0 0 24 24\" fill=\"none\" stroke=\"currentColor\" stroke-width=\"2\" stroke-linecap=\"round\" stroke-linejoin=\"round\"><rect x=\"3\" y=\"4\" width=\"18\" height=\"18\" rx=\"2\" ry=\"2\"><\/rect><line x1=\"16\" y1=\"2\" x2=\"16\" y2=\"6\"><\/line><line x1=\"8\" y1=\"2\" x2=\"8\" y2=\"6\"><\/line><line x1=\"3\" y1=\"10\" x2=\"21\" y2=\"10\"><\/line><\/svg><span>February 21st 2024<\/span><\/li><\/ul><\/div><\/div><\/div><\/li><li data-lat=\"\" data-lng=\"\" data-icon=\"https:\/\/events.spain.info\/wp-content\/themes\/eventchamp\/include\/assets\/img\/map-marker.png\"><div class=\"gt-map-popup-wrapper\"><div class=\"gt-map-popup\" style=\"background-image:url(https:\/\/events.spain.info\/wp-content\/uploads\/2024\/01\/021-2024_conferenciaOETBerlin1-350x350.jpg);\"><a href=\"https:\/\/events.spain.info\/en\/event\/viajes-de-familiarizacion-sostenibles\/\"><\/a><div class=\"gt-inner\"><ul class=\"gt-top-links\"><li class=\"gt-status\"><div class=\"gt-event-status\">Expired<\/div><\/li><\/ul><div class=\"gt-title\">Viajes de familiarizaci\u00f3n sostenibles<\/div><ul class=\"gt-bottom-links\"><li class=\"gt-category\"><svg xmlns=\"http:\/\/www.w3.org\/2000\/svg\" viewBox=\"0 0 24 24\" fill=\"none\" stroke=\"currentColor\" stroke-width=\"2\" stroke-linecap=\"round\" stroke-linejoin=\"round\"><path d=\"M22 19a2 2 0 0 1-2 2H4a2 2 0 0 1-2-2V5a2 2 0 0 1 2-2h5l2 3h9a2 2 0 0 1 2 2z\"><\/path><\/svg><ul><li class=\"gt-category-231\"><a href=\"https:\/\/events.spain.info\/en\/eventcat\/presentaciones\/?post_type=event\">Presentaciones<\/a><\/li><\/ul><\/li><li class=\"gt-location\"><svg xmlns=\"http:\/\/www.w3.org\/2000\/svg\" viewBox=\"0 0 24 24\" fill=\"none\" stroke=\"currentColor\" stroke-width=\"2\" stroke-linecap=\"round\" stroke-linejoin=\"round\"><path d=\"M21 10c0 7-9 13-9 13s-9-6-9-13a9 9 0 0 1 18 0z\"><\/path><circle cx=\"12\" cy=\"10\" r=\"3\"><\/circle><\/svg><ul><li class=\"gt-category-224\"><a href=\"https:\/\/events.spain.info\/en\/location\/evento-virtual\/?post_type=event\">Evento virtual<\/a><\/li><\/ul><\/li><li class=\"gt-date\"><svg xmlns=\"http:\/\/www.w3.org\/2000\/svg\" viewBox=\"0 0 24 24\" fill=\"none\" stroke=\"currentColor\" stroke-width=\"2\" stroke-linecap=\"round\" stroke-linejoin=\"round\"><rect x=\"3\" y=\"4\" width=\"18\" height=\"18\" rx=\"2\" ry=\"2\"><\/rect><line x1=\"16\" y1=\"2\" x2=\"16\" y2=\"6\"><\/line><line x1=\"8\" y1=\"2\" x2=\"8\" y2=\"6\"><\/line><line x1=\"3\" y1=\"10\" x2=\"21\" y2=\"10\"><\/line><\/svg><span>February 1st 2024<\/span><\/li><\/ul><\/div><\/div><\/div><\/li><li data-lat=\"40.467896\" data-lng=\"-3.617333\" data-icon=\"https:\/\/events.spain.info\/wp-content\/themes\/eventchamp\/include\/assets\/img\/map-marker.png\"><div class=\"gt-map-popup-wrapper\"><div class=\"gt-map-popup\" style=\"background-image:url(https:\/\/events.spain.info\/wp-content\/uploads\/2024\/01\/020-2023-citasFitur2024-350x350.jpg);\"><a href=\"https:\/\/events.spain.info\/en\/event\/reuniones-con-las-consejerias-de-turismo-en-el-exterior-en-fitur-2024\/\"><\/a><div class=\"gt-inner\"><ul class=\"gt-top-links\"><li class=\"gt-status\"><div class=\"gt-event-status\">Expired<\/div><\/li><\/ul><div class=\"gt-title\">Reuniones con las Consejer\u00edas de Turismo en el Exterior en FITUR 2024<\/div><ul class=\"gt-bottom-links\"><li class=\"gt-category\"><svg xmlns=\"http:\/\/www.w3.org\/2000\/svg\" viewBox=\"0 0 24 24\" fill=\"none\" stroke=\"currentColor\" stroke-width=\"2\" stroke-linecap=\"round\" stroke-linejoin=\"round\"><path d=\"M22 19a2 2 0 0 1-2 2H4a2 2 0 0 1-2-2V5a2 2 0 0 1 2-2h5l2 3h9a2 2 0 0 1 2 2z\"><\/path><\/svg><ul><li class=\"gt-category-234\"><a href=\"https:\/\/events.spain.info\/en\/eventcat\/workshops-reuniones-b2b\/?post_type=event\">Workshops\/Reuniones B2B<\/a><\/li><\/ul><\/li><li class=\"gt-location\"><svg xmlns=\"http:\/\/www.w3.org\/2000\/svg\" viewBox=\"0 0 24 24\" fill=\"none\" stroke=\"currentColor\" stroke-width=\"2\" stroke-linecap=\"round\" stroke-linejoin=\"round\"><path d=\"M21 10c0 7-9 13-9 13s-9-6-9-13a9 9 0 0 1 18 0z\"><\/path><circle cx=\"12\" cy=\"10\" r=\"3\"><\/circle><\/svg><ul><li class=\"gt-category-137\"><a href=\"https:\/\/events.spain.info\/en\/location\/madrid\/?post_type=event\">Madrid<\/a><\/li><li class=\"gt-category-241\"><a href=\"https:\/\/events.spain.info\/en\/location\/recinto-ferial-ifema\/?post_type=event\">Recinto Ferial IFEMA<\/a><\/li><\/ul><\/li><li class=\"gt-date\"><svg xmlns=\"http:\/\/www.w3.org\/2000\/svg\" viewBox=\"0 0 24 24\" fill=\"none\" stroke=\"currentColor\" stroke-width=\"2\" stroke-linecap=\"round\" stroke-linejoin=\"round\"><rect x=\"3\" y=\"4\" width=\"18\" height=\"18\" rx=\"2\" ry=\"2\"><\/rect><line x1=\"16\" y1=\"2\" x2=\"16\" y2=\"6\"><\/line><line x1=\"8\" y1=\"2\" x2=\"8\" y2=\"6\"><\/line><line x1=\"3\" y1=\"10\" x2=\"21\" y2=\"10\"><\/line><\/svg><span>January 24th 2024<\/span><\/li><\/ul><\/div><\/div><\/div><\/li><li data-lat=\"\" data-lng=\"\" data-icon=\"https:\/\/events.spain.info\/wp-content\/themes\/eventchamp\/include\/assets\/img\/map-marker.png\"><div class=\"gt-map-popup-wrapper\"><div class=\"gt-map-popup\" style=\"background-image:url(https:\/\/events.spain.info\/wp-content\/uploads\/2023\/12\/019-2023_NorteEspanaConHiperviajes-350x350.jpg);\"><a href=\"https:\/\/events.spain.info\/en\/event\/norte-de-espana-con-hiperviajes\/\"><\/a><div class=\"gt-inner\"><ul class=\"gt-top-links\"><li class=\"gt-status\"><div class=\"gt-event-status\">Expired<\/div><\/li><\/ul><div class=\"gt-title\">Norte de Espa\u00f1a con Hiperviajes<\/div><ul class=\"gt-bottom-links\"><li class=\"gt-category\"><svg xmlns=\"http:\/\/www.w3.org\/2000\/svg\" viewBox=\"0 0 24 24\" fill=\"none\" stroke=\"currentColor\" stroke-width=\"2\" stroke-linecap=\"round\" stroke-linejoin=\"round\"><path d=\"M22 19a2 2 0 0 1-2 2H4a2 2 0 0 1-2-2V5a2 2 0 0 1 2-2h5l2 3h9a2 2 0 0 1 2 2z\"><\/path><\/svg><ul><li class=\"gt-category-231\"><a href=\"https:\/\/events.spain.info\/en\/eventcat\/presentaciones\/?post_type=event\">Presentaciones<\/a><\/li><\/ul><\/li><li class=\"gt-location\"><svg xmlns=\"http:\/\/www.w3.org\/2000\/svg\" viewBox=\"0 0 24 24\" fill=\"none\" stroke=\"currentColor\" stroke-width=\"2\" stroke-linecap=\"round\" stroke-linejoin=\"round\"><path d=\"M21 10c0 7-9 13-9 13s-9-6-9-13a9 9 0 0 1 18 0z\"><\/path><circle cx=\"12\" cy=\"10\" r=\"3\"><\/circle><\/svg><ul><li class=\"gt-category-224\"><a href=\"https:\/\/events.spain.info\/en\/location\/evento-virtual\/?post_type=event\">Evento virtual<\/a><\/li><\/ul><\/li><li class=\"gt-date\"><svg xmlns=\"http:\/\/www.w3.org\/2000\/svg\" viewBox=\"0 0 24 24\" fill=\"none\" stroke=\"currentColor\" stroke-width=\"2\" stroke-linecap=\"round\" stroke-linejoin=\"round\"><rect x=\"3\" y=\"4\" width=\"18\" height=\"18\" rx=\"2\" ry=\"2\"><\/rect><line x1=\"16\" y1=\"2\" x2=\"16\" y2=\"6\"><\/line><line x1=\"8\" y1=\"2\" x2=\"8\" y2=\"6\"><\/line><line x1=\"3\" y1=\"10\" x2=\"21\" y2=\"10\"><\/line><\/svg><span>December 11th 2023<\/span><\/li><\/ul><\/div><\/div><\/div><\/li><li data-lat=\"40.467896\" data-lng=\"-3.617333\" data-icon=\"https:\/\/events.spain.info\/wp-content\/themes\/eventchamp\/include\/assets\/img\/map-marker.png\"><div class=\"gt-map-popup-wrapper\"><div class=\"gt-map-popup\" style=\"background-image:url(https:\/\/events.spain.info\/wp-content\/uploads\/2023\/12\/017-2023_JJDD2023-Mexico-350x350.jpg);\"><a href=\"https:\/\/events.spain.info\/en\/event\/jornadas-directas-de-apoyo-a-la-comercializacion-para-los-mercados-de-mexico-y-centroamerica\/\"><\/a><div class=\"gt-inner\"><ul class=\"gt-top-links\"><li class=\"gt-status\"><div class=\"gt-event-status\">Expired<\/div><\/li><\/ul><div class=\"gt-title\">Jornadas Directas de apoyo a la comercializaci\u00f3n para los mercados de M\u00e9xico y Centroam\u00e9rica<\/div><ul class=\"gt-bottom-links\"><li class=\"gt-category\"><svg xmlns=\"http:\/\/www.w3.org\/2000\/svg\" viewBox=\"0 0 24 24\" fill=\"none\" stroke=\"currentColor\" stroke-width=\"2\" stroke-linecap=\"round\" stroke-linejoin=\"round\"><path d=\"M22 19a2 2 0 0 1-2 2H4a2 2 0 0 1-2-2V5a2 2 0 0 1 2-2h5l2 3h9a2 2 0 0 1 2 2z\"><\/path><\/svg><ul><li class=\"gt-category-234\"><a href=\"https:\/\/events.spain.info\/en\/eventcat\/workshops-reuniones-b2b\/?post_type=event\">Workshops\/Reuniones B2B<\/a><\/li><\/ul><\/li><li class=\"gt-location\"><svg xmlns=\"http:\/\/www.w3.org\/2000\/svg\" viewBox=\"0 0 24 24\" fill=\"none\" stroke=\"currentColor\" stroke-width=\"2\" stroke-linecap=\"round\" stroke-linejoin=\"round\"><path d=\"M21 10c0 7-9 13-9 13s-9-6-9-13a9 9 0 0 1 18 0z\"><\/path><circle cx=\"12\" cy=\"10\" r=\"3\"><\/circle><\/svg><ul><li class=\"gt-category-253\"><a href=\"https:\/\/events.spain.info\/en\/location\/mexico-hotel-maya-riviera\/?post_type=event\">M\u00e9xico. Hotel Maya Riviera<\/a><\/li><\/ul><\/li><li class=\"gt-date\"><svg xmlns=\"http:\/\/www.w3.org\/2000\/svg\" viewBox=\"0 0 24 24\" fill=\"none\" stroke=\"currentColor\" stroke-width=\"2\" stroke-linecap=\"round\" stroke-linejoin=\"round\"><rect x=\"3\" y=\"4\" width=\"18\" height=\"18\" rx=\"2\" ry=\"2\"><\/rect><line x1=\"16\" y1=\"2\" x2=\"16\" y2=\"6\"><\/line><line x1=\"8\" y1=\"2\" x2=\"8\" y2=\"6\"><\/line><line x1=\"3\" y1=\"10\" x2=\"21\" y2=\"10\"><\/line><\/svg><span>December 11th 2023<\/span><\/li><\/ul><\/div><\/div><\/div><\/li><li data-lat=\"\" data-lng=\"\" data-icon=\"https:\/\/events.spain.info\/wp-content\/themes\/eventchamp\/include\/assets\/img\/map-marker.png\"><div class=\"gt-map-popup-wrapper\"><div class=\"gt-map-popup\" style=\"background-image:url(https:\/\/events.spain.info\/wp-content\/uploads\/2023\/12\/016-2023_Encuentro-Ciudades-Patrimonio_La-Haya-350x350.jpg);\"><a href=\"https:\/\/events.spain.info\/en\/event\/encuentro-con-ciudades-patrimonio-y-paradores\/\"><\/a><div class=\"gt-inner\"><ul class=\"gt-top-links\"><li class=\"gt-status\"><div class=\"gt-event-status\">Expired<\/div><\/li><\/ul><div class=\"gt-title\">Encuentro con Ciudades Patrimonio y Paradores<\/div><ul class=\"gt-bottom-links\"><li class=\"gt-category\"><svg xmlns=\"http:\/\/www.w3.org\/2000\/svg\" viewBox=\"0 0 24 24\" fill=\"none\" stroke=\"currentColor\" stroke-width=\"2\" stroke-linecap=\"round\" stroke-linejoin=\"round\"><path d=\"M22 19a2 2 0 0 1-2 2H4a2 2 0 0 1-2-2V5a2 2 0 0 1 2-2h5l2 3h9a2 2 0 0 1 2 2z\"><\/path><\/svg><ul><li class=\"gt-category-234\"><a href=\"https:\/\/events.spain.info\/en\/eventcat\/workshops-reuniones-b2b\/?post_type=event\">Workshops\/Reuniones B2B<\/a><\/li><\/ul><\/li><li class=\"gt-location\"><svg xmlns=\"http:\/\/www.w3.org\/2000\/svg\" viewBox=\"0 0 24 24\" fill=\"none\" stroke=\"currentColor\" stroke-width=\"2\" stroke-linecap=\"round\" stroke-linejoin=\"round\"><path d=\"M21 10c0 7-9 13-9 13s-9-6-9-13a9 9 0 0 1 18 0z\"><\/path><circle cx=\"12\" cy=\"10\" r=\"3\"><\/circle><\/svg><ul><li class=\"gt-category-224\"><a href=\"https:\/\/events.spain.info\/en\/location\/evento-virtual\/?post_type=event\">Evento virtual<\/a><\/li><\/ul><\/li><li class=\"gt-date\"><svg xmlns=\"http:\/\/www.w3.org\/2000\/svg\" viewBox=\"0 0 24 24\" fill=\"none\" stroke=\"currentColor\" stroke-width=\"2\" stroke-linecap=\"round\" stroke-linejoin=\"round\"><rect x=\"3\" y=\"4\" width=\"18\" height=\"18\" rx=\"2\" ry=\"2\"><\/rect><line x1=\"16\" y1=\"2\" x2=\"16\" y2=\"6\"><\/line><line x1=\"8\" y1=\"2\" x2=\"8\" y2=\"6\"><\/line><line x1=\"3\" y1=\"10\" x2=\"21\" y2=\"10\"><\/line><\/svg><span>November 29th 2023<\/span><\/li><\/ul><\/div><\/div><\/div><\/li><li data-lat=\"\" data-lng=\"\" data-icon=\"https:\/\/events.spain.info\/wp-content\/themes\/eventchamp\/include\/assets\/img\/map-marker.png\"><div class=\"gt-map-popup-wrapper\"><div class=\"gt-map-popup\" style=\"background-image:url(https:\/\/events.spain.info\/wp-content\/uploads\/2023\/05\/011-2023-Informes-Tendencias-350x350.jpg);\"><a href=\"https:\/\/events.spain.info\/en\/event\/informes-de-tendencias-de-mercados-emisores-invierno\/\"><\/a><div class=\"gt-inner\"><ul class=\"gt-top-links\"><li class=\"gt-status\"><div class=\"gt-event-status\">Expired<\/div><\/li><\/ul><div class=\"gt-title\">Informes de Tendencias de Mercados Emisores Invierno<\/div><ul class=\"gt-bottom-links\"><li class=\"gt-category\"><svg xmlns=\"http:\/\/www.w3.org\/2000\/svg\" viewBox=\"0 0 24 24\" fill=\"none\" stroke=\"currentColor\" stroke-width=\"2\" stroke-linecap=\"round\" stroke-linejoin=\"round\"><path d=\"M22 19a2 2 0 0 1-2 2H4a2 2 0 0 1-2-2V5a2 2 0 0 1 2-2h5l2 3h9a2 2 0 0 1 2 2z\"><\/path><\/svg><ul><li class=\"gt-category-232\"><a href=\"https:\/\/events.spain.info\/en\/eventcat\/seminarios\/?post_type=event\">Seminarios<\/a><\/li><\/ul><\/li><li class=\"gt-location\"><svg xmlns=\"http:\/\/www.w3.org\/2000\/svg\" viewBox=\"0 0 24 24\" fill=\"none\" stroke=\"currentColor\" stroke-width=\"2\" stroke-linecap=\"round\" stroke-linejoin=\"round\"><path d=\"M21 10c0 7-9 13-9 13s-9-6-9-13a9 9 0 0 1 18 0z\"><\/path><circle cx=\"12\" cy=\"10\" r=\"3\"><\/circle><\/svg><ul><li class=\"gt-category-224\"><a href=\"https:\/\/events.spain.info\/en\/location\/evento-virtual\/?post_type=event\">Evento virtual<\/a><\/li><\/ul><\/li><li class=\"gt-date\"><svg xmlns=\"http:\/\/www.w3.org\/2000\/svg\" viewBox=\"0 0 24 24\" fill=\"none\" stroke=\"currentColor\" stroke-width=\"2\" stroke-linecap=\"round\" stroke-linejoin=\"round\"><rect x=\"3\" y=\"4\" width=\"18\" height=\"18\" rx=\"2\" ry=\"2\"><\/rect><line x1=\"16\" y1=\"2\" x2=\"16\" y2=\"6\"><\/line><line x1=\"8\" y1=\"2\" x2=\"8\" y2=\"6\"><\/line><line x1=\"3\" y1=\"10\" x2=\"21\" y2=\"10\"><\/line><\/svg><span>November 17th 2023<\/span><\/li><\/ul><\/div><\/div><\/div><\/li><li data-lat=\"\" data-lng=\"\" data-icon=\"https:\/\/events.spain.info\/wp-content\/themes\/eventchamp\/include\/assets\/img\/map-marker.png\"><div class=\"gt-map-popup-wrapper\"><div class=\"gt-map-popup\" style=\"background-image:url(https:\/\/events.spain.info\/wp-content\/uploads\/2023\/11\/PORTADA_CURSO_EMISOR_CHINO_V3-350x350.png);\"><a href=\"https:\/\/events.spain.info\/en\/event\/formacion-online-sobre-el-mercado-emisor-chino\/\"><\/a><div class=\"gt-inner\"><ul class=\"gt-top-links\"><li class=\"gt-status\"><div class=\"gt-event-status\">Expired<\/div><\/li><\/ul><div class=\"gt-title\">Formaci\u00f3n online sobre el mercado emisor chino<\/div><ul class=\"gt-bottom-links\"><li class=\"gt-category\"><svg xmlns=\"http:\/\/www.w3.org\/2000\/svg\" viewBox=\"0 0 24 24\" fill=\"none\" stroke=\"currentColor\" stroke-width=\"2\" stroke-linecap=\"round\" stroke-linejoin=\"round\"><path d=\"M22 19a2 2 0 0 1-2 2H4a2 2 0 0 1-2-2V5a2 2 0 0 1 2-2h5l2 3h9a2 2 0 0 1 2 2z\"><\/path><\/svg><ul><li class=\"gt-category-233\"><a href=\"https:\/\/events.spain.info\/en\/eventcat\/formacion-online\/?post_type=event\">Formaci\u00f3n online<\/a><\/li><li class=\"gt-category-232\"><a href=\"https:\/\/events.spain.info\/en\/eventcat\/seminarios\/?post_type=event\">Seminarios<\/a><\/li><\/ul><\/li><li class=\"gt-location\"><svg xmlns=\"http:\/\/www.w3.org\/2000\/svg\" viewBox=\"0 0 24 24\" fill=\"none\" stroke=\"currentColor\" stroke-width=\"2\" stroke-linecap=\"round\" stroke-linejoin=\"round\"><path d=\"M21 10c0 7-9 13-9 13s-9-6-9-13a9 9 0 0 1 18 0z\"><\/path><circle cx=\"12\" cy=\"10\" r=\"3\"><\/circle><\/svg><ul><li class=\"gt-category-224\"><a href=\"https:\/\/events.spain.info\/en\/location\/evento-virtual\/?post_type=event\">Evento virtual<\/a><\/li><\/ul><\/li><li class=\"gt-date\"><svg xmlns=\"http:\/\/www.w3.org\/2000\/svg\" viewBox=\"0 0 24 24\" fill=\"none\" stroke=\"currentColor\" stroke-width=\"2\" stroke-linecap=\"round\" stroke-linejoin=\"round\"><rect x=\"3\" y=\"4\" width=\"18\" height=\"18\" rx=\"2\" ry=\"2\"><\/rect><line x1=\"16\" y1=\"2\" x2=\"16\" y2=\"6\"><\/line><line x1=\"8\" y1=\"2\" x2=\"8\" y2=\"6\"><\/line><line x1=\"3\" y1=\"10\" x2=\"21\" y2=\"10\"><\/line><\/svg><span>November 21st 2023<\/span><\/li><\/ul><\/div><\/div><\/div><\/li><li data-lat=\"\" data-lng=\"\" data-icon=\"https:\/\/events.spain.info\/wp-content\/themes\/eventchamp\/include\/assets\/img\/map-marker.png\"><div class=\"gt-map-popup-wrapper\"><div class=\"gt-map-popup\" style=\"background-image:url(https:\/\/events.spain.info\/wp-content\/uploads\/2023\/10\/015-2023_home-convencion1-350x350.jpg);\"><a href=\"https:\/\/events.spain.info\/en\/event\/iii-convencion-turespana\/\"><\/a><div class=\"gt-inner\"><ul class=\"gt-top-links\"><li class=\"gt-status\"><div class=\"gt-event-status\">Expired<\/div><\/li><\/ul><div class=\"gt-title\">III Convenci\u00f3n Turespa\u00f1a<\/div><ul class=\"gt-bottom-links\"><li class=\"gt-category\"><svg xmlns=\"http:\/\/www.w3.org\/2000\/svg\" viewBox=\"0 0 24 24\" fill=\"none\" stroke=\"currentColor\" stroke-width=\"2\" stroke-linecap=\"round\" stroke-linejoin=\"round\"><path d=\"M22 19a2 2 0 0 1-2 2H4a2 2 0 0 1-2-2V5a2 2 0 0 1 2-2h5l2 3h9a2 2 0 0 1 2 2z\"><\/path><\/svg><ul><li class=\"gt-category-231\"><a href=\"https:\/\/events.spain.info\/en\/eventcat\/presentaciones\/?post_type=event\">Presentaciones<\/a><\/li><li class=\"gt-category-232\"><a href=\"https:\/\/events.spain.info\/en\/eventcat\/seminarios\/?post_type=event\">Seminarios<\/a><\/li><\/ul><\/li><li class=\"gt-location\"><svg xmlns=\"http:\/\/www.w3.org\/2000\/svg\" viewBox=\"0 0 24 24\" fill=\"none\" stroke=\"currentColor\" stroke-width=\"2\" stroke-linecap=\"round\" stroke-linejoin=\"round\"><path d=\"M21 10c0 7-9 13-9 13s-9-6-9-13a9 9 0 0 1 18 0z\"><\/path><circle cx=\"12\" cy=\"10\" r=\"3\"><\/circle><\/svg><ul><li class=\"gt-category-249\"><a href=\"https:\/\/events.spain.info\/en\/location\/donostia-san-sebastian\/?post_type=event\">Donostia\/San Sebasti\u00e1n<\/a><\/li><\/ul><\/li><li class=\"gt-date\"><svg xmlns=\"http:\/\/www.w3.org\/2000\/svg\" viewBox=\"0 0 24 24\" fill=\"none\" stroke=\"currentColor\" stroke-width=\"2\" stroke-linecap=\"round\" stroke-linejoin=\"round\"><rect x=\"3\" y=\"4\" width=\"18\" height=\"18\" rx=\"2\" ry=\"2\"><\/rect><line x1=\"16\" y1=\"2\" x2=\"16\" y2=\"6\"><\/line><line x1=\"8\" y1=\"2\" x2=\"8\" y2=\"6\"><\/line><line x1=\"3\" y1=\"10\" x2=\"21\" y2=\"10\"><\/line><\/svg><span>October 23rd 2023<\/span><\/li><\/ul><\/div><\/div><\/div><\/li><li data-lat=\"\" data-lng=\"\" data-icon=\"https:\/\/events.spain.info\/wp-content\/themes\/eventchamp\/include\/assets\/img\/map-marker.png\"><div class=\"gt-map-popup-wrapper\"><div class=\"gt-map-popup\" style=\"background-image:url(https:\/\/events.spain.info\/wp-content\/uploads\/2023\/07\/013-2023_Feria-virtual-esqui-350x350.jpg);\"><a href=\"https:\/\/events.spain.info\/en\/event\/feira-de-esqui-de-espanha\/\"><\/a><div class=\"gt-inner\"><ul class=\"gt-top-links\"><li class=\"gt-status\"><div class=\"gt-event-status\">Expired<\/div><\/li><\/ul><div class=\"gt-title\">Feira de esqui de Espanha<\/div><ul class=\"gt-bottom-links\"><li class=\"gt-category\"><svg xmlns=\"http:\/\/www.w3.org\/2000\/svg\" viewBox=\"0 0 24 24\" fill=\"none\" stroke=\"currentColor\" stroke-width=\"2\" stroke-linecap=\"round\" stroke-linejoin=\"round\"><path d=\"M22 19a2 2 0 0 1-2 2H4a2 2 0 0 1-2-2V5a2 2 0 0 1 2-2h5l2 3h9a2 2 0 0 1 2 2z\"><\/path><\/svg><ul><li class=\"gt-category-235\"><a href=\"https:\/\/events.spain.info\/en\/eventcat\/feria-virtual\/?post_type=event\">Feria Virtual<\/a><\/li><\/ul><\/li><li class=\"gt-location\"><svg xmlns=\"http:\/\/www.w3.org\/2000\/svg\" viewBox=\"0 0 24 24\" fill=\"none\" stroke=\"currentColor\" stroke-width=\"2\" stroke-linecap=\"round\" stroke-linejoin=\"round\"><path d=\"M21 10c0 7-9 13-9 13s-9-6-9-13a9 9 0 0 1 18 0z\"><\/path><circle cx=\"12\" cy=\"10\" r=\"3\"><\/circle><\/svg><ul><li class=\"gt-category-224\"><a href=\"https:\/\/events.spain.info\/en\/location\/evento-virtual\/?post_type=event\">Evento virtual<\/a><\/li><\/ul><\/li><li class=\"gt-date\"><svg xmlns=\"http:\/\/www.w3.org\/2000\/svg\" viewBox=\"0 0 24 24\" fill=\"none\" stroke=\"currentColor\" stroke-width=\"2\" stroke-linecap=\"round\" stroke-linejoin=\"round\"><rect x=\"3\" y=\"4\" width=\"18\" height=\"18\" rx=\"2\" ry=\"2\"><\/rect><line x1=\"16\" y1=\"2\" x2=\"16\" y2=\"6\"><\/line><line x1=\"8\" y1=\"2\" x2=\"8\" y2=\"6\"><\/line><line x1=\"3\" y1=\"10\" x2=\"21\" y2=\"10\"><\/line><\/svg><span>July 20th 2023<\/span><\/li><\/ul><\/div><\/div><\/div><\/li><li data-lat=\"\" data-lng=\"\" data-icon=\"https:\/\/events.spain.info\/wp-content\/themes\/eventchamp\/include\/assets\/img\/map-marker.png\"><div class=\"gt-map-popup-wrapper\"><div class=\"gt-map-popup\" style=\"background-image:url(https:\/\/events.spain.info\/wp-content\/uploads\/2023\/06\/012-2023_Famtrips-GreenSpain-350x350.jpg);\"><a href=\"https:\/\/events.spain.info\/en\/event\/live-famtrips-descubre-la-espana-verde\/\"><\/a><div class=\"gt-inner\"><ul class=\"gt-top-links\"><li class=\"gt-status\"><div class=\"gt-event-status\">Expired<\/div><\/li><\/ul><div class=\"gt-title\">Live Famtrips: Descubre la Espa\u00f1a verde<\/div><ul class=\"gt-bottom-links\"><li class=\"gt-category\"><svg xmlns=\"http:\/\/www.w3.org\/2000\/svg\" viewBox=\"0 0 24 24\" fill=\"none\" stroke=\"currentColor\" stroke-width=\"2\" stroke-linecap=\"round\" stroke-linejoin=\"round\"><path d=\"M22 19a2 2 0 0 1-2 2H4a2 2 0 0 1-2-2V5a2 2 0 0 1 2-2h5l2 3h9a2 2 0 0 1 2 2z\"><\/path><\/svg><ul><li class=\"gt-category-231\"><a href=\"https:\/\/events.spain.info\/en\/eventcat\/presentaciones\/?post_type=event\">Presentaciones<\/a><\/li><\/ul><\/li><li class=\"gt-location\"><svg xmlns=\"http:\/\/www.w3.org\/2000\/svg\" viewBox=\"0 0 24 24\" fill=\"none\" stroke=\"currentColor\" stroke-width=\"2\" stroke-linecap=\"round\" stroke-linejoin=\"round\"><path d=\"M21 10c0 7-9 13-9 13s-9-6-9-13a9 9 0 0 1 18 0z\"><\/path><circle cx=\"12\" cy=\"10\" r=\"3\"><\/circle><\/svg><ul><li class=\"gt-category-224\"><a href=\"https:\/\/events.spain.info\/en\/location\/evento-virtual\/?post_type=event\">Evento virtual<\/a><\/li><\/ul><\/li><li class=\"gt-date\"><svg xmlns=\"http:\/\/www.w3.org\/2000\/svg\" viewBox=\"0 0 24 24\" fill=\"none\" stroke=\"currentColor\" stroke-width=\"2\" stroke-linecap=\"round\" stroke-linejoin=\"round\"><rect x=\"3\" y=\"4\" width=\"18\" height=\"18\" rx=\"2\" ry=\"2\"><\/rect><line x1=\"16\" y1=\"2\" x2=\"16\" y2=\"6\"><\/line><line x1=\"8\" y1=\"2\" x2=\"8\" y2=\"6\"><\/line><line x1=\"3\" y1=\"10\" x2=\"21\" y2=\"10\"><\/line><\/svg><span>June 6th 2023<\/span><\/li><\/ul><\/div><\/div><\/div><\/li><li data-lat=\"\" data-lng=\"\" data-icon=\"https:\/\/events.spain.info\/wp-content\/themes\/eventchamp\/include\/assets\/img\/map-marker.png\"><div class=\"gt-map-popup-wrapper\"><div class=\"gt-map-popup\" style=\"background-image:url(https:\/\/events.spain.info\/wp-content\/uploads\/2023\/05\/011-2023-Informes-Tendencias-350x350.jpg);\"><a href=\"https:\/\/events.spain.info\/en\/event\/informes-de-tendencias-de-mercados-emisores\/\"><\/a><div class=\"gt-inner\"><ul class=\"gt-top-links\"><li class=\"gt-status\"><div class=\"gt-event-status\">Expired<\/div><\/li><\/ul><div class=\"gt-title\">Informes de Tendencias de Mercados Emisores<\/div><ul class=\"gt-bottom-links\"><li class=\"gt-category\"><svg xmlns=\"http:\/\/www.w3.org\/2000\/svg\" viewBox=\"0 0 24 24\" fill=\"none\" stroke=\"currentColor\" stroke-width=\"2\" stroke-linecap=\"round\" stroke-linejoin=\"round\"><path d=\"M22 19a2 2 0 0 1-2 2H4a2 2 0 0 1-2-2V5a2 2 0 0 1 2-2h5l2 3h9a2 2 0 0 1 2 2z\"><\/path><\/svg><ul><li class=\"gt-category-232\"><a href=\"https:\/\/events.spain.info\/en\/eventcat\/seminarios\/?post_type=event\">Seminarios<\/a><\/li><\/ul><\/li><li class=\"gt-location\"><svg xmlns=\"http:\/\/www.w3.org\/2000\/svg\" viewBox=\"0 0 24 24\" fill=\"none\" stroke=\"currentColor\" stroke-width=\"2\" stroke-linecap=\"round\" stroke-linejoin=\"round\"><path d=\"M21 10c0 7-9 13-9 13s-9-6-9-13a9 9 0 0 1 18 0z\"><\/path><circle cx=\"12\" cy=\"10\" r=\"3\"><\/circle><\/svg><ul><li class=\"gt-category-224\"><a href=\"https:\/\/events.spain.info\/en\/location\/evento-virtual\/?post_type=event\">Evento virtual<\/a><\/li><\/ul><\/li><li class=\"gt-date\"><svg xmlns=\"http:\/\/www.w3.org\/2000\/svg\" viewBox=\"0 0 24 24\" fill=\"none\" stroke=\"currentColor\" stroke-width=\"2\" stroke-linecap=\"round\" stroke-linejoin=\"round\"><rect x=\"3\" y=\"4\" width=\"18\" height=\"18\" rx=\"2\" ry=\"2\"><\/rect><line x1=\"16\" y1=\"2\" x2=\"16\" y2=\"6\"><\/line><line x1=\"8\" y1=\"2\" x2=\"8\" y2=\"6\"><\/line><line x1=\"3\" y1=\"10\" x2=\"21\" y2=\"10\"><\/line><\/svg><span>May 10th 2023<\/span><\/li><\/ul><\/div><\/div><\/div><\/li><li data-lat=\"\" data-lng=\"\" data-icon=\"https:\/\/events.spain.info\/wp-content\/themes\/eventchamp\/include\/assets\/img\/map-marker.png\"><div class=\"gt-map-popup-wrapper\"><div class=\"gt-map-popup\" style=\"background-image:url(https:\/\/events.spain.info\/wp-content\/uploads\/2023\/04\/009-2023-webinarMICE-Singapur-350x350.jpg);\"><a href=\"https:\/\/events.spain.info\/en\/event\/spain-go-mice\/\"><\/a><div class=\"gt-inner\"><ul class=\"gt-top-links\"><li class=\"gt-status\"><div class=\"gt-event-status\">Expired<\/div><\/li><\/ul><div class=\"gt-title\">Spain: GO MICE<\/div><ul class=\"gt-bottom-links\"><li class=\"gt-category\"><svg xmlns=\"http:\/\/www.w3.org\/2000\/svg\" viewBox=\"0 0 24 24\" fill=\"none\" stroke=\"currentColor\" stroke-width=\"2\" stroke-linecap=\"round\" stroke-linejoin=\"round\"><path d=\"M22 19a2 2 0 0 1-2 2H4a2 2 0 0 1-2-2V5a2 2 0 0 1 2-2h5l2 3h9a2 2 0 0 1 2 2z\"><\/path><\/svg><ul><li class=\"gt-category-231\"><a href=\"https:\/\/events.spain.info\/en\/eventcat\/presentaciones\/?post_type=event\">Presentaciones<\/a><\/li><\/ul><\/li><li class=\"gt-location\"><svg xmlns=\"http:\/\/www.w3.org\/2000\/svg\" viewBox=\"0 0 24 24\" fill=\"none\" stroke=\"currentColor\" stroke-width=\"2\" stroke-linecap=\"round\" stroke-linejoin=\"round\"><path d=\"M21 10c0 7-9 13-9 13s-9-6-9-13a9 9 0 0 1 18 0z\"><\/path><circle cx=\"12\" cy=\"10\" r=\"3\"><\/circle><\/svg><ul><li class=\"gt-category-224\"><a href=\"https:\/\/events.spain.info\/en\/location\/evento-virtual\/?post_type=event\">Evento virtual<\/a><\/li><\/ul><\/li><li class=\"gt-date\"><svg xmlns=\"http:\/\/www.w3.org\/2000\/svg\" viewBox=\"0 0 24 24\" fill=\"none\" stroke=\"currentColor\" stroke-width=\"2\" stroke-linecap=\"round\" stroke-linejoin=\"round\"><rect x=\"3\" y=\"4\" width=\"18\" height=\"18\" rx=\"2\" ry=\"2\"><\/rect><line x1=\"16\" y1=\"2\" x2=\"16\" y2=\"6\"><\/line><line x1=\"8\" y1=\"2\" x2=\"8\" y2=\"6\"><\/line><line x1=\"3\" y1=\"10\" x2=\"21\" y2=\"10\"><\/line><\/svg><span>April 18th 2023<\/span><\/li><\/ul><\/div><\/div><\/div><\/li><li data-lat=\"\" data-lng=\"\" data-icon=\"https:\/\/events.spain.info\/wp-content\/themes\/eventchamp\/include\/assets\/img\/map-marker.png\"><div class=\"gt-map-popup-wrapper\"><div class=\"gt-map-popup\" style=\"background-image:url(https:\/\/events.spain.info\/wp-content\/uploads\/2023\/03\/010-2023_sesion-info-pure-spain-350x350.jpg);\"><a href=\"https:\/\/events.spain.info\/en\/event\/sesion-informativa-pure-spain\/\"><\/a><div class=\"gt-inner\"><ul class=\"gt-top-links\"><li class=\"gt-status\"><div class=\"gt-event-status\">Expired<\/div><\/li><\/ul><div class=\"gt-title\">Sesi\u00f3n informativa Pure Spain<\/div><ul class=\"gt-bottom-links\"><li class=\"gt-category\"><svg xmlns=\"http:\/\/www.w3.org\/2000\/svg\" viewBox=\"0 0 24 24\" fill=\"none\" stroke=\"currentColor\" stroke-width=\"2\" stroke-linecap=\"round\" stroke-linejoin=\"round\"><path d=\"M22 19a2 2 0 0 1-2 2H4a2 2 0 0 1-2-2V5a2 2 0 0 1 2-2h5l2 3h9a2 2 0 0 1 2 2z\"><\/path><\/svg><ul><li class=\"gt-category-231\"><a href=\"https:\/\/events.spain.info\/en\/eventcat\/presentaciones\/?post_type=event\">Presentaciones<\/a><\/li><\/ul><\/li><li class=\"gt-location\"><svg xmlns=\"http:\/\/www.w3.org\/2000\/svg\" viewBox=\"0 0 24 24\" fill=\"none\" stroke=\"currentColor\" stroke-width=\"2\" stroke-linecap=\"round\" stroke-linejoin=\"round\"><path d=\"M21 10c0 7-9 13-9 13s-9-6-9-13a9 9 0 0 1 18 0z\"><\/path><circle cx=\"12\" cy=\"10\" r=\"3\"><\/circle><\/svg><ul><li class=\"gt-category-224\"><a href=\"https:\/\/events.spain.info\/en\/location\/evento-virtual\/?post_type=event\">Evento virtual<\/a><\/li><\/ul><\/li><li class=\"gt-date\"><svg xmlns=\"http:\/\/www.w3.org\/2000\/svg\" viewBox=\"0 0 24 24\" fill=\"none\" stroke=\"currentColor\" stroke-width=\"2\" stroke-linecap=\"round\" stroke-linejoin=\"round\"><rect x=\"3\" y=\"4\" width=\"18\" height=\"18\" rx=\"2\" ry=\"2\"><\/rect><line x1=\"16\" y1=\"2\" x2=\"16\" y2=\"6\"><\/line><line x1=\"8\" y1=\"2\" x2=\"8\" y2=\"6\"><\/line><line x1=\"3\" y1=\"10\" x2=\"21\" y2=\"10\"><\/line><\/svg><span>March 31st 2023<\/span><\/li><\/ul><\/div><\/div><\/div><\/li><li data-lat=\"\" data-lng=\"\" data-icon=\"https:\/\/events.spain.info\/wp-content\/themes\/eventchamp\/include\/assets\/img\/map-marker.png\"><div class=\"gt-map-popup-wrapper\"><div class=\"gt-map-popup\" style=\"background-image:url(https:\/\/events.spain.info\/wp-content\/uploads\/2023\/03\/008-2023-herramientaICCA-1-copia-350x350.jpg);\"><a href=\"https:\/\/events.spain.info\/en\/event\/navega-por-icca-herramientas-de-marketing-y-conocimiento-para-las-oets\/\"><\/a><div class=\"gt-inner\"><ul class=\"gt-top-links\"><li class=\"gt-status\"><div class=\"gt-event-status\">Expired<\/div><\/li><\/ul><div class=\"gt-title\">Navega por ICCA: herramientas de marketing y conocimiento para las oets<\/div><ul class=\"gt-bottom-links\"><li class=\"gt-category\"><svg xmlns=\"http:\/\/www.w3.org\/2000\/svg\" viewBox=\"0 0 24 24\" fill=\"none\" stroke=\"currentColor\" stroke-width=\"2\" stroke-linecap=\"round\" stroke-linejoin=\"round\"><path d=\"M22 19a2 2 0 0 1-2 2H4a2 2 0 0 1-2-2V5a2 2 0 0 1 2-2h5l2 3h9a2 2 0 0 1 2 2z\"><\/path><\/svg><ul><li class=\"gt-category-233\"><a href=\"https:\/\/events.spain.info\/en\/eventcat\/formacion-online\/?post_type=event\">Formaci\u00f3n online<\/a><\/li><\/ul><\/li><li class=\"gt-location\"><svg xmlns=\"http:\/\/www.w3.org\/2000\/svg\" viewBox=\"0 0 24 24\" fill=\"none\" stroke=\"currentColor\" stroke-width=\"2\" stroke-linecap=\"round\" stroke-linejoin=\"round\"><path d=\"M21 10c0 7-9 13-9 13s-9-6-9-13a9 9 0 0 1 18 0z\"><\/path><circle cx=\"12\" cy=\"10\" r=\"3\"><\/circle><\/svg><ul><li class=\"gt-category-224\"><a href=\"https:\/\/events.spain.info\/en\/location\/evento-virtual\/?post_type=event\">Evento virtual<\/a><\/li><\/ul><\/li><li class=\"gt-date\"><svg xmlns=\"http:\/\/www.w3.org\/2000\/svg\" viewBox=\"0 0 24 24\" fill=\"none\" stroke=\"currentColor\" stroke-width=\"2\" stroke-linecap=\"round\" stroke-linejoin=\"round\"><rect x=\"3\" y=\"4\" width=\"18\" height=\"18\" rx=\"2\" ry=\"2\"><\/rect><line x1=\"16\" y1=\"2\" x2=\"16\" y2=\"6\"><\/line><line x1=\"8\" y1=\"2\" x2=\"8\" y2=\"6\"><\/line><line x1=\"3\" y1=\"10\" x2=\"21\" y2=\"10\"><\/line><\/svg><span>September 26th 2023<\/span><\/li><\/ul><\/div><\/div><\/div><\/li><li data-lat=\"40.467896\" data-lng=\"-3.617333\" data-icon=\"https:\/\/events.spain.info\/wp-content\/themes\/eventchamp\/include\/assets\/img\/map-marker.png\"><div class=\"gt-map-popup-wrapper\"><div class=\"gt-map-popup\" style=\"background-image:url(https:\/\/events.spain.info\/wp-content\/uploads\/2023\/03\/007-2023_ii-jornadas-conectividad1-350x350.png);\"><a href=\"https:\/\/events.spain.info\/en\/event\/ii-jornadas-de-conectividad-para-destinos-turisticos\/\"><\/a><div class=\"gt-inner\"><ul class=\"gt-top-links\"><li class=\"gt-status\"><div class=\"gt-event-status\">Expired<\/div><\/li><\/ul><div class=\"gt-title\">II Jornada de conectividad para destinos tur\u00edsticos<\/div><ul class=\"gt-bottom-links\"><li class=\"gt-category\"><svg xmlns=\"http:\/\/www.w3.org\/2000\/svg\" viewBox=\"0 0 24 24\" fill=\"none\" stroke=\"currentColor\" stroke-width=\"2\" stroke-linecap=\"round\" stroke-linejoin=\"round\"><path d=\"M22 19a2 2 0 0 1-2 2H4a2 2 0 0 1-2-2V5a2 2 0 0 1 2-2h5l2 3h9a2 2 0 0 1 2 2z\"><\/path><\/svg><ul><li class=\"gt-category-231\"><a href=\"https:\/\/events.spain.info\/en\/eventcat\/presentaciones\/?post_type=event\">Presentaciones<\/a><\/li><li class=\"gt-category-232\"><a href=\"https:\/\/events.spain.info\/en\/eventcat\/seminarios\/?post_type=event\">Seminarios<\/a><\/li><\/ul><\/li><li class=\"gt-location\"><svg xmlns=\"http:\/\/www.w3.org\/2000\/svg\" viewBox=\"0 0 24 24\" fill=\"none\" stroke=\"currentColor\" stroke-width=\"2\" stroke-linecap=\"round\" stroke-linejoin=\"round\"><path d=\"M21 10c0 7-9 13-9 13s-9-6-9-13a9 9 0 0 1 18 0z\"><\/path><circle cx=\"12\" cy=\"10\" r=\"3\"><\/circle><\/svg><ul><li class=\"gt-category-245\"><a href=\"https:\/\/events.spain.info\/en\/location\/sevilla-espana\/?post_type=event\">Sevilla<\/a><\/li><\/ul><\/li><li class=\"gt-date\"><svg xmlns=\"http:\/\/www.w3.org\/2000\/svg\" viewBox=\"0 0 24 24\" fill=\"none\" stroke=\"currentColor\" stroke-width=\"2\" stroke-linecap=\"round\" stroke-linejoin=\"round\"><rect x=\"3\" y=\"4\" width=\"18\" height=\"18\" rx=\"2\" ry=\"2\"><\/rect><line x1=\"16\" y1=\"2\" x2=\"16\" y2=\"6\"><\/line><line x1=\"8\" y1=\"2\" x2=\"8\" y2=\"6\"><\/line><line x1=\"3\" y1=\"10\" x2=\"21\" y2=\"10\"><\/line><\/svg><span>March 29th 2023<\/span><\/li><\/ul><\/div><\/div><\/div><\/li><li data-lat=\"\" data-lng=\"\" data-icon=\"https:\/\/events.spain.info\/wp-content\/themes\/eventchamp\/include\/assets\/img\/map-marker.png\"><div class=\"gt-map-popup-wrapper\"><div class=\"gt-map-popup\" style=\"background-image:url(https:\/\/events.spain.info\/wp-content\/uploads\/2023\/03\/rura_espanola_bombay-350x350.jpg);\"><a href=\"https:\/\/events.spain.info\/en\/event\/ruta-de-la-lengua-espanola\/\"><\/a><div class=\"gt-inner\"><ul class=\"gt-top-links\"><li class=\"gt-status\"><div class=\"gt-event-status\">Expired<\/div><\/li><\/ul><div class=\"gt-title\">Ruta de la lengua espa\u00f1ola. Viaja a los lugares donde se origin\u00f3 el espa\u00f1ol<\/div><ul class=\"gt-bottom-links\"><li class=\"gt-category\"><svg xmlns=\"http:\/\/www.w3.org\/2000\/svg\" viewBox=\"0 0 24 24\" fill=\"none\" stroke=\"currentColor\" stroke-width=\"2\" stroke-linecap=\"round\" stroke-linejoin=\"round\"><path d=\"M22 19a2 2 0 0 1-2 2H4a2 2 0 0 1-2-2V5a2 2 0 0 1 2-2h5l2 3h9a2 2 0 0 1 2 2z\"><\/path><\/svg><ul><li class=\"gt-category-231\"><a href=\"https:\/\/events.spain.info\/en\/eventcat\/presentaciones\/?post_type=event\">Presentaciones<\/a><\/li><\/ul><\/li><li class=\"gt-location\"><svg xmlns=\"http:\/\/www.w3.org\/2000\/svg\" viewBox=\"0 0 24 24\" fill=\"none\" stroke=\"currentColor\" stroke-width=\"2\" stroke-linecap=\"round\" stroke-linejoin=\"round\"><path d=\"M21 10c0 7-9 13-9 13s-9-6-9-13a9 9 0 0 1 18 0z\"><\/path><circle cx=\"12\" cy=\"10\" r=\"3\"><\/circle><\/svg><ul><li class=\"gt-category-224\"><a href=\"https:\/\/events.spain.info\/en\/location\/evento-virtual\/?post_type=event\">Evento virtual<\/a><\/li><\/ul><\/li><li class=\"gt-date\"><svg xmlns=\"http:\/\/www.w3.org\/2000\/svg\" viewBox=\"0 0 24 24\" fill=\"none\" stroke=\"currentColor\" stroke-width=\"2\" stroke-linecap=\"round\" stroke-linejoin=\"round\"><rect x=\"3\" y=\"4\" width=\"18\" height=\"18\" rx=\"2\" ry=\"2\"><\/rect><line x1=\"16\" y1=\"2\" x2=\"16\" y2=\"6\"><\/line><line x1=\"8\" y1=\"2\" x2=\"8\" y2=\"6\"><\/line><line x1=\"3\" y1=\"10\" x2=\"21\" y2=\"10\"><\/line><\/svg><span>March 28th 2023<\/span><\/li><\/ul><\/div><\/div><\/div><\/li><li data-lat=\"\" data-lng=\"\" data-icon=\"https:\/\/events.spain.info\/wp-content\/themes\/eventchamp\/include\/assets\/img\/map-marker.png\"><div class=\"gt-map-popup-wrapper\"><div class=\"gt-map-popup\" style=\"background-image:url(https:\/\/events.spain.info\/wp-content\/uploads\/2023\/02\/005-2023_ITB-Spain-Country-Briefing-1-350x350.png);\"><a href=\"https:\/\/events.spain.info\/en\/event\/itb-spain-country-briefing-2023\/\"><\/a><div class=\"gt-inner\"><ul class=\"gt-top-links\"><li class=\"gt-status\"><div class=\"gt-event-status\">Expired<\/div><\/li><\/ul><div class=\"gt-title\">ITB Spain Country Briefing 2023<\/div><ul class=\"gt-bottom-links\"><li class=\"gt-category\"><svg xmlns=\"http:\/\/www.w3.org\/2000\/svg\" viewBox=\"0 0 24 24\" fill=\"none\" stroke=\"currentColor\" stroke-width=\"2\" stroke-linecap=\"round\" stroke-linejoin=\"round\"><path d=\"M22 19a2 2 0 0 1-2 2H4a2 2 0 0 1-2-2V5a2 2 0 0 1 2-2h5l2 3h9a2 2 0 0 1 2 2z\"><\/path><\/svg><ul><li class=\"gt-category-231\"><a href=\"https:\/\/events.spain.info\/en\/eventcat\/presentaciones\/?post_type=event\">Presentaciones<\/a><\/li><\/ul><\/li><li class=\"gt-location\"><svg xmlns=\"http:\/\/www.w3.org\/2000\/svg\" viewBox=\"0 0 24 24\" fill=\"none\" stroke=\"currentColor\" stroke-width=\"2\" stroke-linecap=\"round\" stroke-linejoin=\"round\"><path d=\"M21 10c0 7-9 13-9 13s-9-6-9-13a9 9 0 0 1 18 0z\"><\/path><circle cx=\"12\" cy=\"10\" r=\"3\"><\/circle><\/svg><ul><li class=\"gt-category-224\"><a href=\"https:\/\/events.spain.info\/en\/location\/evento-virtual\/?post_type=event\">Evento virtual<\/a><\/li><\/ul><\/li><li class=\"gt-date\"><svg xmlns=\"http:\/\/www.w3.org\/2000\/svg\" viewBox=\"0 0 24 24\" fill=\"none\" stroke=\"currentColor\" stroke-width=\"2\" stroke-linecap=\"round\" stroke-linejoin=\"round\"><rect x=\"3\" y=\"4\" width=\"18\" height=\"18\" rx=\"2\" ry=\"2\"><\/rect><line x1=\"16\" y1=\"2\" x2=\"16\" y2=\"6\"><\/line><line x1=\"8\" y1=\"2\" x2=\"8\" y2=\"6\"><\/line><line x1=\"3\" y1=\"10\" x2=\"21\" y2=\"10\"><\/line><\/svg><span>February 22nd 2023<\/span><\/li><\/ul><\/div><\/div><\/div><\/li><li data-lat=\"40.467896\" data-lng=\"-3.617333\" data-icon=\"https:\/\/events.spain.info\/wp-content\/themes\/eventchamp\/include\/assets\/img\/map-marker.png\"><div class=\"gt-map-popup-wrapper\"><div class=\"gt-map-popup\" style=\"background-image:url(https:\/\/events.spain.info\/wp-content\/uploads\/2023\/02\/004-2022_reuniones-fitur2023-1-350x350.jpg);\"><a href=\"https:\/\/events.spain.info\/en\/event\/reuniones-con-las-consejerias-de-turismo-en-el-exterior-en-fitur-2023\/\"><\/a><div class=\"gt-inner\"><ul class=\"gt-top-links\"><li class=\"gt-status\"><div class=\"gt-event-status\">Expired<\/div><\/li><\/ul><div class=\"gt-title\">Reuniones con las Consejer\u00edas de Turismo en el Exterior en FITUR 2023<\/div><ul class=\"gt-bottom-links\"><li class=\"gt-category\"><svg xmlns=\"http:\/\/www.w3.org\/2000\/svg\" viewBox=\"0 0 24 24\" fill=\"none\" stroke=\"currentColor\" stroke-width=\"2\" stroke-linecap=\"round\" stroke-linejoin=\"round\"><path d=\"M22 19a2 2 0 0 1-2 2H4a2 2 0 0 1-2-2V5a2 2 0 0 1 2-2h5l2 3h9a2 2 0 0 1 2 2z\"><\/path><\/svg><ul><li class=\"gt-category-234\"><a href=\"https:\/\/events.spain.info\/en\/eventcat\/workshops-reuniones-b2b\/?post_type=event\">Workshops\/Reuniones B2B<\/a><\/li><\/ul><\/li><li class=\"gt-location\"><svg xmlns=\"http:\/\/www.w3.org\/2000\/svg\" viewBox=\"0 0 24 24\" fill=\"none\" stroke=\"currentColor\" stroke-width=\"2\" stroke-linecap=\"round\" stroke-linejoin=\"round\"><path d=\"M21 10c0 7-9 13-9 13s-9-6-9-13a9 9 0 0 1 18 0z\"><\/path><circle cx=\"12\" cy=\"10\" r=\"3\"><\/circle><\/svg><ul><li class=\"gt-category-137\"><a href=\"https:\/\/events.spain.info\/en\/location\/madrid\/?post_type=event\">Madrid<\/a><\/li><\/ul><\/li><li class=\"gt-date\"><svg xmlns=\"http:\/\/www.w3.org\/2000\/svg\" viewBox=\"0 0 24 24\" fill=\"none\" stroke=\"currentColor\" stroke-width=\"2\" stroke-linecap=\"round\" stroke-linejoin=\"round\"><rect x=\"3\" y=\"4\" width=\"18\" height=\"18\" rx=\"2\" ry=\"2\"><\/rect><line x1=\"16\" y1=\"2\" x2=\"16\" y2=\"6\"><\/line><line x1=\"8\" y1=\"2\" x2=\"8\" y2=\"6\"><\/line><line x1=\"3\" y1=\"10\" x2=\"21\" y2=\"10\"><\/line><\/svg><span>January 18th 2023<\/span><\/li><\/ul><\/div><\/div><\/div><\/li><li data-lat=\"40.46054\" data-lng=\"-3.69232\" data-icon=\"https:\/\/events.spain.info\/wp-content\/themes\/eventchamp\/include\/assets\/img\/map-marker.png\"><div class=\"gt-map-popup-wrapper\"><div class=\"gt-map-popup\" style=\"background-image:url(https:\/\/events.spain.info\/wp-content\/uploads\/2023\/02\/001-2022_formacion-mice-350x350.png);\"><a href=\"https:\/\/events.spain.info\/en\/event\/formacion-mice-para-oets\/\"><\/a><div class=\"gt-inner\"><ul class=\"gt-top-links\"><li class=\"gt-status\"><div class=\"gt-event-status\">Expired<\/div><\/li><\/ul><div class=\"gt-title\">Formaci\u00f3n MICE para OETs<\/div><ul class=\"gt-bottom-links\"><li class=\"gt-category\"><svg xmlns=\"http:\/\/www.w3.org\/2000\/svg\" viewBox=\"0 0 24 24\" fill=\"none\" stroke=\"currentColor\" stroke-width=\"2\" stroke-linecap=\"round\" stroke-linejoin=\"round\"><path d=\"M22 19a2 2 0 0 1-2 2H4a2 2 0 0 1-2-2V5a2 2 0 0 1 2-2h5l2 3h9a2 2 0 0 1 2 2z\"><\/path><\/svg><ul><li class=\"gt-category-233\"><a href=\"https:\/\/events.spain.info\/en\/eventcat\/formacion-online\/?post_type=event\">Formaci\u00f3n online<\/a><\/li><\/ul><\/li><li class=\"gt-location\"><svg xmlns=\"http:\/\/www.w3.org\/2000\/svg\" viewBox=\"0 0 24 24\" fill=\"none\" stroke=\"currentColor\" stroke-width=\"2\" stroke-linecap=\"round\" stroke-linejoin=\"round\"><path d=\"M21 10c0 7-9 13-9 13s-9-6-9-13a9 9 0 0 1 18 0z\"><\/path><circle cx=\"12\" cy=\"10\" r=\"3\"><\/circle><\/svg><ul><li class=\"gt-category-224\"><a href=\"https:\/\/events.spain.info\/en\/location\/evento-virtual\/?post_type=event\">Evento virtual<\/a><\/li><\/ul><\/li><li class=\"gt-date\"><svg xmlns=\"http:\/\/www.w3.org\/2000\/svg\" viewBox=\"0 0 24 24\" fill=\"none\" stroke=\"currentColor\" stroke-width=\"2\" stroke-linecap=\"round\" stroke-linejoin=\"round\"><rect x=\"3\" y=\"4\" width=\"18\" height=\"18\" rx=\"2\" ry=\"2\"><\/rect><line x1=\"16\" y1=\"2\" x2=\"16\" y2=\"6\"><\/line><line x1=\"8\" y1=\"2\" x2=\"8\" y2=\"6\"><\/line><line x1=\"3\" y1=\"10\" x2=\"21\" y2=\"10\"><\/line><\/svg><span>October 18th 2022<\/span><\/li><\/ul><\/div><\/div><\/div><\/li><li data-lat=\"\" data-lng=\"\" data-icon=\"https:\/\/events.spain.info\/wp-content\/themes\/eventchamp\/include\/assets\/img\/map-marker.png\"><div class=\"gt-map-popup-wrapper\"><div class=\"gt-map-popup\" style=\"background-image:url(https:\/\/events.spain.info\/wp-content\/uploads\/2022\/12\/inicio-350x350.jpg);\"><a href=\"https:\/\/events.spain.info\/en\/event\/camino-de-santiago\/\"><\/a><div class=\"gt-inner\"><ul class=\"gt-top-links\"><li class=\"gt-status\"><div class=\"gt-event-status\">Expired<\/div><\/li><\/ul><div class=\"gt-title\">Camino de Santiago. A virtual public presentation<\/div><ul class=\"gt-bottom-links\"><li class=\"gt-category\"><svg xmlns=\"http:\/\/www.w3.org\/2000\/svg\" viewBox=\"0 0 24 24\" fill=\"none\" stroke=\"currentColor\" stroke-width=\"2\" stroke-linecap=\"round\" stroke-linejoin=\"round\"><path d=\"M22 19a2 2 0 0 1-2 2H4a2 2 0 0 1-2-2V5a2 2 0 0 1 2-2h5l2 3h9a2 2 0 0 1 2 2z\"><\/path><\/svg><ul><li class=\"gt-category-231\"><a href=\"https:\/\/events.spain.info\/en\/eventcat\/presentaciones\/?post_type=event\">Presentaciones<\/a><\/li><\/ul><\/li><li class=\"gt-location\"><svg xmlns=\"http:\/\/www.w3.org\/2000\/svg\" viewBox=\"0 0 24 24\" fill=\"none\" stroke=\"currentColor\" stroke-width=\"2\" stroke-linecap=\"round\" stroke-linejoin=\"round\"><path d=\"M21 10c0 7-9 13-9 13s-9-6-9-13a9 9 0 0 1 18 0z\"><\/path><circle cx=\"12\" cy=\"10\" r=\"3\"><\/circle><\/svg><ul><li class=\"gt-category-224\"><a href=\"https:\/\/events.spain.info\/en\/location\/evento-virtual\/?post_type=event\">Evento virtual<\/a><\/li><\/ul><\/li><li class=\"gt-date\"><svg xmlns=\"http:\/\/www.w3.org\/2000\/svg\" viewBox=\"0 0 24 24\" fill=\"none\" stroke=\"currentColor\" stroke-width=\"2\" stroke-linecap=\"round\" stroke-linejoin=\"round\"><rect x=\"3\" y=\"4\" width=\"18\" height=\"18\" rx=\"2\" ry=\"2\"><\/rect><line x1=\"16\" y1=\"2\" x2=\"16\" y2=\"6\"><\/line><line x1=\"8\" y1=\"2\" x2=\"8\" y2=\"6\"><\/line><line x1=\"3\" y1=\"10\" x2=\"21\" y2=\"10\"><\/line><\/svg><span>December 14th 2022<\/span><\/li><\/ul><\/div><\/div><\/div><\/li><li data-lat=\"\" data-lng=\"\" data-icon=\"https:\/\/events.spain.info\/wp-content\/themes\/eventchamp\/include\/assets\/img\/map-marker.png\"><div class=\"gt-map-popup-wrapper\"><div class=\"gt-map-popup\" style=\"background-image:url(https:\/\/events.spain.info\/wp-content\/uploads\/2022\/12\/login-1-350x350.jpg);\"><a href=\"https:\/\/events.spain.info\/en\/event\/canary-islands-the-new-destination-for-remote-worker\/\"><\/a><div class=\"gt-inner\"><ul class=\"gt-top-links\"><li class=\"gt-status\"><div class=\"gt-event-status\">Expired<\/div><\/li><\/ul><div class=\"gt-title\">Canary Islands, the new destination for remote workers<\/div><ul class=\"gt-bottom-links\"><li class=\"gt-category\"><svg xmlns=\"http:\/\/www.w3.org\/2000\/svg\" viewBox=\"0 0 24 24\" fill=\"none\" stroke=\"currentColor\" stroke-width=\"2\" stroke-linecap=\"round\" stroke-linejoin=\"round\"><path d=\"M22 19a2 2 0 0 1-2 2H4a2 2 0 0 1-2-2V5a2 2 0 0 1 2-2h5l2 3h9a2 2 0 0 1 2 2z\"><\/path><\/svg><ul><li class=\"gt-category-231\"><a href=\"https:\/\/events.spain.info\/en\/eventcat\/presentaciones\/?post_type=event\">Presentaciones<\/a><\/li><\/ul><\/li><li class=\"gt-location\"><svg xmlns=\"http:\/\/www.w3.org\/2000\/svg\" viewBox=\"0 0 24 24\" fill=\"none\" stroke=\"currentColor\" stroke-width=\"2\" stroke-linecap=\"round\" stroke-linejoin=\"round\"><path d=\"M21 10c0 7-9 13-9 13s-9-6-9-13a9 9 0 0 1 18 0z\"><\/path><circle cx=\"12\" cy=\"10\" r=\"3\"><\/circle><\/svg><ul><li class=\"gt-category-224\"><a href=\"https:\/\/events.spain.info\/en\/location\/evento-virtual\/?post_type=event\">Evento virtual<\/a><\/li><\/ul><\/li><li class=\"gt-date\"><svg xmlns=\"http:\/\/www.w3.org\/2000\/svg\" viewBox=\"0 0 24 24\" fill=\"none\" stroke=\"currentColor\" stroke-width=\"2\" stroke-linecap=\"round\" stroke-linejoin=\"round\"><rect x=\"3\" y=\"4\" width=\"18\" height=\"18\" rx=\"2\" ry=\"2\"><\/rect><line x1=\"16\" y1=\"2\" x2=\"16\" y2=\"6\"><\/line><line x1=\"8\" y1=\"2\" x2=\"8\" y2=\"6\"><\/line><line x1=\"3\" y1=\"10\" x2=\"21\" y2=\"10\"><\/line><\/svg><span>December 13th 2022<\/span><\/li><\/ul><\/div><\/div><\/div><\/li><\/ul><\/div><\/div><\/div><\/div><\/div><div class=\"vc_row-full-width vc_clearfix\"><\/div><div class=\"vc_row wpb_row vc_row-fluid gt-background-position-initial gt-background-attachment-initial gt-overflow-hidden gt-text-default\"><div class=\"wpb_column vc_column_container vc_col-sm-12\"><div class=\"vc_column-inner\"><div class=\"wpb_wrapper\"><div class=\"vc_empty_space\"   style=\"height: 110px\"><span class=\"vc_empty_space_inner\"><\/span><\/div><div class=\"gt-heading gt-dark gt-size1 gt-align-center\"><div class=\"gt-title\">Explore <span>Categories<\/span><\/div><div class=\"gt-separate\"><div class=\"gt-icon\"><svg xmlns=\"http:\/\/www.w3.org\/2000\/svg\" viewBox=\"0 0 24 24\" fill=\"none\" stroke=\"currentColor\" stroke-width=\"2\" stroke-linecap=\"round\" stroke-linejoin=\"round\"><path d=\"M22 19a2 2 0 0 1-2 2H4a2 2 0 0 1-2-2V5a2 2 0 0 1 2-2h5l2 3h9a2 2 0 0 1 2 2z\"><\/path><\/svg><\/div><\/div><div class=\"gt-text\">Lorem ipsum dolor sit amet consectetur adipiscing elit sed do eiusmod tempor.<\/div><\/div><div class=\"vc_empty_space\"   style=\"height: 115px\"><span class=\"vc_empty_space_inner\"><\/span><\/div><\/div><\/div><\/div><div class=\"wpb_column vc_column_container vc_col-sm-12 vc_col-lg-4 vc_col-md-4 vc_col-xs-12\"><div class=\"vc_column-inner\"><div class=\"wpb_wrapper\"><div class=\"gt-banner-box\" style=\"background-image:url(https:\/\/events.spain.info\/wp-content\/uploads\/2018\/11\/event-20.jpg);\"><a href=\"https:\/\/demo.gloriathemes.com\/eventchamp\/demo\/search-results\/?category=69\" target=\"_parent\"><div class=\"gt-content\"><span class=\"primary\">Travel<\/span><span class=\"secondary\">Events<\/span><\/div><\/a><\/div><div class=\"vc_empty_space\"   style=\"height: 30px\"><span class=\"vc_empty_space_inner\"><\/span><\/div><\/div><\/div><\/div><div class=\"wpb_column vc_column_container vc_col-sm-12 vc_col-lg-4 vc_col-md-4 vc_col-xs-12\"><div class=\"vc_column-inner\"><div class=\"wpb_wrapper\"><div class=\"gt-banner-box\" style=\"background-image:url(https:\/\/events.spain.info\/wp-content\/uploads\/2018\/11\/event-4.jpg);\"><a href=\"https:\/\/demo.gloriathemes.com\/eventchamp\/demo\/search-results\/?category=68\" target=\"_parent\"><div class=\"gt-content\"><span class=\"primary\">Technology<\/span><span class=\"secondary\">Events<\/span><\/div><\/a><\/div><div class=\"vc_empty_space\"   style=\"height: 30px\"><span class=\"vc_empty_space_inner\"><\/span><\/div><\/div><\/div><\/div><div class=\"wpb_column vc_column_container vc_col-sm-12 vc_col-lg-4 vc_col-md-4 vc_col-xs-12\"><div class=\"vc_column-inner\"><div class=\"wpb_wrapper\"><div class=\"gt-banner-box\" style=\"background-image:url(https:\/\/events.spain.info\/wp-content\/uploads\/2018\/11\/event-14.jpg);\"><a href=\"https:\/\/demo.gloriathemes.com\/eventchamp\/demo\/search-results\/?category=67\" target=\"_parent\"><div class=\"gt-content\"><span class=\"primary\">Sports<\/span><span class=\"secondary\">Events<\/span><\/div><\/a><\/div><div class=\"vc_empty_space\"   style=\"height: 30px\"><span class=\"vc_empty_space_inner\"><\/span><\/div><\/div><\/div><\/div><div class=\"wpb_column vc_column_container vc_col-sm-12 vc_col-lg-4 vc_col-md-4 vc_col-xs-12\"><div class=\"vc_column-inner\"><div class=\"wpb_wrapper\"><div class=\"gt-banner-box\" style=\"background-image:url(https:\/\/events.spain.info\/wp-content\/uploads\/2018\/11\/wedding-5.jpg);\"><a href=\"https:\/\/demo.gloriathemes.com\/eventchamp\/demo\/search-results\/?category=59\" target=\"_parent\"><div class=\"gt-content\"><span class=\"primary\">Art<\/span><span class=\"secondary\">Events<\/span><\/div><\/a><\/div><div class=\"vc_empty_space\"   style=\"height: 30px\"><span class=\"vc_empty_space_inner\"><\/span><\/div><\/div><\/div><\/div><div class=\"wpb_column vc_column_container vc_col-sm-12 vc_col-lg-4 vc_col-md-4 vc_col-xs-12\"><div class=\"vc_column-inner\"><div class=\"wpb_wrapper\"><div class=\"gt-banner-box\" style=\"background-image:url();\"><a href=\"https:\/\/demo.gloriathemes.com\/eventchamp\/demo\/search-results\/?category=60\" target=\"_parent\"><div class=\"gt-content\"><span class=\"primary\">Business<\/span><span class=\"secondary\">Events<\/span><\/div><\/a><\/div><div class=\"vc_empty_space\"   style=\"height: 30px\"><span class=\"vc_empty_space_inner\"><\/span><\/div><\/div><\/div><\/div><div class=\"wpb_column vc_column_container vc_col-sm-12 vc_col-lg-4 vc_col-md-4 vc_col-xs-12\"><div class=\"vc_column-inner\"><div class=\"wpb_wrapper\"><div class=\"gt-banner-box\" style=\"background-image:url(https:\/\/events.spain.info\/wp-content\/uploads\/2018\/11\/event-3.jpg);\"><a href=\"https:\/\/demo.gloriathemes.com\/eventchamp\/demo\/search-results\/?category=63\" target=\"_parent\"><div class=\"gt-content\"><span class=\"primary\">Education<\/span><span class=\"secondary\">Events<\/span><\/div><\/a><\/div><div class=\"vc_empty_space\"   style=\"height: 30px\"><span class=\"vc_empty_space_inner\"><\/span><\/div><\/div><\/div><\/div><div class=\"wpb_column vc_column_container vc_col-sm-12\"><div class=\"vc_column-inner\"><div class=\"wpb_wrapper\"><div class=\"vc_empty_space\"   style=\"height: 90px\"><span class=\"vc_empty_space_inner\"><\/span><\/div><\/div><\/div><\/div><\/div><div data-vc-full-width=\"true\" data-vc-full-width-init=\"false\" data-vc-stretch-content=\"true\" class=\"vc_row wpb_row vc_row-fluid vc_custom_1543414822796 vc_row-has-fill vc_column-gap-30 gt-background-position-initial gt-background-attachment-initial gt-overflow-hidden gt-text-default\"><div class=\"wpb_column vc_column_container vc_col-sm-12\"><div class=\"vc_column-inner\"><div class=\"wpb_wrapper\"><div class=\"vc_empty_space\"   style=\"height: 55px\"><span class=\"vc_empty_space_inner\"><\/span><\/div><div class=\"gt-heading gt-dark gt-size1 gt-align-center\"><div class=\"gt-title\">Upcoming <span>Events<\/span><\/div><div class=\"gt-separate\"><div class=\"gt-icon\"><svg xmlns=\"http:\/\/www.w3.org\/2000\/svg\" viewBox=\"0 0 24 24\" fill=\"none\" stroke=\"currentColor\" stroke-width=\"2\" stroke-linecap=\"round\" stroke-linejoin=\"round\"><rect x=\"3\" y=\"4\" width=\"18\" height=\"18\" rx=\"2\" ry=\"2\"><\/rect><line x1=\"16\" y1=\"2\" x2=\"16\" y2=\"6\"><\/line><line x1=\"8\" y1=\"2\" x2=\"8\" y2=\"6\"><\/line><line x1=\"3\" y1=\"10\" x2=\"21\" y2=\"10\"><\/line><\/svg><\/div><\/div><div class=\"gt-text\">Lorem ipsum dolor sit amet consectetur adipiscing elit sed do eiusmod tempor.<\/div><\/div><div class=\"vc_empty_space\"   style=\"height: 115px\"><span class=\"vc_empty_space_inner\"><\/span><\/div><div class=\"gt-events-carousel\"><div class=\"swiper-container gt-swiper-slider\" data-gt-item=\"5\" data-gt-item-space=\"30\" data-gt-loop=\"true\" data-gt-speed=\"1500\" data-gt-direction=\"horizontal\" data-gt-effect=\"slide\" data-gt-centered-slides=\"false\" data-gt-free-mode=\"false\"><div class=\"swiper-wrapper\"><div class=\"swiper-slide\"><div class=\"gt-event-style-4\" data-event-id=\"4062\"><div class=\"gt-image\"><a href=\"https:\/\/events.spain.info\/en\/event\/presentaciones-de-mercado-marruecos\/\"><img loading=\"lazy\" decoding=\"async\" width=\"952\" height=\"579\" src=\"https:\/\/events.spain.info\/wp-content\/uploads\/2026\/01\/Presentaciones-mercado-Marruecos_1920x1168-952x579.jpg\" class=\"attachment-eventchamp-event-list size-eventchamp-event-list wp-post-image\" alt=\"\" srcset=\"https:\/\/events.spain.info\/wp-content\/uploads\/2026\/01\/Presentaciones-mercado-Marruecos_1920x1168-952x579.jpg 952w, https:\/\/events.spain.info\/wp-content\/uploads\/2026\/01\/Presentaciones-mercado-Marruecos_1920x1168-300x183.jpg 300w, https:\/\/events.spain.info\/wp-content\/uploads\/2026\/01\/Presentaciones-mercado-Marruecos_1920x1168-1024x623.jpg 1024w, https:\/\/events.spain.info\/wp-content\/uploads\/2026\/01\/Presentaciones-mercado-Marruecos_1920x1168-768x467.jpg 768w, https:\/\/events.spain.info\/wp-content\/uploads\/2026\/01\/Presentaciones-mercado-Marruecos_1920x1168-1536x934.jpg 1536w, https:\/\/events.spain.info\/wp-content\/uploads\/2026\/01\/Presentaciones-mercado-Marruecos_1920x1168-18x12.jpg 18w, https:\/\/events.spain.info\/wp-content\/uploads\/2026\/01\/Presentaciones-mercado-Marruecos_1920x1168-130x80.jpg 130w, https:\/\/events.spain.info\/wp-content\/uploads\/2026\/01\/Presentaciones-mercado-Marruecos_1920x1168.jpg 1920w\" sizes=\"auto, (max-width: 952px) 100vw, 952px\" \/><\/a><\/div><div class=\"gt-content\"><div class=\"gt-title\"><a href=\"https:\/\/events.spain.info\/en\/event\/presentaciones-de-mercado-marruecos\/\">Presentaciones de mercado: Marruecos<\/a><\/div><div class=\"gt-details\"><div class=\"gt-category\"><ul><li class=\"gt-category-231\"><a href=\"https:\/\/events.spain.info\/en\/eventcat\/presentaciones\/?post_type=event\">Presentaciones<\/a><\/li><\/ul><\/div><div class=\"gt-date gt-start-date\"><svg xmlns=\"http:\/\/www.w3.org\/2000\/svg\" viewBox=\"0 0 24 24\" fill=\"none\" stroke=\"currentColor\" stroke-width=\"2\" stroke-linecap=\"round\" stroke-linejoin=\"round\"><rect x=\"3\" y=\"4\" width=\"18\" height=\"18\" rx=\"2\" ry=\"2\"><\/rect><line x1=\"16\" y1=\"2\" x2=\"16\" y2=\"6\"><\/line><line x1=\"8\" y1=\"2\" x2=\"8\" y2=\"6\"><\/line><line x1=\"3\" y1=\"10\" x2=\"21\" y2=\"10\"><\/line><\/svg><span>May 6th 2026<\/span><\/div><\/div><div class=\"gt-text\">Presentaci\u00f3n virtual sobre el mercado de Marruecos a los destinos espa\u00f1oles y empresas interesadas, por parte de la OET de Par\u00eds.<\/div><div class=\"gt-details\"><div class=\"gt-status\"><svg fill=\"currentColor\" version=\"1.1\" xmlns=\"http:\/\/www.w3.org\/2000\/svg\" xmlns:xlink=\"http:\/\/www.w3.org\/1999\/xlink\" x=\"0px\" y=\"0px\" viewBox=\"0 0 512 512\" xml:space=\"preserve\"> <g transform=\"translate(1 1)\"> <g> <g> <path d=\"M447,468.333h-42.667v-82.325c0-35.684-17.822-68.993-47.505-88.755l-63.366-42.249l63.377-42.241 c0.658-0.44,1.294-0.906,1.941-1.359c0.359-0.25,0.72-0.498,1.075-0.753c0.564-0.406,1.122-0.818,1.677-1.234 c0.723-0.54,1.436-1.09,2.143-1.646c0.287-0.227,0.58-0.448,0.864-0.678c25.025-20.114,39.794-50.621,39.794-83.1V41.667H447 c11.782,0,21.333-9.551,21.333-21.333C468.333,8.551,458.782-1,447-1h-64H127H63C51.218-1,41.667,8.551,41.667,20.333 c0,11.782,9.551,21.333,21.333,21.333h42.667v82.325c0,32.472,14.762,62.973,39.785,83.093c0.278,0.225,0.564,0.441,0.845,0.663 c0.724,0.57,1.455,1.134,2.196,1.687c0.532,0.398,1.066,0.793,1.606,1.181c0.431,0.309,0.868,0.61,1.304,0.913 c0.583,0.406,1.153,0.827,1.745,1.222l63.393,42.252l-63.38,42.258c-29.671,19.754-47.493,53.063-47.493,88.747v82.325H63 c-11.782,0-21.333,9.551-21.333,21.333S51.218,511,63,511h64h256h64c11.782,0,21.333-9.551,21.333-21.333 S458.782,468.333,447,468.333z M338.079,173.622c-0.06,0.049-0.12,0.097-0.18,0.146c-0.56,0.456-1.135,0.895-1.712,1.331 c-0.423,0.318-0.848,0.633-1.28,0.942c-0.081,0.058-0.164,0.115-0.246,0.173c-0.488,0.345-0.98,0.686-1.479,1.018L255,229.36 l-78.171-52.12c-0.457-0.304-0.906-0.617-1.354-0.932c-0.143-0.101-0.287-0.2-0.429-0.301c-0.41-0.294-0.815-0.593-1.217-0.896 c-0.588-0.445-1.173-0.892-1.744-1.356c-0.07-0.056-0.138-0.113-0.207-0.17c-1.513-1.241-2.966-2.547-4.352-3.918h174.948 C341.074,171.051,339.608,172.37,338.079,173.622z M361.667,41.667v82.325c0,1.006-0.031,2.009-0.078,3.008H148.412 c-0.047-0.999-0.078-2.002-0.078-3.008V41.667H361.667z M148.333,468.333v-82.325c0-21.416,10.689-41.392,28.484-53.24 l62.684-41.794c3.887,4.114,9.382,6.692,15.499,6.692c6.118,0,11.612-2.578,15.499-6.692l62.672,41.786 c17.807,11.855,28.496,31.832,28.496,53.248v82.325H148.333z\"\/> <path d=\"M255,383c11.797,0,21.333-9.536,21.333-21.333v-21.333c0-11.797-9.536-21.333-21.333-21.333 c-11.797,0-21.333,9.536-21.333,21.333v21.333C233.667,373.464,243.203,383,255,383z\"\/> <path d=\"M255.213,404.333H255c-11.797,0-21.227,9.536-21.227,21.333S243.437,447,255.213,447 c11.776,0,21.333-9.536,21.333-21.333S266.989,404.333,255.213,404.333z\"\/> <\/g> <\/g> <\/g> <g> <\/g> <g> <\/g> <g> <\/g> <g> <\/g> <g> <\/g> <g> <\/g> <g> <\/g> <g> <\/g> <g> <\/g> <g> <\/g> <g> <\/g> <g> <\/g> <g> <\/g> <g> <\/g> <g> <\/g> <\/svg><div class=\"gt-event-status\">Upcoming<\/div><\/div><div class=\"gt-location\"><svg xmlns=\"http:\/\/www.w3.org\/2000\/svg\" viewBox=\"0 0 24 24\" fill=\"none\" stroke=\"currentColor\" stroke-width=\"2\" stroke-linecap=\"round\" stroke-linejoin=\"round\"><path d=\"M21 10c0 7-9 13-9 13s-9-6-9-13a9 9 0 0 1 18 0z\"><\/path><circle cx=\"12\" cy=\"10\" r=\"3\"><\/circle><\/svg><ul><li class=\"gt-category-224\"><a href=\"https:\/\/events.spain.info\/en\/location\/evento-virtual\/?post_type=event\">Evento virtual<\/a><\/li><\/ul><\/div><\/div><\/div><\/div><\/div><\/div><div class=\"gt-pagination\"><div class=\"gt-slider-prev\"><svg xmlns=\"http:\/\/www.w3.org\/2000\/svg\" viewBox=\"0 0 24 24\" fill=\"none\" stroke=\"currentColor\" stroke-width=\"2\" stroke-linecap=\"round\" stroke-linejoin=\"round\"><polyline points=\"15 18 9 12 15 6\"><\/polyline><\/svg><\/div><div><a href=\"https:\/\/events.spain.info\/en\/event\/\" class=\"gt-all-button\">All Events<\/a><\/div><div class=\"gt-slider-next\"><svg xmlns=\"http:\/\/www.w3.org\/2000\/svg\" viewBox=\"0 0 24 24\" fill=\"none\" stroke=\"currentColor\" stroke-width=\"2\" stroke-linecap=\"round\" stroke-linejoin=\"round\"><polyline points=\"9 18 15 12 9 6\"><\/polyline><\/svg><\/div><\/div><\/div><\/div><div class=\"vc_empty_space\"   style=\"height: 105px\"><span class=\"vc_empty_space_inner\"><\/span><\/div><\/div><\/div><\/div><\/div><div class=\"vc_row-full-width vc_clearfix\"><\/div><div class=\"vc_row wpb_row vc_row-fluid gt-background-position-initial gt-background-attachment-initial gt-overflow-hidden gt-text-default\"><div class=\"wpb_column vc_column_container vc_col-sm-12\"><div class=\"vc_column-inner\"><div class=\"wpb_wrapper\"><div class=\"vc_empty_space\"   style=\"height: 75px\"><span class=\"vc_empty_space_inner\"><\/span><\/div><div class=\"gt-heading gt-dark gt-size1 gt-align-center\"><div class=\"gt-title\">Explore <span>Venues<\/span><\/div><div class=\"gt-separate\"><div class=\"gt-icon\"><svg xmlns=\"http:\/\/www.w3.org\/2000\/svg\" viewBox=\"0 0 24 24\" fill=\"none\" stroke=\"currentColor\" stroke-width=\"2\" stroke-linecap=\"round\" stroke-linejoin=\"round\"><path d=\"M21 10c0 7-9 13-9 13s-9-6-9-13a9 9 0 0 1 18 0z\"><\/path><circle cx=\"12\" cy=\"10\" r=\"3\"><\/circle><\/svg><\/div><\/div><div class=\"gt-text\">Lorem ipsum dolor sit amet consectetur adipiscing elit sed do eiusmod tempor.<\/div><\/div><div class=\"vc_empty_space\"   style=\"height: 115px\"><span class=\"vc_empty_space_inner\"><\/span><\/div><div class=\"gt-venue-listing\"><div class=\"gt-columns gt-column-3 gt-column-space-30\"><div class=\"gt-col\"><div class=\"gt-inner\"><div class=\"gt-venue-style-3\"><div class=\"gt-image\"><a href=\"https:\/\/events.spain.info\/en\/venue\/bavarian-alps\/\"><img loading=\"lazy\" decoding=\"async\" width=\"869\" height=\"579\" src=\"https:\/\/events.spain.info\/wp-content\/uploads\/2018\/11\/event-20.jpg\" class=\"attachment-eventchamp-event-list size-eventchamp-event-list wp-post-image\" alt=\"\" srcset=\"https:\/\/events.spain.info\/wp-content\/uploads\/2018\/11\/event-20.jpg 2000w, https:\/\/events.spain.info\/wp-content\/uploads\/2018\/11\/event-20-600x400.jpg 600w\" sizes=\"auto, (max-width: 869px) 100vw, 869px\" \/><\/a><\/div><div class=\"gt-content\"><div class=\"gt-details\"><div class=\"gt-category\"><svg xmlns=\"http:\/\/www.w3.org\/2000\/svg\" width=\"18\" height=\"18\" viewBox=\"0 0 24 24\" fill=\"none\" stroke=\"currentColor\" stroke-width=\"2\" stroke-linecap=\"round\" stroke-linejoin=\"round\"><path d=\"M22 19a2 2 0 0 1-2 2H4a2 2 0 0 1-2-2V5a2 2 0 0 1 2-2h5l2 3h9a2 2 0 0 1 2 2z\"><\/path><\/svg><ul><li><a href=\"https:\/\/events.spain.info\/en\/venuecat\/nature\/?post_type=venue\">Nature<\/a><\/li><\/ul><\/div><\/div><div class=\"gt-title\"><a href=\"https:\/\/events.spain.info\/en\/venue\/bavarian-alps\/\">Bavarian Alps<\/a><\/div><div class=\"gt-excerpt\">Lorem ipsum dolor sit amet, voluptua iracundia an pri, his utinam principes dignissim ad. Ne nec dolore oblique nusquam, cu luptatum volutpat delicatissimi has.<\/div><\/div><\/div><\/div><\/div><div class=\"gt-col\"><div class=\"gt-inner\"><div class=\"gt-venue-style-3\"><div class=\"gt-image\"><a href=\"https:\/\/events.spain.info\/en\/venue\/megeve\/\"><img loading=\"lazy\" decoding=\"async\" width=\"952\" height=\"579\" src=\"https:\/\/events.spain.info\/wp-content\/uploads\/2018\/11\/event-18-952x579.jpg\" class=\"attachment-eventchamp-event-list size-eventchamp-event-list wp-post-image\" alt=\"\" srcset=\"https:\/\/events.spain.info\/wp-content\/uploads\/2018\/11\/event-18-952x579.jpg 952w, https:\/\/events.spain.info\/wp-content\/uploads\/2018\/11\/event-18-130x80.jpg 130w\" sizes=\"auto, (max-width: 952px) 100vw, 952px\" \/><\/a><\/div><div class=\"gt-content\"><div class=\"gt-details\"><div class=\"gt-category\"><svg xmlns=\"http:\/\/www.w3.org\/2000\/svg\" width=\"18\" height=\"18\" viewBox=\"0 0 24 24\" fill=\"none\" stroke=\"currentColor\" stroke-width=\"2\" stroke-linecap=\"round\" stroke-linejoin=\"round\"><path d=\"M22 19a2 2 0 0 1-2 2H4a2 2 0 0 1-2-2V5a2 2 0 0 1 2-2h5l2 3h9a2 2 0 0 1 2 2z\"><\/path><\/svg><ul><li><a href=\"https:\/\/events.spain.info\/en\/venuecat\/cafe-restaurant\/?post_type=venue\">Cafe &amp; Restaurant<\/a><\/li><\/ul><\/div><\/div><div class=\"gt-title\"><a href=\"https:\/\/events.spain.info\/en\/venue\/megeve\/\">Megeve<\/a><\/div><div class=\"gt-excerpt\">Lorem ipsum dolor sit amet, voluptua iracundia an pri, his utinam principes dignissim ad. Ne nec dolore oblique nusquam, cu luptatum volutpat delicatissimi has.<\/div><\/div><\/div><\/div><\/div><div class=\"gt-col\"><div class=\"gt-inner\"><div class=\"gt-venue-style-3\"><div class=\"gt-image\"><a href=\"https:\/\/events.spain.info\/en\/venue\/griffith-park\/\"><img loading=\"lazy\" decoding=\"async\" width=\"952\" height=\"579\" src=\"https:\/\/events.spain.info\/wp-content\/uploads\/2018\/11\/event-17-952x579.jpg\" class=\"attachment-eventchamp-event-list size-eventchamp-event-list wp-post-image\" alt=\"\" srcset=\"https:\/\/events.spain.info\/wp-content\/uploads\/2018\/11\/event-17-952x579.jpg 952w, https:\/\/events.spain.info\/wp-content\/uploads\/2018\/11\/event-17-130x80.jpg 130w\" sizes=\"auto, (max-width: 952px) 100vw, 952px\" \/><\/a><\/div><div class=\"gt-content\"><div class=\"gt-details\"><div class=\"gt-category\"><svg xmlns=\"http:\/\/www.w3.org\/2000\/svg\" width=\"18\" height=\"18\" viewBox=\"0 0 24 24\" fill=\"none\" stroke=\"currentColor\" stroke-width=\"2\" stroke-linecap=\"round\" stroke-linejoin=\"round\"><path d=\"M22 19a2 2 0 0 1-2 2H4a2 2 0 0 1-2-2V5a2 2 0 0 1 2-2h5l2 3h9a2 2 0 0 1 2 2z\"><\/path><\/svg><ul><li><a href=\"https:\/\/events.spain.info\/en\/venuecat\/observatory\/?post_type=venue\">Observatory<\/a><\/li><\/ul><\/div><\/div><div class=\"gt-title\"><a href=\"https:\/\/events.spain.info\/en\/venue\/griffith-park\/\">Griffith Park<\/a><\/div><div class=\"gt-excerpt\">Lorem ipsum dolor sit amet, voluptua iracundia an pri, his utinam principes dignissim ad. Ne nec dolore oblique nusquam, cu luptatum volutpat delicatissimi has.<\/div><\/div><\/div><\/div><\/div><div class=\"gt-col\"><div class=\"gt-inner\"><div class=\"gt-venue-style-3\"><div class=\"gt-image\"><a href=\"https:\/\/events.spain.info\/en\/venue\/paris-entertainment-club\/\"><img loading=\"lazy\" decoding=\"async\" width=\"952\" height=\"579\" src=\"https:\/\/events.spain.info\/wp-content\/uploads\/2018\/11\/venue-11-952x579.jpg\" class=\"attachment-eventchamp-event-list size-eventchamp-event-list wp-post-image\" alt=\"\" srcset=\"https:\/\/events.spain.info\/wp-content\/uploads\/2018\/11\/venue-11-952x579.jpg 952w, https:\/\/events.spain.info\/wp-content\/uploads\/2018\/11\/venue-11-130x80.jpg 130w\" sizes=\"auto, (max-width: 952px) 100vw, 952px\" \/><\/a><\/div><div class=\"gt-content\"><div class=\"gt-details\"><div class=\"gt-category\"><svg xmlns=\"http:\/\/www.w3.org\/2000\/svg\" width=\"18\" height=\"18\" viewBox=\"0 0 24 24\" fill=\"none\" stroke=\"currentColor\" stroke-width=\"2\" stroke-linecap=\"round\" stroke-linejoin=\"round\"><path d=\"M22 19a2 2 0 0 1-2 2H4a2 2 0 0 1-2-2V5a2 2 0 0 1 2-2h5l2 3h9a2 2 0 0 1 2 2z\"><\/path><\/svg><ul><li><a href=\"https:\/\/events.spain.info\/en\/venuecat\/nightlife\/?post_type=venue\">Nightlife<\/a><\/li><\/ul><\/div><\/div><div class=\"gt-title\"><a href=\"https:\/\/events.spain.info\/en\/venue\/paris-entertainment-club\/\">Paris Entertainment Club<\/a><\/div><div class=\"gt-excerpt\">Lorem ipsum dolor sit amet, voluptua iracundia an pri, his utinam principes dignissim ad. Ne nec dolore oblique nusquam, cu luptatum volutpat delicatissimi has.<\/div><\/div><\/div><\/div><\/div><div class=\"gt-col\"><div class=\"gt-inner\"><div class=\"gt-venue-style-3\"><div class=\"gt-image\"><a href=\"https:\/\/events.spain.info\/en\/venue\/table-mountain\/\"><img loading=\"lazy\" decoding=\"async\" width=\"952\" height=\"579\" src=\"https:\/\/events.spain.info\/wp-content\/uploads\/2018\/11\/venue-10-952x579.jpg\" class=\"attachment-eventchamp-event-list size-eventchamp-event-list wp-post-image\" alt=\"\" srcset=\"https:\/\/events.spain.info\/wp-content\/uploads\/2018\/11\/venue-10-952x579.jpg 952w, https:\/\/events.spain.info\/wp-content\/uploads\/2018\/11\/venue-10-130x80.jpg 130w\" sizes=\"auto, (max-width: 952px) 100vw, 952px\" \/><\/a><\/div><div class=\"gt-content\"><div class=\"gt-details\"><div class=\"gt-category\"><svg xmlns=\"http:\/\/www.w3.org\/2000\/svg\" width=\"18\" height=\"18\" viewBox=\"0 0 24 24\" fill=\"none\" stroke=\"currentColor\" stroke-width=\"2\" stroke-linecap=\"round\" stroke-linejoin=\"round\"><path d=\"M22 19a2 2 0 0 1-2 2H4a2 2 0 0 1-2-2V5a2 2 0 0 1 2-2h5l2 3h9a2 2 0 0 1 2 2z\"><\/path><\/svg><ul><li><a href=\"https:\/\/events.spain.info\/en\/venuecat\/beach\/?post_type=venue\">Beach<\/a><\/li><\/ul><\/div><\/div><div class=\"gt-title\"><a href=\"https:\/\/events.spain.info\/en\/venue\/table-mountain\/\">Table Mountain<\/a><\/div><div class=\"gt-excerpt\">Lorem ipsum dolor sit amet, voluptua iracundia an pri, his utinam principes dignissim ad. Ne nec dolore oblique nusquam, cu luptatum volutpat delicatissimi has.<\/div><\/div><\/div><\/div><\/div><div class=\"gt-col\"><div class=\"gt-inner\"><div class=\"gt-venue-style-3\"><div class=\"gt-image\"><a href=\"https:\/\/events.spain.info\/en\/venue\/munich-stadium\/\"><img loading=\"lazy\" decoding=\"async\" width=\"952\" height=\"579\" src=\"https:\/\/events.spain.info\/wp-content\/uploads\/2018\/11\/venue-9-952x579.jpg\" class=\"attachment-eventchamp-event-list size-eventchamp-event-list wp-post-image\" alt=\"\" srcset=\"https:\/\/events.spain.info\/wp-content\/uploads\/2018\/11\/venue-9-952x579.jpg 952w, https:\/\/events.spain.info\/wp-content\/uploads\/2018\/11\/venue-9-130x80.jpg 130w\" sizes=\"auto, (max-width: 952px) 100vw, 952px\" \/><\/a><\/div><div class=\"gt-content\"><div class=\"gt-details\"><div class=\"gt-category\"><svg xmlns=\"http:\/\/www.w3.org\/2000\/svg\" width=\"18\" height=\"18\" viewBox=\"0 0 24 24\" fill=\"none\" stroke=\"currentColor\" stroke-width=\"2\" stroke-linecap=\"round\" stroke-linejoin=\"round\"><path d=\"M22 19a2 2 0 0 1-2 2H4a2 2 0 0 1-2-2V5a2 2 0 0 1 2-2h5l2 3h9a2 2 0 0 1 2 2z\"><\/path><\/svg><ul><li><a href=\"https:\/\/events.spain.info\/en\/venuecat\/stadium\/?post_type=venue\">Stadium<\/a><\/li><\/ul><\/div><\/div><div class=\"gt-title\"><a href=\"https:\/\/events.spain.info\/en\/venue\/munich-stadium\/\">Munich Stadium<\/a><\/div><div class=\"gt-excerpt\">Lorem ipsum dolor sit amet, voluptua iracundia an pri, his utinam principes dignissim ad. Ne nec dolore oblique nusquam, cu luptatum volutpat delicatissimi has.<\/div><\/div><\/div><\/div><\/div><\/div><\/div><div class=\"vc_empty_space\"   style=\"height: 120px\"><span class=\"vc_empty_space_inner\"><\/span><\/div><\/div><\/div><\/div><\/div><div data-vc-full-width=\"true\" data-vc-full-width-init=\"false\" class=\"vc_row wpb_row vc_row-fluid vc_custom_1560529561756 vc_row-has-fill gt-background-position-center-center gt-background-attachment-fixed gt-overflow-hidden gt-text-default\"><div class=\"wpb_column vc_column_container vc_col-sm-12\"><div class=\"vc_column-inner\"><div class=\"wpb_wrapper\"><div class=\"vc_empty_space\"   style=\"height: 75px\"><span class=\"vc_empty_space_inner\"><\/span><\/div><div class=\"gt-heading gt-white gt-size1 gt-align-center\"><div class=\"gt-title\">Newsletter<\/div><div class=\"gt-separate\"><div class=\"gt-icon\"><svg xmlns=\"http:\/\/www.w3.org\/2000\/svg\" viewBox=\"0 0 24 24\" fill=\"none\" stroke=\"currentColor\" stroke-width=\"2\" stroke-linecap=\"round\" stroke-linejoin=\"round\"><path d=\"M4 4h16c1.1 0 2 .9 2 2v12c0 1.1-.9 2-2 2H4c-1.1 0-2-.9-2-2V6c0-1.1.9-2 2-2z\"><\/path><polyline points=\"22,6 12,13 2,6\"><\/polyline><\/svg><\/div><\/div><div class=\"gt-text\">Join our e-newsletter list to follow closely all news.<\/div><\/div><div class=\"vc_empty_space\"   style=\"height: 110px\"><span class=\"vc_empty_space_inner\"><\/span><\/div><div class=\"vc_row wpb_row vc_inner vc_row-fluid\"><div class=\"wpb_column vc_column_container vc_col-sm-12 vc_col-lg-1 vc_col-md-1 vc_hidden-sm vc_hidden-xs\"><div class=\"vc_column-inner\"><div class=\"wpb_wrapper\"><\/div><\/div><\/div><div class=\"wpb_column vc_column_container vc_col-sm-12 vc_col-lg-10 vc_col-md-10 vc_col-xs-12\"><div class=\"vc_column-inner\"><div class=\"wpb_wrapper\"><div class=\"gt-mailchimp-newsletter gt-dark\">[mc4wp_form id=\"306\"]<\/div><\/div><\/div><\/div><div class=\"wpb_column vc_column_container vc_col-sm-12 vc_col-lg-1 vc_col-md-1 vc_hidden-sm vc_hidden-xs\"><div class=\"vc_column-inner\"><div class=\"wpb_wrapper\"><\/div><\/div><\/div><\/div><div class=\"vc_empty_space\"   style=\"height: 120px\"><span class=\"vc_empty_space_inner\"><\/span><\/div><\/div><\/div><\/div><\/div><div class=\"vc_row-full-width vc_clearfix\"><\/div><div class=\"vc_row wpb_row vc_row-fluid gt-background-position-initial gt-background-attachment-initial gt-overflow-hidden gt-text-default\"><div class=\"wpb_column vc_column_container vc_col-sm-12\"><div class=\"vc_column-inner\"><div class=\"wpb_wrapper\"><div class=\"vc_empty_space\"   style=\"height: 75px\"><span class=\"vc_empty_space_inner\"><\/span><\/div><div class=\"gt-heading gt-dark gt-size1 gt-align-center\"><div class=\"gt-title\">Popular <span>Speakers<\/span><\/div><div class=\"gt-separate\"><div class=\"gt-icon\"><svg xmlns=\"http:\/\/www.w3.org\/2000\/svg\" viewBox=\"0 0 24 24\" fill=\"none\" stroke=\"currentColor\" stroke-width=\"2\" stroke-linecap=\"round\" stroke-linejoin=\"round\"><path d=\"M17 21v-2a4 4 0 0 0-4-4H5a4 4 0 0 0-4 4v2\"><\/path><circle cx=\"9\" cy=\"7\" r=\"4\"><\/circle><path d=\"M23 21v-2a4 4 0 0 0-3-3.87\"><\/path><path d=\"M16 3.13a4 4 0 0 1 0 7.75\"><\/path><\/svg><\/div><\/div><div class=\"gt-text\">Lorem ipsum dolor sit amet consectetur adipiscing elit sed do eiusmod tempor.<\/div><\/div><div class=\"vc_empty_space\"   style=\"height: 115px\"><span class=\"vc_empty_space_inner\"><\/span><\/div><div class=\"gt-speakers-listing gt-style-1\"><div class=\"gt-columns gt-column-3 gt-column-space-30\"><div class=\"gt-col\"><div class=\"gt-inner\"><div class=\"gt-speaker gt-style-3\"><div class=\"gt-image\"><img loading=\"lazy\" decoding=\"async\" width=\"200\" height=\"200\" src=\"https:\/\/events.spain.info\/wp-content\/uploads\/2022\/12\/teresa-Broccoli.jpeg\" class=\"attachment-eventchamp-speaker size-eventchamp-speaker\" alt=\"\" srcset=\"https:\/\/events.spain.info\/wp-content\/uploads\/2022\/12\/teresa-Broccoli.jpeg 200w, https:\/\/events.spain.info\/wp-content\/uploads\/2022\/12\/teresa-Broccoli-150x150.jpeg 150w, https:\/\/events.spain.info\/wp-content\/uploads\/2022\/12\/teresa-Broccoli-12x12.jpeg 12w, https:\/\/events.spain.info\/wp-content\/uploads\/2022\/12\/teresa-Broccoli-85x85.jpeg 85w\" sizes=\"auto, (max-width: 200px) 100vw, 200px\" \/><\/div><div class=\"gt-content\"><a href=\"https:\/\/events.spain.info\/en\/speaker\/teresa-broccolipast-president-mpi\/\"><\/a><div class=\"gt-name\">Teresa Broccoli<\/div><div class=\"gt-profession\">Past President MPI<\/div><\/div><\/div><\/div><\/div><div class=\"gt-col\"><div class=\"gt-inner\"><div class=\"gt-speaker gt-style-3\"><div class=\"gt-image\"><img loading=\"lazy\" decoding=\"async\" width=\"360\" height=\"360\" src=\"https:\/\/events.spain.info\/wp-content\/uploads\/2018\/11\/portrait-3.jpg\" class=\"attachment-eventchamp-speaker size-eventchamp-speaker\" alt=\"\" 0=\"\" srcset=\"https:\/\/events.spain.info\/wp-content\/uploads\/2018\/11\/portrait-3.jpg 360w, https:\/\/events.spain.info\/wp-content\/uploads\/2018\/11\/portrait-3-300x300.jpg 300w, https:\/\/events.spain.info\/wp-content\/uploads\/2018\/11\/portrait-3-150x150.jpg 150w, https:\/\/events.spain.info\/wp-content\/uploads\/2018\/11\/portrait-3-12x12.jpg 12w, https:\/\/events.spain.info\/wp-content\/uploads\/2018\/11\/portrait-3-350x350.jpg 350w, https:\/\/events.spain.info\/wp-content\/uploads\/2018\/11\/portrait-3-85x85.jpg 85w\" sizes=\"auto, (max-width: 360px) 100vw, 360px\" \/><\/div><div class=\"gt-content\"><a href=\"https:\/\/events.spain.info\/en\/speaker\/roberto-alvarez\/\"><\/a><div class=\"gt-name\">Roberto \u00c1lvarez<\/div><div class=\"gt-profession\">Ceo &amp; Founder<\/div><div class=\"gt-company\">Logistics Inc.<\/div><div class=\"gt-text\">Lorem ipsum dolor sit amet, voluptua iracundia disputationi an pri, his utinam principes dignissim ad ne nec dolore oblique nusquam.<\/div><div class=\"gt-social-links\"><ul class=\"gt-social-links\"><li><a href=\"https:\/\/www.facebook.com\/gloriathemes\/\" target=\"_blank\"><i class=\"fab fa-facebook-f\"><\/i><\/a><\/li><li><a href=\"https:\/\/twitter.com\/GloriaThemes\" target=\"_blank\"><i class=\"fab fa-twitter\"><\/i><\/a><\/li><li><a href=\"https:\/\/www.instagram.com\/gloriathemes\/\" target=\"_blank\"><i class=\"fab fa-instagram\"><\/i><\/a><\/li><li><a href=\"https:\/\/www.youtube.com\/channel\/UCQ33nDAYSrv_IdPH71q33iQ\" target=\"_blank\"><i class=\"fab fa-youtube\"><\/i><\/a><\/li><li><a href=\"https:\/\/gloriathemes.com\/\" target=\"_blank\"><i class=\"fab fa-500px\"><\/i><\/a><\/li><\/ul><\/div><\/div><\/div><\/div><\/div><div class=\"gt-col\"><div class=\"gt-inner\"><div class=\"gt-speaker gt-style-3\"><div class=\"gt-image\"><img loading=\"lazy\" decoding=\"async\" width=\"360\" height=\"360\" src=\"https:\/\/events.spain.info\/wp-content\/uploads\/2018\/11\/portrait-2.jpg\" class=\"attachment-eventchamp-speaker size-eventchamp-speaker\" alt=\"\" 0=\"\" srcset=\"https:\/\/events.spain.info\/wp-content\/uploads\/2018\/11\/portrait-2.jpg 360w, https:\/\/events.spain.info\/wp-content\/uploads\/2018\/11\/portrait-2-300x300.jpg 300w, https:\/\/events.spain.info\/wp-content\/uploads\/2018\/11\/portrait-2-150x150.jpg 150w, https:\/\/events.spain.info\/wp-content\/uploads\/2018\/11\/portrait-2-12x12.jpg 12w, https:\/\/events.spain.info\/wp-content\/uploads\/2018\/11\/portrait-2-350x350.jpg 350w, https:\/\/events.spain.info\/wp-content\/uploads\/2018\/11\/portrait-2-85x85.jpg 85w\" sizes=\"auto, (max-width: 360px) 100vw, 360px\" \/><\/div><div class=\"gt-content\"><a href=\"https:\/\/events.spain.info\/en\/speaker\/martina-mendiola\/\"><\/a><div class=\"gt-name\">Martina Mendiola<\/div><div class=\"gt-profession\">Journalist<\/div><div class=\"gt-company\">Daily News Inc.<\/div><div class=\"gt-text\">Lorem ipsum dolor sit amet, voluptua iracundia disputationi an pri, his utinam principes dignissim ad ne nec dolore oblique nusquam.<\/div><div class=\"gt-social-links\"><ul class=\"gt-social-links\"><li><a href=\"https:\/\/www.facebook.com\/gloriathemes\/\" target=\"_blank\"><i class=\"fab fa-facebook-f\"><\/i><\/a><\/li><li><a href=\"https:\/\/twitter.com\/GloriaThemes\" target=\"_blank\"><i class=\"fab fa-twitter\"><\/i><\/a><\/li><li><a href=\"https:\/\/www.instagram.com\/gloriathemes\/\" target=\"_blank\"><i class=\"fab fa-instagram\"><\/i><\/a><\/li><li><a href=\"https:\/\/www.youtube.com\/channel\/UCQ33nDAYSrv_IdPH71q33iQ\" target=\"_blank\"><i class=\"fab fa-youtube\"><\/i><\/a><\/li><li><a href=\"https:\/\/gloriathemes.com\/\" target=\"_blank\"><i class=\"fab fa-500px\"><\/i><\/a><\/li><\/ul><\/div><\/div><\/div><\/div><\/div><div class=\"gt-col\"><div class=\"gt-inner\"><div class=\"gt-speaker gt-style-3\"><div class=\"gt-image\"><img loading=\"lazy\" decoding=\"async\" width=\"48\" height=\"64\" src=\"https:\/\/events.spain.info\/wp-includes\/images\/media\/default.svg\" class=\"attachment-eventchamp-speaker size-eventchamp-speaker\" alt=\"\" 0=\"\" \/><\/div><div class=\"gt-content\"><a href=\"https:\/\/events.spain.info\/en\/speaker\/ece-demir\/\"><\/a><div class=\"gt-name\">Ece Demir<\/div><div class=\"gt-profession\">Journalist<\/div><div class=\"gt-company\">Gloria Inc.<\/div><div class=\"gt-text\">Lorem ipsum dolor sit amet, voluptua iracundia disputationi an pri, his utinam principes dignissim ad ne nec dolore oblique nusquam.<\/div><div class=\"gt-social-links\"><ul class=\"gt-social-links\"><li><a href=\"https:\/\/www.facebook.com\/gloriathemes\/\" target=\"_blank\"><i class=\"fab fa-facebook-f\"><\/i><\/a><\/li><li><a href=\"https:\/\/twitter.com\/GloriaThemes\" target=\"_blank\"><i class=\"fab fa-twitter\"><\/i><\/a><\/li><li><a href=\"https:\/\/www.instagram.com\/gloriathemes\/\" target=\"_blank\"><i class=\"fab fa-instagram\"><\/i><\/a><\/li><li><a href=\"https:\/\/www.youtube.com\/channel\/UCQ33nDAYSrv_IdPH71q33iQ\" target=\"_blank\"><i class=\"fab fa-youtube\"><\/i><\/a><\/li><li><a href=\"https:\/\/gloriathemes.com\/\" target=\"_blank\"><i class=\"\"><\/i><\/a><\/li><\/ul><\/div><\/div><\/div><\/div><\/div><div class=\"gt-col\"><div class=\"gt-inner\"><div class=\"gt-speaker gt-style-3\"><div class=\"gt-image\"><img loading=\"lazy\" decoding=\"async\" width=\"48\" height=\"64\" src=\"https:\/\/events.spain.info\/wp-includes\/images\/media\/default.svg\" class=\"attachment-eventchamp-speaker size-eventchamp-speaker\" alt=\"\" 0=\"\" \/><\/div><div class=\"gt-content\"><a href=\"https:\/\/events.spain.info\/en\/speaker\/karen-a-harris\/\"><\/a><div class=\"gt-name\">Karen A. Harris<\/div><div class=\"gt-profession\">Model<\/div><div class=\"gt-company\">Gloria Inc.<\/div><div class=\"gt-text\">Lorem ipsum dolor sit amet, voluptua iracundia disputationi an pri, his utinam principes dignissim ad ne nec dolore oblique nusquam.<\/div><div class=\"gt-social-links\"><ul class=\"gt-social-links\"><li><a href=\"https:\/\/www.facebook.com\/gloriathemes\/\" target=\"_blank\"><i class=\"fab fa-facebook-f\"><\/i><\/a><\/li><li><a href=\"https:\/\/twitter.com\/GloriaThemes\" target=\"_blank\"><i class=\"fab fa-twitter\"><\/i><\/a><\/li><li><a href=\"https:\/\/www.instagram.com\/gloriathemes\/\" target=\"_blank\"><i class=\"fab fa-instagram\"><\/i><\/a><\/li><li><a href=\"https:\/\/www.youtube.com\/channel\/UCQ33nDAYSrv_IdPH71q33iQ\" target=\"_blank\"><i class=\"fab fa-youtube\"><\/i><\/a><\/li><li><a href=\"https:\/\/gloriathemes.com\/\" target=\"_blank\"><i class=\"\"><\/i><\/a><\/li><\/ul><\/div><\/div><\/div><\/div><\/div><div class=\"gt-col\"><div class=\"gt-inner\"><div class=\"gt-speaker gt-style-3\"><div class=\"gt-image\"><img loading=\"lazy\" decoding=\"async\" width=\"48\" height=\"64\" src=\"https:\/\/events.spain.info\/wp-includes\/images\/media\/default.svg\" class=\"attachment-eventchamp-speaker size-eventchamp-speaker\" alt=\"\" 0=\"\" \/><\/div><div class=\"gt-content\"><a href=\"https:\/\/events.spain.info\/en\/speaker\/lois-g-wynn\/\"><\/a><div class=\"gt-name\">Lois G. Wynn<\/div><div class=\"gt-profession\">Developer<\/div><div class=\"gt-company\">Gloria Inc.<\/div><div class=\"gt-text\">Lorem ipsum dolor sit amet, voluptua iracundia disputationi an pri, his utinam principes dignissim ad ne nec dolore oblique nusquam.<\/div><div class=\"gt-social-links\"><ul class=\"gt-social-links\"><li><a href=\"https:\/\/www.facebook.com\/gloriathemes\/\" target=\"_blank\"><i class=\"fab fa-facebook-f\"><\/i><\/a><\/li><li><a href=\"https:\/\/twitter.com\/GloriaThemes\" target=\"_blank\"><i class=\"fab fa-twitter\"><\/i><\/a><\/li><li><a href=\"https:\/\/www.instagram.com\/gloriathemes\/\" target=\"_blank\"><i class=\"fab fa-instagram\"><\/i><\/a><\/li><li><a href=\"https:\/\/www.youtube.com\/channel\/UCQ33nDAYSrv_IdPH71q33iQ\" target=\"_blank\"><i class=\"fab fa-youtube\"><\/i><\/a><\/li><li><a href=\"https:\/\/gloriathemes.com\/\" target=\"_blank\"><i class=\"\"><\/i><\/a><\/li><\/ul><\/div><\/div><\/div><\/div><\/div><\/div><\/div><div class=\"vc_empty_space\"   style=\"height: 120px\"><span class=\"vc_empty_space_inner\"><\/span><\/div><\/div><\/div><\/div><\/div><div data-vc-full-width=\"true\" data-vc-full-width-init=\"false\" class=\"vc_row wpb_row vc_row-fluid vc_custom_1543426844870 vc_row-has-fill gt-background-position-initial gt-background-attachment-initial gt-overflow-hidden gt-text-default\"><div class=\"wpb_column vc_column_container vc_col-sm-12\"><div class=\"vc_column-inner\"><div class=\"wpb_wrapper\"><div class=\"vc_empty_space\"   style=\"height: 75px\"><span class=\"vc_empty_space_inner\"><\/span><\/div><div class=\"gt-heading gt-dark gt-size1 gt-align-center\"><div class=\"gt-title\">Latest <span>Posts<\/span><\/div><div class=\"gt-separate\"><div class=\"gt-icon\"><svg xmlns=\"http:\/\/www.w3.org\/2000\/svg\" viewBox=\"0 0 24 24\" fill=\"none\" stroke=\"currentColor\" stroke-width=\"2\" stroke-linecap=\"round\" stroke-linejoin=\"round\"><rect x=\"3\" y=\"3\" width=\"7\" height=\"7\"><\/rect><rect x=\"14\" y=\"3\" width=\"7\" height=\"7\"><\/rect><rect x=\"14\" y=\"14\" width=\"7\" height=\"7\"><\/rect><rect x=\"3\" y=\"14\" width=\"7\" height=\"7\"><\/rect><\/svg><\/div><\/div><div class=\"gt-text\">Lorem ipsum dolor sit amet consectetur adipiscing elit sed do eiusmod tempor.<\/div><\/div><div class=\"vc_empty_space\"   style=\"height: 115px\"><span class=\"vc_empty_space_inner\"><\/span><\/div><div class=\"vc_empty_space\"   style=\"height: 120px\"><span class=\"vc_empty_space_inner\"><\/span><\/div><\/div><\/div><\/div><\/div><div class=\"vc_row-full-width vc_clearfix\"><\/div>\n","protected":false},"excerpt":{"rendered":"Lorem ipsum dolor sit amet, voluptua iracundia disputationi an pri, his utinam principes dignissim ad. Ne nec dolore oblique nusquam, cu luptatum volutpat delicatissimi has. Sed ad dicam platonem, mea eros illum elitr id, ei has similique constituto. Ea movet...","protected":false},"author":2,"featured_media":0,"parent":0,"menu_order":0,"comment_status":"closed","ping_status":"closed","template":"","meta":{"footnotes":""},"class_list":["post-3207","page","type-page","status-publish","hentry"],"jetpack_sharing_enabled":true,"_links":{"self":[{"href":"https:\/\/events.spain.info\/en\/wp-json\/wp\/v2\/pages\/3207","targetHints":{"allow":["GET"]}}],"collection":[{"href":"https:\/\/events.spain.info\/en\/wp-json\/wp\/v2\/pages"}],"about":[{"href":"https:\/\/events.spain.info\/en\/wp-json\/wp\/v2\/types\/page"}],"author":[{"embeddable":true,"href":"https:\/\/events.spain.info\/en\/wp-json\/wp\/v2\/users\/2"}],"replies":[{"embeddable":true,"href":"https:\/\/events.spain.info\/en\/wp-json\/wp\/v2\/comments?post=3207"}],"version-history":[{"count":0,"href":"https:\/\/events.spain.info\/en\/wp-json\/wp\/v2\/pages\/3207\/revisions"}],"wp:attachment":[{"href":"https:\/\/events.spain.info\/en\/wp-json\/wp\/v2\/media?parent=3207"}],"curies":[{"name":"wp","href":"https:\/\/api.w.org\/{rel}","templated":true}]}}